{"version":"1.0","provider_name":"Kapitalis","provider_url":"https:\/\/kapitalis.com\/tunisie","title":"Obama: \"Daech n'a rien \u00e0 voir avec l'islam\" - Kapitalis","type":"rich","width":600,"height":338,"html":"<blockquote class=\"wp-embedded-content\" data-secret=\"WOBlYLFJCV\"><a href=\"https:\/\/kapitalis.com\/tunisie\/2015\/12\/08\/obama-daech-na-rien-a-voir-avec-lislam\/\">Obama: \u00ab\u00a0Daech n&rsquo;a rien \u00e0 voir avec l&rsquo;islam\u00a0\u00bb<\/a><\/blockquote><iframe sandbox=\"allow-scripts\" security=\"restricted\" src=\"https:\/\/kapitalis.com\/tunisie\/2015\/12\/08\/obama-daech-na-rien-a-voir-avec-lislam\/embed\/#?secret=WOBlYLFJCV\" width=\"600\" height=\"338\" title=\"\u00ab\u00a0Obama: \u00ab\u00a0Daech n&rsquo;a rien \u00e0 voir avec l&rsquo;islam\u00a0\u00bb\u00a0\u00bb &#8212; Kapitalis\" data-secret=\"WOBlYLFJCV\" frameborder=\"0\" marginwidth=\"0\" marginheight=\"0\" scrolling=\"no\" class=\"wp-embedded-content\"><\/iframe><script type=\"text\/javascript\">\n\/* <![CDATA[ *\/\n\/*! This file is auto-generated *\/\n!function(d,l){\"use strict\";l.querySelector&&d.addEventListener&&\"undefined\"!=typeof URL&&(d.wp=d.wp||{},d.wp.receiveEmbedMessage||(d.wp.receiveEmbedMessage=function(e){var t=e.data;if((t||t.secret||t.message||t.value)&&!\/[^a-zA-Z0-9]\/.test(t.secret)){for(var s,r,n,a=l.querySelectorAll('iframe[data-secret=\"'+t.secret+'\"]'),o=l.querySelectorAll('blockquote[data-secret=\"'+t.secret+'\"]'),c=new RegExp(\"^https?:$\",\"i\"),i=0;i<o.length;i++)o[i].style.display=\"none\";for(i=0;i<a.length;i++)s=a[i],e.source===s.contentWindow&&(s.removeAttribute(\"style\"),\"height\"===t.message?(1e3<(r=parseInt(t.value,10))?r=1e3:~~r<200&&(r=200),s.height=r):\"link\"===t.message&&(r=new URL(s.getAttribute(\"src\")),n=new URL(t.value),c.test(n.protocol))&&n.host===r.host&&l.activeElement===s&&(d.top.location.href=t.value))}},d.addEventListener(\"message\",d.wp.receiveEmbedMessage,!1),l.addEventListener(\"DOMContentLoaded\",function(){for(var e,t,s=l.querySelectorAll(\"iframe.wp-embedded-content\"),r=0;r<s.length;r++)(t=(e=s[r]).getAttribute(\"data-secret\"))||(t=Math.random().toString(36).substring(2,12),e.src+=\"#?secret=\"+t,e.setAttribute(\"data-secret\",t)),e.contentWindow.postMessage({message:\"ready\",secret:t},\"*\")},!1)))}(window,document);\n\/\/# sourceURL=https:\/\/kapitalis.com\/tunisie\/wp-includes\/js\/wp-embed.min.js\n\/* ]]> *\/\n<\/script>\n","thumbnail_url":"https:\/\/kapitalis.com\/tunisie\/wp-content\/uploads\/2022\/05\/kapitalis-logo-fb.png","thumbnail_width":1200,"thumbnail_height":630,"description":"Le pr\u00e9sident am\u00e9ricain, Barack Obama, a affirm\u00e9 que l&rsquo;organisation de l&rsquo;Etat islamique (Daech) veut salir l&rsquo;image de l&rsquo;islam et qu&rsquo;elle ne repr\u00e9sente point cette religion. Dans un discours adress\u00e9 au peuple am\u00e9ricain, Obama a soulign\u00e9 que \u00ab\u00a0l&rsquo;Etat islamique ne parle pas au nom de l&rsquo;islam. Daech, ce sont des voyous et des tueurs\u00a0\u00bb. \u00ab\u00a0Nous ne..."}