{"version":"1.0","provider_name":"Kapitalis","provider_url":"https:\/\/kapitalis.com\/tunisie","title":"Pourquoi Ca\u00efd Essebsi a-t-il s\u00e9ch\u00e9 le congr\u00e8s du Machrou ? - Kapitalis","type":"rich","width":600,"height":338,"html":"<blockquote class=\"wp-embedded-content\" data-secret=\"Yb8q5VYs05\"><a href=\"https:\/\/kapitalis.com\/tunisie\/2016\/07\/24\/pourquoi-caid-essebsi-seche-le-congres-du-machrou\/\">Pourquoi Ca\u00efd Essebsi a-t-il s\u00e9ch\u00e9 le congr\u00e8s du Machrou ?<\/a><\/blockquote><iframe sandbox=\"allow-scripts\" security=\"restricted\" src=\"https:\/\/kapitalis.com\/tunisie\/2016\/07\/24\/pourquoi-caid-essebsi-seche-le-congres-du-machrou\/embed\/#?secret=Yb8q5VYs05\" width=\"600\" height=\"338\" title=\"\u00ab\u00a0Pourquoi Ca\u00efd Essebsi a-t-il s\u00e9ch\u00e9 le congr\u00e8s du Machrou ?\u00a0\u00bb &#8212; Kapitalis\" data-secret=\"Yb8q5VYs05\" frameborder=\"0\" marginwidth=\"0\" marginheight=\"0\" scrolling=\"no\" class=\"wp-embedded-content\"><\/iframe><script type=\"text\/javascript\">\n\/* <![CDATA[ *\/\n\/*! This file is auto-generated *\/\n!function(d,l){\"use strict\";l.querySelector&&d.addEventListener&&\"undefined\"!=typeof URL&&(d.wp=d.wp||{},d.wp.receiveEmbedMessage||(d.wp.receiveEmbedMessage=function(e){var t=e.data;if((t||t.secret||t.message||t.value)&&!\/[^a-zA-Z0-9]\/.test(t.secret)){for(var s,r,n,a=l.querySelectorAll('iframe[data-secret=\"'+t.secret+'\"]'),o=l.querySelectorAll('blockquote[data-secret=\"'+t.secret+'\"]'),c=new RegExp(\"^https?:$\",\"i\"),i=0;i<o.length;i++)o[i].style.display=\"none\";for(i=0;i<a.length;i++)s=a[i],e.source===s.contentWindow&&(s.removeAttribute(\"style\"),\"height\"===t.message?(1e3<(r=parseInt(t.value,10))?r=1e3:~~r<200&&(r=200),s.height=r):\"link\"===t.message&&(r=new URL(s.getAttribute(\"src\")),n=new URL(t.value),c.test(n.protocol))&&n.host===r.host&&l.activeElement===s&&(d.top.location.href=t.value))}},d.addEventListener(\"message\",d.wp.receiveEmbedMessage,!1),l.addEventListener(\"DOMContentLoaded\",function(){for(var e,t,s=l.querySelectorAll(\"iframe.wp-embedded-content\"),r=0;r<s.length;r++)(t=(e=s[r]).getAttribute(\"data-secret\"))||(t=Math.random().toString(36).substring(2,12),e.src+=\"#?secret=\"+t,e.setAttribute(\"data-secret\",t)),e.contentWindow.postMessage({message:\"ready\",secret:t},\"*\")},!1)))}(window,document);\n\/\/# sourceURL=https:\/\/kapitalis.com\/tunisie\/wp-includes\/js\/wp-embed.min.js\n\/* ]]> *\/\n<\/script>\n","description":"Mohsen Marzouk avait pourtant transmis une invitation officielle au pr\u00e9sident Ca\u00efd Essebsi.\u00a0 Trois raisons expliquent l\u2019absence de B\u00e9ji Ca\u00efd Essebsi \u00e0 l\u2019ouverture du congr\u00e8s constitutif du Machrou, hier soir, \u00e0 Tunis. Et elles ne l\u2019honorent pas\u2026 Par Imed Bahri","thumbnail_url":"http:\/\/kapitalis.com\/tunisie\/wp-content\/uploads\/2016\/04\/Beji-Caid-Essebsi-Mohsen-Marzouk.jpg"}