{"version":"1.0","provider_name":"Kapitalis","provider_url":"https:\/\/kapitalis.com\/tunisie","title":"La litt\u00e9rature autrement \u00e0 l\u2019Institut fran\u00e7ais de Tunisie - Kapitalis","type":"rich","width":600,"height":338,"html":"<blockquote class=\"wp-embedded-content\" data-secret=\"IAPPMUNRcC\"><a href=\"https:\/\/kapitalis.com\/tunisie\/2019\/04\/07\/la-litterature-autrement-a-linstitut-francais-de-tunisie\/\">La litt\u00e9rature autrement \u00e0 l\u2019Institut fran\u00e7ais de Tunisie<\/a><\/blockquote><iframe sandbox=\"allow-scripts\" security=\"restricted\" src=\"https:\/\/kapitalis.com\/tunisie\/2019\/04\/07\/la-litterature-autrement-a-linstitut-francais-de-tunisie\/embed\/#?secret=IAPPMUNRcC\" width=\"600\" height=\"338\" title=\"\u00ab\u00a0La litt\u00e9rature autrement \u00e0 l\u2019Institut fran\u00e7ais de Tunisie\u00a0\u00bb &#8212; Kapitalis\" data-secret=\"IAPPMUNRcC\" frameborder=\"0\" marginwidth=\"0\" marginheight=\"0\" scrolling=\"no\" class=\"wp-embedded-content\"><\/iframe><script type=\"text\/javascript\">\n\/* <![CDATA[ *\/\n\/*! This file is auto-generated *\/\n!function(d,l){\"use strict\";l.querySelector&&d.addEventListener&&\"undefined\"!=typeof URL&&(d.wp=d.wp||{},d.wp.receiveEmbedMessage||(d.wp.receiveEmbedMessage=function(e){var t=e.data;if((t||t.secret||t.message||t.value)&&!\/[^a-zA-Z0-9]\/.test(t.secret)){for(var s,r,n,a=l.querySelectorAll('iframe[data-secret=\"'+t.secret+'\"]'),o=l.querySelectorAll('blockquote[data-secret=\"'+t.secret+'\"]'),c=new RegExp(\"^https?:$\",\"i\"),i=0;i<o.length;i++)o[i].style.display=\"none\";for(i=0;i<a.length;i++)s=a[i],e.source===s.contentWindow&&(s.removeAttribute(\"style\"),\"height\"===t.message?(1e3<(r=parseInt(t.value,10))?r=1e3:~~r<200&&(r=200),s.height=r):\"link\"===t.message&&(r=new URL(s.getAttribute(\"src\")),n=new URL(t.value),c.test(n.protocol))&&n.host===r.host&&l.activeElement===s&&(d.top.location.href=t.value))}},d.addEventListener(\"message\",d.wp.receiveEmbedMessage,!1),l.addEventListener(\"DOMContentLoaded\",function(){for(var e,t,s=l.querySelectorAll(\"iframe.wp-embedded-content\"),r=0;r<s.length;r++)(t=(e=s[r]).getAttribute(\"data-secret\"))||(t=Math.random().toString(36).substring(2,12),e.src+=\"#?secret=\"+t,e.setAttribute(\"data-secret\",t)),e.contentWindow.postMessage({message:\"ready\",secret:t},\"*\")},!1)))}(window,document);\n\/\/# sourceURL=https:\/\/kapitalis.com\/tunisie\/wp-includes\/js\/wp-embed.min.js\n\/* ]]> *\/\n<\/script>\n","thumbnail_url":"https:\/\/kapitalis.com\/tunisie\/wp-content\/uploads\/2022\/05\/kapitalis-logo-fb.png","thumbnail_width":1200,"thumbnail_height":630,"description":"\u00c0 l\u2019occasion de l\u2019accueil des Etats g\u00e9n\u00e9raux du Livre francophone \u00e0 Tunis (initiative du Conseil permanent des \u00e9crivains), l\u2019Institut fran\u00e7ais de Tunisie (IFT) organise une rencontre sur la n\u00e9cessit\u00e9 de joindre la litt\u00e9rature aux arts vivants, suivie d\u2019un spectacle de lecture musicale, le vendredi 12 avril 2019."}