{"version":"1.0","provider_name":"Kapitalis","provider_url":"https:\/\/kapitalis.com\/tunisie","title":"Ka\u00efs Sa\u00efed ou l\u2019apparence d\u2019un chef d\u2019Etat - Kapitalis","type":"rich","width":600,"height":338,"html":"<blockquote class=\"wp-embedded-content\" data-secret=\"BsvkT3qQIw\"><a href=\"https:\/\/kapitalis.com\/tunisie\/2019\/11\/03\/kais-saied-ou-lapparence-dun-chef-detat\/\">Ka\u00efs Sa\u00efed ou l\u2019apparence d\u2019un chef d\u2019Etat<\/a><\/blockquote><iframe sandbox=\"allow-scripts\" security=\"restricted\" src=\"https:\/\/kapitalis.com\/tunisie\/2019\/11\/03\/kais-saied-ou-lapparence-dun-chef-detat\/embed\/#?secret=BsvkT3qQIw\" width=\"600\" height=\"338\" title=\"\u00ab\u00a0Ka\u00efs Sa\u00efed ou l\u2019apparence d\u2019un chef d\u2019Etat\u00a0\u00bb &#8212; Kapitalis\" data-secret=\"BsvkT3qQIw\" frameborder=\"0\" marginwidth=\"0\" marginheight=\"0\" scrolling=\"no\" class=\"wp-embedded-content\"><\/iframe><script type=\"text\/javascript\">\n\/* <![CDATA[ *\/\n\/*! This file is auto-generated *\/\n!function(d,l){\"use strict\";l.querySelector&&d.addEventListener&&\"undefined\"!=typeof URL&&(d.wp=d.wp||{},d.wp.receiveEmbedMessage||(d.wp.receiveEmbedMessage=function(e){var t=e.data;if((t||t.secret||t.message||t.value)&&!\/[^a-zA-Z0-9]\/.test(t.secret)){for(var s,r,n,a=l.querySelectorAll('iframe[data-secret=\"'+t.secret+'\"]'),o=l.querySelectorAll('blockquote[data-secret=\"'+t.secret+'\"]'),c=new RegExp(\"^https?:$\",\"i\"),i=0;i<o.length;i++)o[i].style.display=\"none\";for(i=0;i<a.length;i++)s=a[i],e.source===s.contentWindow&&(s.removeAttribute(\"style\"),\"height\"===t.message?(1e3<(r=parseInt(t.value,10))?r=1e3:~~r<200&&(r=200),s.height=r):\"link\"===t.message&&(r=new URL(s.getAttribute(\"src\")),n=new URL(t.value),c.test(n.protocol))&&n.host===r.host&&l.activeElement===s&&(d.top.location.href=t.value))}},d.addEventListener(\"message\",d.wp.receiveEmbedMessage,!1),l.addEventListener(\"DOMContentLoaded\",function(){for(var e,t,s=l.querySelectorAll(\"iframe.wp-embedded-content\"),r=0;r<s.length;r++)(t=(e=s[r]).getAttribute(\"data-secret\"))||(t=Math.random().toString(36).substring(2,12),e.src+=\"#?secret=\"+t,e.setAttribute(\"data-secret\",t)),e.contentWindow.postMessage({message:\"ready\",secret:t},\"*\")},!1)))}(window,document);\n\/\/# sourceURL=https:\/\/kapitalis.com\/tunisie\/wp-includes\/js\/wp-embed.min.js\n\/* ]]> *\/\n<\/script>\n","thumbnail_url":"https:\/\/kapitalis.com\/tunisie\/wp-content\/uploads\/2022\/05\/kapitalis-logo-fb.png","thumbnail_width":1200,"thumbnail_height":630,"description":"Comme pour les soldes d\u2019\u00e9t\u00e9, les Tunisiens se sont pay\u00e9s un pr\u00e9sident d\u2019occasion pour cinq ans avec la mention \u00abni repris, ni \u00e9chang\u00e9\u00bb. S\u2019il pr\u00e9sentera plus tard des vices cach\u00e9s, ils n\u2019ont qu\u2019\u00e0 s\u2019en prendre \u00e0 eux-m\u00eames. Seule consolation : selon la constitution, le pr\u00e9sident Sa\u00efed pr\u00e9side mais ne d\u00e9cide rien. Par Yassine Essid"}