{"version":"1.0","provider_name":"Kapitalis","provider_url":"https:\/\/kapitalis.com\/tunisie","title":"Covid-19 : Fera-t-on bombance pendant ramadan ? - Kapitalis","type":"rich","width":600,"height":338,"html":"<blockquote class=\"wp-embedded-content\" data-secret=\"lVFsb19CFL\"><a href=\"https:\/\/kapitalis.com\/tunisie\/2020\/04\/15\/covid-19-fera-t-on-bombance-pendant-ramadan\/\">Covid-19 : Fera-t-on bombance pendant ramadan ?<\/a><\/blockquote><iframe sandbox=\"allow-scripts\" security=\"restricted\" src=\"https:\/\/kapitalis.com\/tunisie\/2020\/04\/15\/covid-19-fera-t-on-bombance-pendant-ramadan\/embed\/#?secret=lVFsb19CFL\" width=\"600\" height=\"338\" title=\"\u00ab\u00a0Covid-19 : Fera-t-on bombance pendant ramadan ?\u00a0\u00bb &#8212; Kapitalis\" data-secret=\"lVFsb19CFL\" frameborder=\"0\" marginwidth=\"0\" marginheight=\"0\" scrolling=\"no\" class=\"wp-embedded-content\"><\/iframe><script type=\"text\/javascript\">\n\/* <![CDATA[ *\/\n\/*! This file is auto-generated *\/\n!function(d,l){\"use strict\";l.querySelector&&d.addEventListener&&\"undefined\"!=typeof URL&&(d.wp=d.wp||{},d.wp.receiveEmbedMessage||(d.wp.receiveEmbedMessage=function(e){var t=e.data;if((t||t.secret||t.message||t.value)&&!\/[^a-zA-Z0-9]\/.test(t.secret)){for(var s,r,n,a=l.querySelectorAll('iframe[data-secret=\"'+t.secret+'\"]'),o=l.querySelectorAll('blockquote[data-secret=\"'+t.secret+'\"]'),c=new RegExp(\"^https?:$\",\"i\"),i=0;i<o.length;i++)o[i].style.display=\"none\";for(i=0;i<a.length;i++)s=a[i],e.source===s.contentWindow&&(s.removeAttribute(\"style\"),\"height\"===t.message?(1e3<(r=parseInt(t.value,10))?r=1e3:~~r<200&&(r=200),s.height=r):\"link\"===t.message&&(r=new URL(s.getAttribute(\"src\")),n=new URL(t.value),c.test(n.protocol))&&n.host===r.host&&l.activeElement===s&&(d.top.location.href=t.value))}},d.addEventListener(\"message\",d.wp.receiveEmbedMessage,!1),l.addEventListener(\"DOMContentLoaded\",function(){for(var e,t,s=l.querySelectorAll(\"iframe.wp-embedded-content\"),r=0;r<s.length;r++)(t=(e=s[r]).getAttribute(\"data-secret\"))||(t=Math.random().toString(36).substring(2,12),e.src+=\"#?secret=\"+t,e.setAttribute(\"data-secret\",t)),e.contentWindow.postMessage({message:\"ready\",secret:t},\"*\")},!1)))}(window,document);\n\/\/# sourceURL=https:\/\/kapitalis.com\/tunisie\/wp-includes\/js\/wp-embed.min.js\n\/* ]]> *\/\n<\/script>\n","thumbnail_url":"https:\/\/kapitalis.com\/tunisie\/wp-content\/uploads\/2022\/05\/kapitalis-logo-fb.png","thumbnail_width":1200,"thumbnail_height":630,"description":"Covid-19 ou pas, il reste \u00e0 savoir si la pers\u00e9v\u00e9rance pr\u00e9visible de l\u2019Etat tunisien \u00e0 approvisionner le march\u00e9 cette ann\u00e9e, en pleine pand\u00e9mie pendant ramadan, rel\u00e8vera de l\u2019\u00e9conomie, de la finance, ou de la th\u00e9ologie. Religieux ou la\u00efcs, il y a longtemps que nous ne formons plus qu\u2019un pays de consommateurs frustr\u00e9s et \u00e9nerv\u00e9s&#8230; la..."}