{"version":"1.0","provider_name":"Kapitalis","provider_url":"https:\/\/kapitalis.com\/tunisie","title":"\"Harga\" rafle la mise \u00e0 l'Amag Ramadan Ceremony - Kapitalis","type":"rich","width":600,"height":338,"html":"<blockquote class=\"wp-embedded-content\" data-secret=\"stn8oJm3yy\"><a href=\"https:\/\/kapitalis.com\/tunisie\/2021\/05\/28\/harga-rafle-la-mise-a-lamag-ramadan-ceremony\/\">\u00ab\u00a0Harga\u00a0\u00bb rafle la mise \u00e0 l&rsquo;Amag Ramadan Ceremony<\/a><\/blockquote><iframe sandbox=\"allow-scripts\" security=\"restricted\" src=\"https:\/\/kapitalis.com\/tunisie\/2021\/05\/28\/harga-rafle-la-mise-a-lamag-ramadan-ceremony\/embed\/#?secret=stn8oJm3yy\" width=\"600\" height=\"338\" title=\"\u00ab\u00a0\u00ab\u00a0Harga\u00a0\u00bb rafle la mise \u00e0 l&rsquo;Amag Ramadan Ceremony\u00a0\u00bb &#8212; Kapitalis\" data-secret=\"stn8oJm3yy\" frameborder=\"0\" marginwidth=\"0\" marginheight=\"0\" scrolling=\"no\" class=\"wp-embedded-content\"><\/iframe><script type=\"text\/javascript\">\n\/* <![CDATA[ *\/\n\/*! This file is auto-generated *\/\n!function(d,l){\"use strict\";l.querySelector&&d.addEventListener&&\"undefined\"!=typeof URL&&(d.wp=d.wp||{},d.wp.receiveEmbedMessage||(d.wp.receiveEmbedMessage=function(e){var t=e.data;if((t||t.secret||t.message||t.value)&&!\/[^a-zA-Z0-9]\/.test(t.secret)){for(var s,r,n,a=l.querySelectorAll('iframe[data-secret=\"'+t.secret+'\"]'),o=l.querySelectorAll('blockquote[data-secret=\"'+t.secret+'\"]'),c=new RegExp(\"^https?:$\",\"i\"),i=0;i<o.length;i++)o[i].style.display=\"none\";for(i=0;i<a.length;i++)s=a[i],e.source===s.contentWindow&&(s.removeAttribute(\"style\"),\"height\"===t.message?(1e3<(r=parseInt(t.value,10))?r=1e3:~~r<200&&(r=200),s.height=r):\"link\"===t.message&&(r=new URL(s.getAttribute(\"src\")),n=new URL(t.value),c.test(n.protocol))&&n.host===r.host&&l.activeElement===s&&(d.top.location.href=t.value))}},d.addEventListener(\"message\",d.wp.receiveEmbedMessage,!1),l.addEventListener(\"DOMContentLoaded\",function(){for(var e,t,s=l.querySelectorAll(\"iframe.wp-embedded-content\"),r=0;r<s.length;r++)(t=(e=s[r]).getAttribute(\"data-secret\"))||(t=Math.random().toString(36).substring(2,12),e.src+=\"#?secret=\"+t,e.setAttribute(\"data-secret\",t)),e.contentWindow.postMessage({message:\"ready\",secret:t},\"*\")},!1)))}(window,document);\n\/\/# sourceURL=https:\/\/kapitalis.com\/tunisie\/wp-includes\/js\/wp-embed.min.js\n\/* ]]> *\/\n<\/script>\n","thumbnail_url":"https:\/\/kapitalis.com\/tunisie\/wp-content\/uploads\/2022\/05\/kapitalis-logo-fb.png","thumbnail_width":1200,"thumbnail_height":630,"description":"C\u2019est en pr\u00e9sence d\u2019artistes, r\u00e9alisateurs, techniciens, acteurs et producteurs des s\u00e9ries et des feuilletons que le rideau s\u2019est lev\u00e9 sur la premi\u00e8re \u00e9dition d\u2019Amag Ramadan Ceremony pour r\u00e9compenser les meilleures productions audiovisuelles de Ramadan 2021. Et \u00e0 tout seigneur tout honneur, c&rsquo;est le feuilleton \u00ab\u00a0Harga\u00a0\u00bb diffus\u00e9 par la cha\u00eene Watania 1 qui a rafl\u00e9 le..."}