{"version":"1.0","provider_name":"Kapitalis","provider_url":"https:\/\/kapitalis.com\/tunisie","title":"Tunisie : Badreddine Gammoudi compara\u00eet devant la justice - Kapitalis","type":"rich","width":600,"height":338,"html":"<blockquote class=\"wp-embedded-content\" data-secret=\"aDWchVYPW0\"><a href=\"https:\/\/kapitalis.com\/tunisie\/2022\/02\/23\/tunisie-badreddine-gammoudi-comparait-devant-la-justice\/\">Tunisie : Badreddine Gammoudi compara\u00eet devant la justice<\/a><\/blockquote><iframe sandbox=\"allow-scripts\" security=\"restricted\" src=\"https:\/\/kapitalis.com\/tunisie\/2022\/02\/23\/tunisie-badreddine-gammoudi-comparait-devant-la-justice\/embed\/#?secret=aDWchVYPW0\" width=\"600\" height=\"338\" title=\"\u00ab\u00a0Tunisie : Badreddine Gammoudi compara\u00eet devant la justice\u00a0\u00bb &#8212; Kapitalis\" data-secret=\"aDWchVYPW0\" frameborder=\"0\" marginwidth=\"0\" marginheight=\"0\" scrolling=\"no\" class=\"wp-embedded-content\"><\/iframe><script type=\"text\/javascript\">\n\/* <![CDATA[ *\/\n\/*! This file is auto-generated *\/\n!function(d,l){\"use strict\";l.querySelector&&d.addEventListener&&\"undefined\"!=typeof URL&&(d.wp=d.wp||{},d.wp.receiveEmbedMessage||(d.wp.receiveEmbedMessage=function(e){var t=e.data;if((t||t.secret||t.message||t.value)&&!\/[^a-zA-Z0-9]\/.test(t.secret)){for(var s,r,n,a=l.querySelectorAll('iframe[data-secret=\"'+t.secret+'\"]'),o=l.querySelectorAll('blockquote[data-secret=\"'+t.secret+'\"]'),c=new RegExp(\"^https?:$\",\"i\"),i=0;i<o.length;i++)o[i].style.display=\"none\";for(i=0;i<a.length;i++)s=a[i],e.source===s.contentWindow&&(s.removeAttribute(\"style\"),\"height\"===t.message?(1e3<(r=parseInt(t.value,10))?r=1e3:~~r<200&&(r=200),s.height=r):\"link\"===t.message&&(r=new URL(s.getAttribute(\"src\")),n=new URL(t.value),c.test(n.protocol))&&n.host===r.host&&l.activeElement===s&&(d.top.location.href=t.value))}},d.addEventListener(\"message\",d.wp.receiveEmbedMessage,!1),l.addEventListener(\"DOMContentLoaded\",function(){for(var e,t,s=l.querySelectorAll(\"iframe.wp-embedded-content\"),r=0;r<s.length;r++)(t=(e=s[r]).getAttribute(\"data-secret\"))||(t=Math.random().toString(36).substring(2,12),e.src+=\"#?secret=\"+t,e.setAttribute(\"data-secret\",t)),e.contentWindow.postMessage({message:\"ready\",secret:t},\"*\")},!1)))}(window,document);\n\/\/# sourceURL=https:\/\/kapitalis.com\/tunisie\/wp-includes\/js\/wp-embed.min.js\n\/* ]]> *\/\n<\/script>\n","description":"Le d\u00e9put\u00e9 au parlement suspendu et pr\u00e9sident de la commission parlementaire de la r\u00e9forme administrative, de la bonne gouvernance, de la lutte contre la corruption et du contr\u00f4le de gestion des deniers publics, Badreddine Gammoudi, compara\u00eetra, ce mercredi 23 f\u00e9vrier 2022, devant la justice, apr\u00e8s avoir d\u00e9voil\u00e9 des d\u00e9tails sur une affaire de corruption concernant...","thumbnail_url":"http:\/\/kapitalis.com\/tunisie\/wp-content\/uploads\/2020\/12\/Badreddine-Gammoudi-1.jpg"}