{"id":390926,"date":"2015-11-18T08:37:53","date_gmt":"2015-11-18T08:37:53","guid":{"rendered":"http:\/\/interior-design.cmsmasters.net\/?page_id=7366"},"modified":"2026-03-26T22:01:33","modified_gmt":"2026-03-26T21:01:33","slug":"home-store-2-2","status":"publish","type":"page","link":"https:\/\/kapitalis.com\/tunisie\/","title":{"rendered":"L&rsquo;actualit\u00e9 en Tunisie"},"content":{"rendered":"<div id=\"cmsmasters_row_46351931b1\" class=\"cmsmasters_row cmsmasters_color_scheme_default cmsmasters_row_top_default cmsmasters_row_bot_default cmsmasters_row_fullwidth\">\n<div class=\"cmsmasters_row_outer_parent\">\n<div class=\"cmsmasters_row_outer\">\n<div class=\"cmsmasters_row_inner cmsmasters_row_fullwidth\">\n<div class=\"cmsmasters_row_margin\">\n<div id=\"cmsmasters_column_\" class=\"cmsmasters_column one_first\">\n<div class=\"cmsmasters_column_inner\"><div class=\"cmsmasters_slider\">\n\t\t\t<!-- START slider1 1 REVOLUTION SLIDER 6.5.20 --><p class=\"rs-p-wp-fix\"><\/p>\n\t\t\t<rs-module-wrap id=\"rev_slider_3_1_wrapper\" data-source=\"post\" style=\"visibility:hidden;background:transparent;padding:0;margin:0px auto;margin-top:0;margin-bottom:0;\">\n\t\t\t\t<rs-module id=\"rev_slider_3_1\" style=\"\" data-version=\"6.5.20\">\n\t\t\t\t\t<rs-slides>\n\t\t\t\t\t\t<rs-slide style=\"position: absolute;\" data-key=\"rs-18701995\" data-title=\"Palestine | Les responsabilit\u00e9s du silence\" data-description=\"Nommer la trag\u00e9die en Palestine ne suffit plus : il faut d\u00e9sormais en d\u00e9signer les auteurs et les complices.\" data-in=\"o:0;\" data-out=\"a:false;\">\n\t\t\t\t\t\t\t<img loading=\"lazy\" decoding=\"async\" src=\"\/\/kapitalis.com\/tunisie\/wp-content\/plugins\/revslider\/public\/assets\/assets\/dummy.png\" alt=\"\" title=\"Gaza-Detruite\" width=\"1200\" height=\"630\" class=\"rev-slidebg tp-rs-img rs-lazyload\" data-lazyload=\"\/\/kapitalis.com\/tunisie\/wp-content\/uploads\/2025\/02\/Gaza-Detruite.jpg\" data-no-retina>\n<!--\n\t\t\t\t\t\t\t--><rs-layer\n\t\t\t\t\t\t\t\tid=\"slider-3-slide-18701995-layer-12\" \n\t\t\t\t\t\t\t\tdata-type=\"image\"\n\t\t\t\t\t\t\t\tdata-rsp_ch=\"on\"\n\t\t\t\t\t\t\t\tdata-xy=\"x:c;xo:-1px,-1px,0,0;y:b;\"\n\t\t\t\t\t\t\t\tdata-text=\"w:normal;l:22;a:inherit;\"\n\t\t\t\t\t\t\t\tdata-dim=\"w:100%,100%,1920px,1920px;h:['732px','732px','732px','732px'];\"\n\t\t\t\t\t\t\t\tdata-basealign=\"slide\"\n\t\t\t\t\t\t\t\tdata-frame_1=\"st:210;sp:410;sR:210;\"\n\t\t\t\t\t\t\t\tdata-frame_999=\"o:0;st:w;sR:8380;\"\n\t\t\t\t\t\t\t\tstyle=\"z-index:5;pointer-events:none;\"\n\t\t\t\t\t\t\t><img loading=\"lazy\" decoding=\"async\" src=\"\/\/kapitalis.com\/tunisie\/wp-content\/plugins\/revslider\/public\/assets\/assets\/dummy.png\" alt=\"\" class=\"tp-rs-img rs-lazyload\" width=\"1920\" height=\"732\" data-lazyload=\"\/\/kapitalis.com\/tunisie\/wp-content\/uploads\/revslider\/slider-gradient.png\" data-no-retina> \n\t\t\t\t\t\t\t<\/rs-layer><!--\n\n\t\t\t\t\t\t\t--><rs-layer\n\t\t\t\t\t\t\t\tid=\"slider-3-slide-18701995-layer-34\" \n\t\t\t\t\t\t\t\tclass=\"separating\"\n\t\t\t\t\t\t\t\tdata-type=\"text\"\n\t\t\t\t\t\t\t\tdata-rsp_ch=\"on\"\n\t\t\t\t\t\t\t\tdata-xy=\"xo:1px,0,25px,25px;yo:347px,168px,46px,56px;\"\n\t\t\t\t\t\t\t\tdata-text=\"s:18,18,21,16;l:22,22,22,22;ls:0,0,0px,0px;fw:500;a:inherit;\"\n\t\t\t\t\t\t\t\tdata-dim=\"w:100%;\"\n\t\t\t\t\t\t\t\tdata-frame_0=\"x:-100%;o:1;\"\n\t\t\t\t\t\t\t\tdata-frame_0_mask=\"u:t;\"\n\t\t\t\t\t\t\t\tdata-frame_1=\"st:530;sp:1500;sR:530;\"\n\t\t\t\t\t\t\t\tdata-frame_1_mask=\"u:t;\"\n\t\t\t\t\t\t\t\tdata-frame_999=\"o:0;st:w;sR:6970;\"\n\t\t\t\t\t\t\t\tdata-frame_hover=\"c:#fff;bor:0px,0px,0px,0px;bow:0px,0px,0px,0px;oX:50;oY:50;e:none;\"\n\t\t\t\t\t\t\t\tstyle=\"z-index:8;font-family:'Roboto';\"\n\t\t\t\t\t\t\t><span style=\"font-size: 16px;\" class=\"cmsmasters_cat_color\"> \n<\/span>\n<span class=\"date cmsmasters-icon-custom-icon-clock\">\n    28 avril 2026\n<\/span>\n<span class=\"comment cmsmasters_theme_icon_comment\"> \n   0\n<\/span>\n \n\t\t\t\t\t\t\t<\/rs-layer><!--\n\n\t\t\t\t\t\t\t--><a\n\t\t\t\t\t\t\t\tid=\"slider-3-slide-18701995-layer-37\" \n\t\t\t\t\t\t\t\tclass=\"rs-layer\"\n\t\t\t\t\t\t\t\thref=\"https:\/\/kapitalis.com\/tunisie\/2026\/04\/28\/palestine-les-responsabilites-du-silence\/\" target=\"_blank\" rel=\"noopener\"\n\t\t\t\t\t\t\t\tdata-type=\"text\"\n\t\t\t\t\t\t\t\tdata-rsp_ch=\"on\"\n\t\t\t\t\t\t\t\tdata-xy=\"xo:1px,0,25px,25px;yo:391px,212px,101px,128px;\"\n\t\t\t\t\t\t\t\tdata-text=\"w:normal;s:70,70,53,35;l:80,80,60,45;ls:0,0,0px,0px;fw:700;a:inherit;\"\n\t\t\t\t\t\t\t\tdata-dim=\"w:900px,900px,575px,286px;\"\n\t\t\t\t\t\t\t\tdata-frame_0=\"x:100%;o:1;\"\n\t\t\t\t\t\t\t\tdata-frame_0_mask=\"u:t;\"\n\t\t\t\t\t\t\t\tdata-frame_1=\"st:750;sp:1500;sR:750;\"\n\t\t\t\t\t\t\t\tdata-frame_1_mask=\"u:t;\"\n\t\t\t\t\t\t\t\tdata-frame_999=\"o:0;st:w;sR:6750;\"\n\t\t\t\t\t\t\t\tdata-frame_hover=\"c:rgba(255,255,255,0.7);bor:0px,0px,0px,0px;bow:0px,0px,0px,0px;oX:50;oY:50;e:none;\"\n\t\t\t\t\t\t\t\tstyle=\"z-index:9;font-family:'Roboto';\"\n\t\t\t\t\t\t\t>Palestine | Les responsabilit\u00e9s du silence \n\t\t\t\t\t\t\t<\/a><!--\n-->\t\t\t\t\t\t<\/rs-slide>\n\t\t\t\t\t\t<rs-slide style=\"position: absolute;\" data-key=\"rs-18701571\" data-title=\"Soudan | Les mus\u00e9es pill\u00e9s et les tr\u00e9sors vendus !\" data-description=\"Selon l&#039;Unesco, les mus\u00e9es soudanais sont pill\u00e9s par les groupes arm\u00e9s et leurs tr\u00e9sors sont vendus \u00e0 l\u2019\u00e9tranger.\" data-in=\"o:0;\" data-out=\"a:false;\">\n\t\t\t\t\t\t\t<img loading=\"lazy\" decoding=\"async\" src=\"\/\/kapitalis.com\/tunisie\/wp-content\/plugins\/revslider\/public\/assets\/assets\/dummy.png\" alt=\"\" title=\"Musee-National-Soudanais\" width=\"1200\" height=\"630\" class=\"rev-slidebg tp-rs-img rs-lazyload\" data-lazyload=\"\/\/kapitalis.com\/tunisie\/wp-content\/uploads\/2026\/04\/Musee-National-Soudanais.jpg\" data-no-retina>\n<!--\n\t\t\t\t\t\t\t--><rs-layer\n\t\t\t\t\t\t\t\tid=\"slider-3-slide-18701571-layer-12\" \n\t\t\t\t\t\t\t\tdata-type=\"image\"\n\t\t\t\t\t\t\t\tdata-rsp_ch=\"on\"\n\t\t\t\t\t\t\t\tdata-xy=\"x:c;xo:-1px,-1px,0,0;y:b;\"\n\t\t\t\t\t\t\t\tdata-text=\"w:normal;l:22;a:inherit;\"\n\t\t\t\t\t\t\t\tdata-dim=\"w:100%,100%,1920px,1920px;h:['732px','732px','732px','732px'];\"\n\t\t\t\t\t\t\t\tdata-basealign=\"slide\"\n\t\t\t\t\t\t\t\tdata-frame_1=\"st:210;sp:410;sR:210;\"\n\t\t\t\t\t\t\t\tdata-frame_999=\"o:0;st:w;sR:8380;\"\n\t\t\t\t\t\t\t\tstyle=\"z-index:5;pointer-events:none;\"\n\t\t\t\t\t\t\t><img loading=\"lazy\" decoding=\"async\" src=\"\/\/kapitalis.com\/tunisie\/wp-content\/plugins\/revslider\/public\/assets\/assets\/dummy.png\" alt=\"\" class=\"tp-rs-img rs-lazyload\" width=\"1920\" height=\"732\" data-lazyload=\"\/\/kapitalis.com\/tunisie\/wp-content\/uploads\/revslider\/slider-gradient.png\" data-no-retina> \n\t\t\t\t\t\t\t<\/rs-layer><!--\n\n\t\t\t\t\t\t\t--><rs-layer\n\t\t\t\t\t\t\t\tid=\"slider-3-slide-18701571-layer-34\" \n\t\t\t\t\t\t\t\tclass=\"separating\"\n\t\t\t\t\t\t\t\tdata-type=\"text\"\n\t\t\t\t\t\t\t\tdata-rsp_ch=\"on\"\n\t\t\t\t\t\t\t\tdata-xy=\"xo:1px,0,25px,25px;yo:347px,168px,46px,56px;\"\n\t\t\t\t\t\t\t\tdata-text=\"s:18,18,21,16;l:22,22,22,22;ls:0,0,0px,0px;fw:500;a:inherit;\"\n\t\t\t\t\t\t\t\tdata-dim=\"w:100%;\"\n\t\t\t\t\t\t\t\tdata-frame_0=\"x:-100%;o:1;\"\n\t\t\t\t\t\t\t\tdata-frame_0_mask=\"u:t;\"\n\t\t\t\t\t\t\t\tdata-frame_1=\"st:530;sp:1500;sR:530;\"\n\t\t\t\t\t\t\t\tdata-frame_1_mask=\"u:t;\"\n\t\t\t\t\t\t\t\tdata-frame_999=\"o:0;st:w;sR:6970;\"\n\t\t\t\t\t\t\t\tdata-frame_hover=\"c:#fff;bor:0px,0px,0px,0px;bow:0px,0px,0px,0px;oX:50;oY:50;e:none;\"\n\t\t\t\t\t\t\t\tstyle=\"z-index:8;font-family:'Roboto';\"\n\t\t\t\t\t\t\t><span style=\"font-size: 16px;\" class=\"cmsmasters_cat_color\"> \n<\/span>\n<span class=\"date cmsmasters-icon-custom-icon-clock\">\n    28 avril 2026\n<\/span>\n<span class=\"comment cmsmasters_theme_icon_comment\"> \n   1\n<\/span>\n \n\t\t\t\t\t\t\t<\/rs-layer><!--\n\n\t\t\t\t\t\t\t--><a\n\t\t\t\t\t\t\t\tid=\"slider-3-slide-18701571-layer-37\" \n\t\t\t\t\t\t\t\tclass=\"rs-layer\"\n\t\t\t\t\t\t\t\thref=\"https:\/\/kapitalis.com\/tunisie\/2026\/04\/28\/soudan-les-musees-pilles-et-les-tresors-vendus\/\" target=\"_blank\" rel=\"noopener\"\n\t\t\t\t\t\t\t\tdata-type=\"text\"\n\t\t\t\t\t\t\t\tdata-rsp_ch=\"on\"\n\t\t\t\t\t\t\t\tdata-xy=\"xo:1px,0,25px,25px;yo:391px,212px,101px,128px;\"\n\t\t\t\t\t\t\t\tdata-text=\"w:normal;s:70,70,53,35;l:80,80,60,45;ls:0,0,0px,0px;fw:700;a:inherit;\"\n\t\t\t\t\t\t\t\tdata-dim=\"w:900px,900px,575px,286px;\"\n\t\t\t\t\t\t\t\tdata-frame_0=\"x:100%;o:1;\"\n\t\t\t\t\t\t\t\tdata-frame_0_mask=\"u:t;\"\n\t\t\t\t\t\t\t\tdata-frame_1=\"st:750;sp:1500;sR:750;\"\n\t\t\t\t\t\t\t\tdata-frame_1_mask=\"u:t;\"\n\t\t\t\t\t\t\t\tdata-frame_999=\"o:0;st:w;sR:6750;\"\n\t\t\t\t\t\t\t\tdata-frame_hover=\"c:rgba(255,255,255,0.7);bor:0px,0px,0px,0px;bow:0px,0px,0px,0px;oX:50;oY:50;e:none;\"\n\t\t\t\t\t\t\t\tstyle=\"z-index:9;font-family:'Roboto';\"\n\t\t\t\t\t\t\t>Soudan | Les mus\u00e9es pill\u00e9s et les tr\u00e9sors vendus ! \n\t\t\t\t\t\t\t<\/a><!--\n-->\t\t\t\t\t\t<\/rs-slide>\n\t\t\t\t\t\t<rs-slide style=\"position: absolute;\" data-key=\"rs-18701362\" data-title=\"Tunisie | A propos de l\u2019octroi de concessions d\u2019\u00e9nergie renouvelable \u00e0 des entreprises \u00e9trang\u00e8res\" data-description=\"La Tunisie doit faire attention \u00e0 certains points cruciaux en attribuant des concessions d&#039;\u00e9nergie renouvelable \u00e0 des soci\u00e9t\u00e9s \u00e9trang\u00e8res.\" data-in=\"o:0;\" data-out=\"a:false;\">\n\t\t\t\t\t\t\t<img loading=\"lazy\" decoding=\"async\" src=\"\/\/kapitalis.com\/tunisie\/wp-content\/plugins\/revslider\/public\/assets\/assets\/dummy.png\" alt=\"\" title=\"Centrale-solaire-photovoltaique-Metbasta-Kairouan\" width=\"1200\" height=\"630\" class=\"rev-slidebg tp-rs-img rs-lazyload\" data-lazyload=\"\/\/kapitalis.com\/tunisie\/wp-content\/uploads\/2025\/12\/Centrale-solaire-photovoltaique-Metbasta-Kairouan.jpg\" data-no-retina>\n<!--\n\t\t\t\t\t\t\t--><rs-layer\n\t\t\t\t\t\t\t\tid=\"slider-3-slide-18701362-layer-12\" \n\t\t\t\t\t\t\t\tdata-type=\"image\"\n\t\t\t\t\t\t\t\tdata-rsp_ch=\"on\"\n\t\t\t\t\t\t\t\tdata-xy=\"x:c;xo:-1px,-1px,0,0;y:b;\"\n\t\t\t\t\t\t\t\tdata-text=\"w:normal;l:22;a:inherit;\"\n\t\t\t\t\t\t\t\tdata-dim=\"w:100%,100%,1920px,1920px;h:['732px','732px','732px','732px'];\"\n\t\t\t\t\t\t\t\tdata-basealign=\"slide\"\n\t\t\t\t\t\t\t\tdata-frame_1=\"st:210;sp:410;sR:210;\"\n\t\t\t\t\t\t\t\tdata-frame_999=\"o:0;st:w;sR:8380;\"\n\t\t\t\t\t\t\t\tstyle=\"z-index:5;pointer-events:none;\"\n\t\t\t\t\t\t\t><img loading=\"lazy\" decoding=\"async\" src=\"\/\/kapitalis.com\/tunisie\/wp-content\/plugins\/revslider\/public\/assets\/assets\/dummy.png\" alt=\"\" class=\"tp-rs-img rs-lazyload\" width=\"1920\" height=\"732\" data-lazyload=\"\/\/kapitalis.com\/tunisie\/wp-content\/uploads\/revslider\/slider-gradient.png\" data-no-retina> \n\t\t\t\t\t\t\t<\/rs-layer><!--\n\n\t\t\t\t\t\t\t--><rs-layer\n\t\t\t\t\t\t\t\tid=\"slider-3-slide-18701362-layer-34\" \n\t\t\t\t\t\t\t\tclass=\"separating\"\n\t\t\t\t\t\t\t\tdata-type=\"text\"\n\t\t\t\t\t\t\t\tdata-rsp_ch=\"on\"\n\t\t\t\t\t\t\t\tdata-xy=\"xo:1px,0,25px,25px;yo:347px,168px,46px,56px;\"\n\t\t\t\t\t\t\t\tdata-text=\"s:18,18,21,16;l:22,22,22,22;ls:0,0,0px,0px;fw:500;a:inherit;\"\n\t\t\t\t\t\t\t\tdata-dim=\"w:100%;\"\n\t\t\t\t\t\t\t\tdata-frame_0=\"x:-100%;o:1;\"\n\t\t\t\t\t\t\t\tdata-frame_0_mask=\"u:t;\"\n\t\t\t\t\t\t\t\tdata-frame_1=\"st:530;sp:1500;sR:530;\"\n\t\t\t\t\t\t\t\tdata-frame_1_mask=\"u:t;\"\n\t\t\t\t\t\t\t\tdata-frame_999=\"o:0;st:w;sR:6970;\"\n\t\t\t\t\t\t\t\tdata-frame_hover=\"c:#fff;bor:0px,0px,0px,0px;bow:0px,0px,0px,0px;oX:50;oY:50;e:none;\"\n\t\t\t\t\t\t\t\tstyle=\"z-index:8;font-family:'Roboto';\"\n\t\t\t\t\t\t\t><span style=\"font-size: 16px;\" class=\"cmsmasters_cat_color\"> \n<\/span>\n<span class=\"date cmsmasters-icon-custom-icon-clock\">\n    28 avril 2026\n<\/span>\n<span class=\"comment cmsmasters_theme_icon_comment\"> \n   1\n<\/span>\n \n\t\t\t\t\t\t\t<\/rs-layer><!--\n\n\t\t\t\t\t\t\t--><a\n\t\t\t\t\t\t\t\tid=\"slider-3-slide-18701362-layer-37\" \n\t\t\t\t\t\t\t\tclass=\"rs-layer\"\n\t\t\t\t\t\t\t\thref=\"https:\/\/kapitalis.com\/tunisie\/2026\/04\/28\/tunisie-a-propos-de-loctroi-de-concessions-denergie-renouvelable-a-des-entreprises-etrangeres\/\" target=\"_blank\" rel=\"noopener\"\n\t\t\t\t\t\t\t\tdata-type=\"text\"\n\t\t\t\t\t\t\t\tdata-rsp_ch=\"on\"\n\t\t\t\t\t\t\t\tdata-xy=\"xo:1px,0,25px,25px;yo:391px,212px,101px,128px;\"\n\t\t\t\t\t\t\t\tdata-text=\"w:normal;s:70,70,53,35;l:80,80,60,45;ls:0,0,0px,0px;fw:700;a:inherit;\"\n\t\t\t\t\t\t\t\tdata-dim=\"w:900px,900px,575px,286px;\"\n\t\t\t\t\t\t\t\tdata-frame_0=\"x:100%;o:1;\"\n\t\t\t\t\t\t\t\tdata-frame_0_mask=\"u:t;\"\n\t\t\t\t\t\t\t\tdata-frame_1=\"st:750;sp:1500;sR:750;\"\n\t\t\t\t\t\t\t\tdata-frame_1_mask=\"u:t;\"\n\t\t\t\t\t\t\t\tdata-frame_999=\"o:0;st:w;sR:6750;\"\n\t\t\t\t\t\t\t\tdata-frame_hover=\"c:rgba(255,255,255,0.7);bor:0px,0px,0px,0px;bow:0px,0px,0px,0px;oX:50;oY:50;e:none;\"\n\t\t\t\t\t\t\t\tstyle=\"z-index:9;font-family:'Roboto';\"\n\t\t\t\t\t\t\t>Tunisie | A propos de l\u2019octroi de concessions d\u2019\u00e9nergie renouvelable \u00e0 des entreprises \u00e9trang\u00e8res \n\t\t\t\t\t\t\t<\/a><!--\n-->\t\t\t\t\t\t<\/rs-slide>\n\t\t\t\t\t\t<rs-slide style=\"position: absolute;\" data-key=\"rs-18701084\" data-title=\"Des entreprises \u00e9trang\u00e8res r\u00e9clament plus de 130 milliards de dollars \u00e0 la Libye\u00a0!\" data-description=\"Plus de 100 affaires internationales sont en cours contre la Libye qui doit 130 milliards de dollars aux entreprises \u00e9trang\u00e8res.\" data-in=\"o:0;\" data-out=\"a:false;\">\n\t\t\t\t\t\t\t<img loading=\"lazy\" decoding=\"async\" src=\"\/\/kapitalis.com\/tunisie\/wp-content\/plugins\/revslider\/public\/assets\/assets\/dummy.png\" alt=\"\" title=\"Libye-Dollar\" width=\"1200\" height=\"630\" class=\"rev-slidebg tp-rs-img rs-lazyload\" data-lazyload=\"\/\/kapitalis.com\/tunisie\/wp-content\/uploads\/2026\/04\/Libye-Dollar.jpg\" data-no-retina>\n<!--\n\t\t\t\t\t\t\t--><rs-layer\n\t\t\t\t\t\t\t\tid=\"slider-3-slide-18701084-layer-12\" \n\t\t\t\t\t\t\t\tdata-type=\"image\"\n\t\t\t\t\t\t\t\tdata-rsp_ch=\"on\"\n\t\t\t\t\t\t\t\tdata-xy=\"x:c;xo:-1px,-1px,0,0;y:b;\"\n\t\t\t\t\t\t\t\tdata-text=\"w:normal;l:22;a:inherit;\"\n\t\t\t\t\t\t\t\tdata-dim=\"w:100%,100%,1920px,1920px;h:['732px','732px','732px','732px'];\"\n\t\t\t\t\t\t\t\tdata-basealign=\"slide\"\n\t\t\t\t\t\t\t\tdata-frame_1=\"st:210;sp:410;sR:210;\"\n\t\t\t\t\t\t\t\tdata-frame_999=\"o:0;st:w;sR:8380;\"\n\t\t\t\t\t\t\t\tstyle=\"z-index:5;pointer-events:none;\"\n\t\t\t\t\t\t\t><img loading=\"lazy\" decoding=\"async\" src=\"\/\/kapitalis.com\/tunisie\/wp-content\/plugins\/revslider\/public\/assets\/assets\/dummy.png\" alt=\"\" class=\"tp-rs-img rs-lazyload\" width=\"1920\" height=\"732\" data-lazyload=\"\/\/kapitalis.com\/tunisie\/wp-content\/uploads\/revslider\/slider-gradient.png\" data-no-retina> \n\t\t\t\t\t\t\t<\/rs-layer><!--\n\n\t\t\t\t\t\t\t--><rs-layer\n\t\t\t\t\t\t\t\tid=\"slider-3-slide-18701084-layer-34\" \n\t\t\t\t\t\t\t\tclass=\"separating\"\n\t\t\t\t\t\t\t\tdata-type=\"text\"\n\t\t\t\t\t\t\t\tdata-rsp_ch=\"on\"\n\t\t\t\t\t\t\t\tdata-xy=\"xo:1px,0,25px,25px;yo:347px,168px,46px,56px;\"\n\t\t\t\t\t\t\t\tdata-text=\"s:18,18,21,16;l:22,22,22,22;ls:0,0,0px,0px;fw:500;a:inherit;\"\n\t\t\t\t\t\t\t\tdata-dim=\"w:100%;\"\n\t\t\t\t\t\t\t\tdata-frame_0=\"x:-100%;o:1;\"\n\t\t\t\t\t\t\t\tdata-frame_0_mask=\"u:t;\"\n\t\t\t\t\t\t\t\tdata-frame_1=\"st:530;sp:1500;sR:530;\"\n\t\t\t\t\t\t\t\tdata-frame_1_mask=\"u:t;\"\n\t\t\t\t\t\t\t\tdata-frame_999=\"o:0;st:w;sR:6970;\"\n\t\t\t\t\t\t\t\tdata-frame_hover=\"c:#fff;bor:0px,0px,0px,0px;bow:0px,0px,0px,0px;oX:50;oY:50;e:none;\"\n\t\t\t\t\t\t\t\tstyle=\"z-index:8;font-family:'Roboto';\"\n\t\t\t\t\t\t\t><span style=\"font-size: 16px;\" class=\"cmsmasters_cat_color\"> \n<\/span>\n<span class=\"date cmsmasters-icon-custom-icon-clock\">\n    28 avril 2026\n<\/span>\n<span class=\"comment cmsmasters_theme_icon_comment\"> \n   0\n<\/span>\n \n\t\t\t\t\t\t\t<\/rs-layer><!--\n\n\t\t\t\t\t\t\t--><a\n\t\t\t\t\t\t\t\tid=\"slider-3-slide-18701084-layer-37\" \n\t\t\t\t\t\t\t\tclass=\"rs-layer\"\n\t\t\t\t\t\t\t\thref=\"https:\/\/kapitalis.com\/tunisie\/2026\/04\/28\/des-entreprises-etrangeres-reclament-plus-de-130-milliards-de-dollars-a-la-libye\/\" target=\"_blank\" rel=\"noopener\"\n\t\t\t\t\t\t\t\tdata-type=\"text\"\n\t\t\t\t\t\t\t\tdata-rsp_ch=\"on\"\n\t\t\t\t\t\t\t\tdata-xy=\"xo:1px,0,25px,25px;yo:391px,212px,101px,128px;\"\n\t\t\t\t\t\t\t\tdata-text=\"w:normal;s:70,70,53,35;l:80,80,60,45;ls:0,0,0px,0px;fw:700;a:inherit;\"\n\t\t\t\t\t\t\t\tdata-dim=\"w:900px,900px,575px,286px;\"\n\t\t\t\t\t\t\t\tdata-frame_0=\"x:100%;o:1;\"\n\t\t\t\t\t\t\t\tdata-frame_0_mask=\"u:t;\"\n\t\t\t\t\t\t\t\tdata-frame_1=\"st:750;sp:1500;sR:750;\"\n\t\t\t\t\t\t\t\tdata-frame_1_mask=\"u:t;\"\n\t\t\t\t\t\t\t\tdata-frame_999=\"o:0;st:w;sR:6750;\"\n\t\t\t\t\t\t\t\tdata-frame_hover=\"c:rgba(255,255,255,0.7);bor:0px,0px,0px,0px;bow:0px,0px,0px,0px;oX:50;oY:50;e:none;\"\n\t\t\t\t\t\t\t\tstyle=\"z-index:9;font-family:'Roboto';\"\n\t\t\t\t\t\t\t>Des entreprises \u00e9trang\u00e8res r\u00e9clament plus de 130 milliards de dollars \u00e0 la Libye\u00a0! \n\t\t\t\t\t\t\t<\/a><!--\n-->\t\t\t\t\t\t<\/rs-slide>\n\t\t\t\t\t\t<rs-slide style=\"position: absolute;\" data-key=\"rs-18696358\" data-title=\"Le management des risques en plong\u00e9e sous-marine\" data-description=\"Pour sortir du contexte marqu\u00e9 par le d\u00e9ficit de l\u2019approche analytique dans la pr\u00e9vention des risques en plong\u00e9e sous-marine.\" data-in=\"o:0;\" data-out=\"a:false;\">\n\t\t\t\t\t\t\t<img loading=\"lazy\" decoding=\"async\" src=\"\/\/kapitalis.com\/tunisie\/wp-content\/plugins\/revslider\/public\/assets\/assets\/dummy.png\" alt=\"\" title=\"Plongee-sous-marine-3\" width=\"1200\" height=\"630\" class=\"rev-slidebg tp-rs-img rs-lazyload\" data-lazyload=\"\/\/kapitalis.com\/tunisie\/wp-content\/uploads\/2024\/11\/Plongee-sous-marine-3.jpg\" data-no-retina>\n<!--\n\t\t\t\t\t\t\t--><rs-layer\n\t\t\t\t\t\t\t\tid=\"slider-3-slide-18696358-layer-12\" \n\t\t\t\t\t\t\t\tdata-type=\"image\"\n\t\t\t\t\t\t\t\tdata-rsp_ch=\"on\"\n\t\t\t\t\t\t\t\tdata-xy=\"x:c;xo:-1px,-1px,0,0;y:b;\"\n\t\t\t\t\t\t\t\tdata-text=\"w:normal;l:22;a:inherit;\"\n\t\t\t\t\t\t\t\tdata-dim=\"w:100%,100%,1920px,1920px;h:['732px','732px','732px','732px'];\"\n\t\t\t\t\t\t\t\tdata-basealign=\"slide\"\n\t\t\t\t\t\t\t\tdata-frame_1=\"st:210;sp:410;sR:210;\"\n\t\t\t\t\t\t\t\tdata-frame_999=\"o:0;st:w;sR:8380;\"\n\t\t\t\t\t\t\t\tstyle=\"z-index:5;pointer-events:none;\"\n\t\t\t\t\t\t\t><img loading=\"lazy\" decoding=\"async\" src=\"\/\/kapitalis.com\/tunisie\/wp-content\/plugins\/revslider\/public\/assets\/assets\/dummy.png\" alt=\"\" class=\"tp-rs-img rs-lazyload\" width=\"1920\" height=\"732\" data-lazyload=\"\/\/kapitalis.com\/tunisie\/wp-content\/uploads\/revslider\/slider-gradient.png\" data-no-retina> \n\t\t\t\t\t\t\t<\/rs-layer><!--\n\n\t\t\t\t\t\t\t--><rs-layer\n\t\t\t\t\t\t\t\tid=\"slider-3-slide-18696358-layer-34\" \n\t\t\t\t\t\t\t\tclass=\"separating\"\n\t\t\t\t\t\t\t\tdata-type=\"text\"\n\t\t\t\t\t\t\t\tdata-rsp_ch=\"on\"\n\t\t\t\t\t\t\t\tdata-xy=\"xo:1px,0,25px,25px;yo:347px,168px,46px,56px;\"\n\t\t\t\t\t\t\t\tdata-text=\"s:18,18,21,16;l:22,22,22,22;ls:0,0,0px,0px;fw:500;a:inherit;\"\n\t\t\t\t\t\t\t\tdata-dim=\"w:100%;\"\n\t\t\t\t\t\t\t\tdata-frame_0=\"x:-100%;o:1;\"\n\t\t\t\t\t\t\t\tdata-frame_0_mask=\"u:t;\"\n\t\t\t\t\t\t\t\tdata-frame_1=\"st:530;sp:1500;sR:530;\"\n\t\t\t\t\t\t\t\tdata-frame_1_mask=\"u:t;\"\n\t\t\t\t\t\t\t\tdata-frame_999=\"o:0;st:w;sR:6970;\"\n\t\t\t\t\t\t\t\tdata-frame_hover=\"c:#fff;bor:0px,0px,0px,0px;bow:0px,0px,0px,0px;oX:50;oY:50;e:none;\"\n\t\t\t\t\t\t\t\tstyle=\"z-index:8;font-family:'Roboto';\"\n\t\t\t\t\t\t\t><span style=\"font-size: 16px;\" class=\"cmsmasters_cat_color\"> \n<\/span>\n<span class=\"date cmsmasters-icon-custom-icon-clock\">\n    27 avril 2026\n<\/span>\n<span class=\"comment cmsmasters_theme_icon_comment\"> \n   1\n<\/span>\n \n\t\t\t\t\t\t\t<\/rs-layer><!--\n\n\t\t\t\t\t\t\t--><a\n\t\t\t\t\t\t\t\tid=\"slider-3-slide-18696358-layer-37\" \n\t\t\t\t\t\t\t\tclass=\"rs-layer\"\n\t\t\t\t\t\t\t\thref=\"https:\/\/kapitalis.com\/tunisie\/2026\/04\/27\/le-management-des-risques-en-plongee-sous-marine\/\" target=\"_blank\" rel=\"noopener\"\n\t\t\t\t\t\t\t\tdata-type=\"text\"\n\t\t\t\t\t\t\t\tdata-rsp_ch=\"on\"\n\t\t\t\t\t\t\t\tdata-xy=\"xo:1px,0,25px,25px;yo:391px,212px,101px,128px;\"\n\t\t\t\t\t\t\t\tdata-text=\"w:normal;s:70,70,53,35;l:80,80,60,45;ls:0,0,0px,0px;fw:700;a:inherit;\"\n\t\t\t\t\t\t\t\tdata-dim=\"w:900px,900px,575px,286px;\"\n\t\t\t\t\t\t\t\tdata-frame_0=\"x:100%;o:1;\"\n\t\t\t\t\t\t\t\tdata-frame_0_mask=\"u:t;\"\n\t\t\t\t\t\t\t\tdata-frame_1=\"st:750;sp:1500;sR:750;\"\n\t\t\t\t\t\t\t\tdata-frame_1_mask=\"u:t;\"\n\t\t\t\t\t\t\t\tdata-frame_999=\"o:0;st:w;sR:6750;\"\n\t\t\t\t\t\t\t\tdata-frame_hover=\"c:rgba(255,255,255,0.7);bor:0px,0px,0px,0px;bow:0px,0px,0px,0px;oX:50;oY:50;e:none;\"\n\t\t\t\t\t\t\t\tstyle=\"z-index:9;font-family:'Roboto';\"\n\t\t\t\t\t\t\t>Le management des risques en plong\u00e9e sous-marine \n\t\t\t\t\t\t\t<\/a><!--\n-->\t\t\t\t\t\t<\/rs-slide>\n\t\t\t\t\t<\/rs-slides>\n\t\t\t\t<\/rs-module>\n\t\t\t\t<script>\n\t\t\t\t\tsetREVStartSize({c: 'rev_slider_3_1',rl:[1240,1024,778,480],el:[732,568,400,428],gw:[1320,940,768,320],gh:[732,568,400,428],type:'standard',justify:'',layout:'fullwidth',mh:\"0\"});if (window.RS_MODULES!==undefined && window.RS_MODULES.modules!==undefined && window.RS_MODULES.modules[\"revslider31\"]!==undefined) {window.RS_MODULES.modules[\"revslider31\"].once = false;window.revapi3 = undefined;if (window.RS_MODULES.checkMinimal!==undefined) window.RS_MODULES.checkMinimal()}\n\t\t\t\t<\/script>\n\t\t\t<\/rs-module-wrap>\n\t\t\t<!-- END REVOLUTION SLIDER -->\n<\/div>\n<\/div><\/div>\n<\/div>\n<\/div>\n<\/div>\n<\/div>\n<\/div>\n\n<div id=\"cmsmasters_row_ggvues2vm\" class=\"cmsmasters_row cmsmasters_color_scheme_second cmsmasters_row_top_default cmsmasters_row_bot_default cmsmasters_row_boxed\">\n<div class=\"cmsmasters_row_outer_parent\">\n<div class=\"cmsmasters_row_outer\">\n<div class=\"cmsmasters_row_inner\">\n<div class=\"cmsmasters_row_margin\">\n<br \/>\n<div id=\"cmsmasters_column_3nvddykey\" class=\"cmsmasters_column one_first\">\n<div class=\"cmsmasters_column_inner\"><div class=\"cmsmasters_sidebar sidebar_layout_11\"><aside id=\"custom_html-8\" class=\"widget_text extendedwopts-hide extendedwopts-desktop widget widget_custom_html\"><div class=\"textwidget custom-html-widget\"><center>\r\n<!-- Revive Adserver Asynchronous JS Tag - Generated with Revive Adserver v5.4.1 -->\r\n<ins data-revive-zoneid=\"3\" data-revive-id=\"4310beb3e9bda6a2e843bd088c740baa\"><\/ins>\r\n<script async src=\"\/\/kapitalis.com\/annonce2\/www\/delivery\/asyncjs.php\"><\/script>\r\n<\/center><\/div><\/aside><div class=\"cl\"><\/div>\n<\/div><br \/>\n<div id=\"cmsmasters_heading_eqb42zx9dk\" class=\"cmsmasters_heading_wrap cmsmasters_heading_align_left\">\n\t<h2 class=\"cmsmasters_heading\">L&rsquo;actualit\u00e9 de derni\u00e8re heure<\/h2>\n<\/div><br \/>\n<div class=\"cmsmasters_posts_slider cmsmasters_slide_nav  cmsmasters_slide_post  cmsmasters_control  posts_slider_wrap\" >\r\n\t\t<div id=\"cmsmasters_slider_3v03zuxmu\" class=\"cmsmasters_owl_slider owl-carousel\" data-items=\"4\" data-pagination=\"false\" data-navigation=\"true\" data-single-item=\"false\" data-auto-play=\"3000\"><div class=\"cmsmasters_owl_slider_item\"><!-- Start Posts Slider Post Article  -->\r\n<article id=\"post-18702276\" class=\"cmsmasters_slider_post post-18702276 post type-post status-publish format-standard has-post-thumbnail hentry category-media category-sport category-tunisie tag-economie-numerique tag-football tag-maghreb tag-mobile tag-paiements-digitaux tag-paris-sportifs\">\r\n\t<div class=\"cmsmasters_slider_post_outer\">\r\n\t<div class=\"cmsmasters_slider_post_img_wrap\"><figure class=\"cmsmasters_img_rollover_wrap preloader\"><img loading=\"lazy\" decoding=\"async\" width=\"580\" height=\"400\" src=\"https:\/\/kapitalis.com\/tunisie\/wp-content\/uploads\/2026\/04\/Jeu-en-ligne-Maghreb-580x400.jpg\" class=\"full-width wp-post-image\" alt=\"Au Maghreb, le sport devient un moteur de revenus num\u00e9riques\" title=\"Jeu-en-ligne-Maghreb\" \/><div class=\"cmsmasters_img_rollover\"><a href=\"https:\/\/kapitalis.com\/tunisie\/2026\/04\/28\/au-maghreb-le-sport-devient-un-moteur-de-revenus-numeriques\/\" title=\"Au Maghreb, le sport devient un moteur de revenus num\u00e9riques\" class=\"cmsmasters_open_link\"><\/a><\/div><\/figure><\/div><div class=\"cmsmasters_slider_post_inner\"><span class=\"cmsmasters_slider_post_date cmsmasters-icon-custom-icon-clock\"><abbr class=\"published\" title=\"28 avril 2026\">28 avril 2026<\/abbr><abbr class=\"dn date updated\" title=\"28 avril 2026\">28 avril 2026<\/abbr><\/span><header class=\"cmsmasters_slider_post_header entry-header\"><h4 class=\"cmsmasters_slider_post_title entry-title\"><a title=\"Au Maghreb, le sport devient un moteur de revenus num\u00e9riques\" href=\"https:\/\/kapitalis.com\/tunisie\/2026\/04\/28\/au-maghreb-le-sport-devient-un-moteur-de-revenus-numeriques\/\">Au Maghreb, le sport devient un moteur de revenus num\u00e9riques<\/a><\/h4><\/header><\/div>\t<\/div>\r\n<\/article>\r\n<!-- Finish Posts Slider Post Article  -->\r\n\r\n<\/div><div class=\"cmsmasters_owl_slider_item\"><!-- Start Posts Slider Post Article  -->\r\n<article id=\"post-18701995\" class=\"cmsmasters_slider_post post-18701995 post type-post status-publish format-standard has-post-thumbnail hentry category-a-la-une category-politique category-tribune category-tunisie tag-benjamin-netanyahu tag-dr-moez-ben-khemis tag-gaza tag-genocide tag-israel tag-nations-unies tag-nettoyage-ethnique tag-palestine\">\r\n\t<div class=\"cmsmasters_slider_post_outer\">\r\n\t<div class=\"cmsmasters_slider_post_img_wrap\"><figure class=\"cmsmasters_img_rollover_wrap preloader\"><img loading=\"lazy\" decoding=\"async\" width=\"580\" height=\"400\" src=\"https:\/\/kapitalis.com\/tunisie\/wp-content\/uploads\/2025\/02\/Gaza-Detruite-580x400.jpg\" class=\"full-width wp-post-image\" alt=\"Palestine | Les responsabilit\u00e9s du silence\" title=\"Gaza-Detruite\" \/><div class=\"cmsmasters_img_rollover\"><a href=\"https:\/\/kapitalis.com\/tunisie\/2026\/04\/28\/palestine-les-responsabilites-du-silence\/\" title=\"Palestine | Les responsabilit\u00e9s du silence\" class=\"cmsmasters_open_link\"><\/a><\/div><\/figure><\/div><div class=\"cmsmasters_slider_post_inner\"><span class=\"cmsmasters_slider_post_date cmsmasters-icon-custom-icon-clock\"><abbr class=\"published\" title=\"28 avril 2026\">28 avril 2026<\/abbr><abbr class=\"dn date updated\" title=\"28 avril 2026\">28 avril 2026<\/abbr><\/span><header class=\"cmsmasters_slider_post_header entry-header\"><h4 class=\"cmsmasters_slider_post_title entry-title\"><a title=\"Palestine | Les responsabilit\u00e9s du silence\" href=\"https:\/\/kapitalis.com\/tunisie\/2026\/04\/28\/palestine-les-responsabilites-du-silence\/\">Palestine | Les responsabilit\u00e9s du silence<\/a><\/h4><\/header><\/div>\t<\/div>\r\n<\/article>\r\n<!-- Finish Posts Slider Post Article  -->\r\n\r\n<\/div><div class=\"cmsmasters_owl_slider_item\"><!-- Start Posts Slider Post Article  -->\r\n<article id=\"post-18701734\" class=\"cmsmasters_slider_post post-18701734 post type-post status-publish format-standard has-post-thumbnail hentry category-economie category-politique category-tunisie tag-concessions tag-energies-renouvelables tag-fatma-thabet-chiboub tag-kais-saied-4 tag-salah-zouari\">\r\n\t<div class=\"cmsmasters_slider_post_outer\">\r\n\t<div class=\"cmsmasters_slider_post_img_wrap\"><figure class=\"cmsmasters_img_rollover_wrap preloader\"><img loading=\"lazy\" decoding=\"async\" width=\"580\" height=\"400\" src=\"https:\/\/kapitalis.com\/tunisie\/wp-content\/uploads\/2025\/10\/Fatma-Chiboub-580x400.jpg\" class=\"full-width wp-post-image\" alt=\"Tunisie | Les dessous du limogeage de Fatma Thabet-Chiboub\" title=\"Fatma-Chiboub\" \/><div class=\"cmsmasters_img_rollover\"><a href=\"https:\/\/kapitalis.com\/tunisie\/2026\/04\/28\/tunisie-les-dessous-du-limogeage-de-fatma-thabet-chiboub\/\" title=\"Tunisie | Les dessous du limogeage de Fatma Thabet-Chiboub\" class=\"cmsmasters_open_link\"><\/a><\/div><\/figure><\/div><div class=\"cmsmasters_slider_post_inner\"><span class=\"cmsmasters_slider_post_date cmsmasters-icon-custom-icon-clock\"><abbr class=\"published\" title=\"28 avril 2026\">28 avril 2026<\/abbr><abbr class=\"dn date updated\" title=\"28 avril 2026\">28 avril 2026<\/abbr><\/span><header class=\"cmsmasters_slider_post_header entry-header\"><h4 class=\"cmsmasters_slider_post_title entry-title\"><a title=\"Tunisie | Les dessous du limogeage de Fatma Thabet-Chiboub\" href=\"https:\/\/kapitalis.com\/tunisie\/2026\/04\/28\/tunisie-les-dessous-du-limogeage-de-fatma-thabet-chiboub\/\">Tunisie | Les dessous du limogeage de Fatma Thabet-Chiboub<\/a><\/h4><\/header><\/div>\t<\/div>\r\n<\/article>\r\n<!-- Finish Posts Slider Post Article  -->\r\n\r\n<\/div><div class=\"cmsmasters_owl_slider_item\"><!-- Start Posts Slider Post Article  -->\r\n<article id=\"post-18701362\" class=\"cmsmasters_slider_post post-18701362 post type-post status-publish format-standard has-post-thumbnail hentry category-a-la-une category-economie category-politique category-tribune category-tunisie tag-arbitrage-international tag-concessions tag-electricite tag-energie-renouvelable tag-entreprises-etrangeres tag-sami-jallouli tag-steg tag-tunisie\">\r\n\t<div class=\"cmsmasters_slider_post_outer\">\r\n\t<div class=\"cmsmasters_slider_post_img_wrap\"><figure class=\"cmsmasters_img_rollover_wrap preloader\"><img loading=\"lazy\" decoding=\"async\" width=\"580\" height=\"400\" src=\"https:\/\/kapitalis.com\/tunisie\/wp-content\/uploads\/2025\/12\/Centrale-solaire-photovoltaique-Metbasta-Kairouan-580x400.jpg\" class=\"full-width wp-post-image\" alt=\"Tunisie | A propos de l\u2019octroi de concessions d\u2019\u00e9nergie renouvelable \u00e0 des entreprises \u00e9trang\u00e8res\" title=\"Centrale-solaire-photovoltaique-Metbasta-Kairouan\" \/><div class=\"cmsmasters_img_rollover\"><a href=\"https:\/\/kapitalis.com\/tunisie\/2026\/04\/28\/tunisie-a-propos-de-loctroi-de-concessions-denergie-renouvelable-a-des-entreprises-etrangeres\/\" title=\"Tunisie | A propos de l\u2019octroi de concessions d\u2019\u00e9nergie renouvelable \u00e0 des entreprises \u00e9trang\u00e8res\" class=\"cmsmasters_open_link\"><\/a><\/div><\/figure><\/div><div class=\"cmsmasters_slider_post_inner\"><span class=\"cmsmasters_slider_post_date cmsmasters-icon-custom-icon-clock\"><abbr class=\"published\" title=\"28 avril 2026\">28 avril 2026<\/abbr><abbr class=\"dn date updated\" title=\"28 avril 2026\">28 avril 2026<\/abbr><\/span><header class=\"cmsmasters_slider_post_header entry-header\"><h4 class=\"cmsmasters_slider_post_title entry-title\"><a title=\"Tunisie | A propos de l\u2019octroi de concessions d\u2019\u00e9nergie renouvelable \u00e0 des entreprises \u00e9trang\u00e8res\" href=\"https:\/\/kapitalis.com\/tunisie\/2026\/04\/28\/tunisie-a-propos-de-loctroi-de-concessions-denergie-renouvelable-a-des-entreprises-etrangeres\/\">Tunisie | A propos de l\u2019octroi de concessions d\u2019\u00e9nergie renouvelable \u00e0 des entreprises \u00e9trang\u00e8res<\/a><\/h4><\/header><\/div>\t<\/div>\r\n<\/article>\r\n<!-- Finish Posts Slider Post Article  -->\r\n\r\n<\/div><div class=\"cmsmasters_owl_slider_item\"><!-- Start Posts Slider Post Article  -->\r\n<article id=\"post-18701084\" class=\"cmsmasters_slider_post post-18701084 post type-post status-publish format-standard has-post-thumbnail hentry category-a-la-une category-economie category-tunisie tag-cabinets-davocats-2 tag-dettes tag-libye tag-saleh-al-zahaf tag-sami-jallouli\">\r\n\t<div class=\"cmsmasters_slider_post_outer\">\r\n\t<div class=\"cmsmasters_slider_post_img_wrap\"><figure class=\"cmsmasters_img_rollover_wrap preloader\"><img loading=\"lazy\" decoding=\"async\" width=\"580\" height=\"400\" src=\"https:\/\/kapitalis.com\/tunisie\/wp-content\/uploads\/2026\/04\/Libye-Dollar-580x400.jpg\" class=\"full-width wp-post-image\" alt=\"Des entreprises \u00e9trang\u00e8res r\u00e9clament plus de 130 milliards de dollars \u00e0 la Libye\u00a0!\" title=\"Libye-Dollar\" \/><div class=\"cmsmasters_img_rollover\"><a href=\"https:\/\/kapitalis.com\/tunisie\/2026\/04\/28\/des-entreprises-etrangeres-reclament-plus-de-130-milliards-de-dollars-a-la-libye\/\" title=\"Des entreprises \u00e9trang\u00e8res r\u00e9clament plus de 130 milliards de dollars \u00e0 la Libye\u00a0!\" class=\"cmsmasters_open_link\"><\/a><\/div><\/figure><\/div><div class=\"cmsmasters_slider_post_inner\"><span class=\"cmsmasters_slider_post_date cmsmasters-icon-custom-icon-clock\"><abbr class=\"published\" title=\"28 avril 2026\">28 avril 2026<\/abbr><abbr class=\"dn date updated\" title=\"28 avril 2026\">28 avril 2026<\/abbr><\/span><header class=\"cmsmasters_slider_post_header entry-header\"><h4 class=\"cmsmasters_slider_post_title entry-title\"><a title=\"Des entreprises \u00e9trang\u00e8res r\u00e9clament plus de 130 milliards de dollars \u00e0 la Libye\u00a0!\" href=\"https:\/\/kapitalis.com\/tunisie\/2026\/04\/28\/des-entreprises-etrangeres-reclament-plus-de-130-milliards-de-dollars-a-la-libye\/\">Des entreprises \u00e9trang\u00e8res r\u00e9clament plus de 130 milliards de dollars \u00e0 la Libye\u00a0!<\/a><\/h4><\/header><\/div>\t<\/div>\r\n<\/article>\r\n<!-- Finish Posts Slider Post Article  -->\r\n\r\n<\/div><div class=\"cmsmasters_owl_slider_item\"><!-- Start Posts Slider Post Article  -->\r\n<article id=\"post-18700092\" class=\"cmsmasters_slider_post post-18700092 post type-post status-publish format-standard has-post-thumbnail hentry category-culture category-societe category-tunisie tag-dhia-khaled tag-ertificat-officiel-dinscription tag-geoparc-dahar tag-tunisie tag-unesco\">\r\n\t<div class=\"cmsmasters_slider_post_outer\">\r\n\t<div class=\"cmsmasters_slider_post_img_wrap\"><figure class=\"cmsmasters_img_rollover_wrap preloader\"><img loading=\"lazy\" decoding=\"async\" width=\"580\" height=\"400\" src=\"https:\/\/kapitalis.com\/tunisie\/wp-content\/uploads\/2026\/04\/certificat-Geoparc-Dahar-580x400.jpg\" class=\"full-width wp-post-image\" alt=\"La Tunisie re\u00e7oit le certificat d\u2019adh\u00e9sion du G\u00e9oparc Dahar \u00e0 l&rsquo;Unesco\" title=\"certificat G\u00e9oparc Dahar\" \/><div class=\"cmsmasters_img_rollover\"><a href=\"https:\/\/kapitalis.com\/tunisie\/2026\/04\/27\/la-tunisie-recoit-le-certificat-dadhesion-du-geoparc-dahar-a-lunesco\/\" title=\"La Tunisie re\u00e7oit le certificat d\u2019adh\u00e9sion du G\u00e9oparc Dahar \u00e0 l&rsquo;Unesco\" class=\"cmsmasters_open_link\"><\/a><\/div><\/figure><\/div><div class=\"cmsmasters_slider_post_inner\"><span class=\"cmsmasters_slider_post_date cmsmasters-icon-custom-icon-clock\"><abbr class=\"published\" title=\"27 avril 2026\">27 avril 2026<\/abbr><abbr class=\"dn date updated\" title=\"27 avril 2026\">27 avril 2026<\/abbr><\/span><header class=\"cmsmasters_slider_post_header entry-header\"><h4 class=\"cmsmasters_slider_post_title entry-title\"><a title=\"La Tunisie re\u00e7oit le certificat d\u2019adh\u00e9sion du G\u00e9oparc Dahar \u00e0 l&rsquo;Unesco\" href=\"https:\/\/kapitalis.com\/tunisie\/2026\/04\/27\/la-tunisie-recoit-le-certificat-dadhesion-du-geoparc-dahar-a-lunesco\/\">La Tunisie re\u00e7oit le certificat d\u2019adh\u00e9sion du G\u00e9oparc Dahar \u00e0 l&rsquo;Unesco<\/a><\/h4><\/header><\/div>\t<\/div>\r\n<\/article>\r\n<!-- Finish Posts Slider Post Article  -->\r\n\r\n<\/div><div class=\"cmsmasters_owl_slider_item\"><!-- Start Posts Slider Post Article  -->\r\n<article id=\"post-18700052\" class=\"cmsmasters_slider_post post-18700052 post type-post status-publish format-standard has-post-thumbnail hentry category-societe category-tunisie tag-abidjan tag-affrontements-armes tag-bamako tag-mali tag-tunis-carthage tag-tunisair tag-tunisie\">\r\n\t<div class=\"cmsmasters_slider_post_outer\">\r\n\t<div class=\"cmsmasters_slider_post_img_wrap\"><figure class=\"cmsmasters_img_rollover_wrap preloader\"><img loading=\"lazy\" decoding=\"async\" width=\"580\" height=\"400\" src=\"https:\/\/kapitalis.com\/tunisie\/wp-content\/uploads\/2024\/07\/Tunisair-Siege-580x400.jpg\" class=\"full-width wp-post-image\" alt=\"Tunisair | Des vols vers le Mali annul\u00e9s en raison de la situation s\u00e9curitaire\" title=\"Tunisair-Siege\" \/><div class=\"cmsmasters_img_rollover\"><a href=\"https:\/\/kapitalis.com\/tunisie\/2026\/04\/27\/tunisair-des-vols-vers-le-mali-annules-en-raison-de-la-situation-securitaire\/\" title=\"Tunisair | Des vols vers le Mali annul\u00e9s en raison de la situation s\u00e9curitaire\" class=\"cmsmasters_open_link\"><\/a><\/div><\/figure><\/div><div class=\"cmsmasters_slider_post_inner\"><span class=\"cmsmasters_slider_post_date cmsmasters-icon-custom-icon-clock\"><abbr class=\"published\" title=\"27 avril 2026\">27 avril 2026<\/abbr><abbr class=\"dn date updated\" title=\"27 avril 2026\">27 avril 2026<\/abbr><\/span><header class=\"cmsmasters_slider_post_header entry-header\"><h4 class=\"cmsmasters_slider_post_title entry-title\"><a title=\"Tunisair | Des vols vers le Mali annul\u00e9s en raison de la situation s\u00e9curitaire\" href=\"https:\/\/kapitalis.com\/tunisie\/2026\/04\/27\/tunisair-des-vols-vers-le-mali-annules-en-raison-de-la-situation-securitaire\/\">Tunisair | Des vols vers le Mali annul\u00e9s en raison de la situation s\u00e9curitaire<\/a><\/h4><\/header><\/div>\t<\/div>\r\n<\/article>\r\n<!-- Finish Posts Slider Post Article  -->\r\n\r\n<\/div><div class=\"cmsmasters_owl_slider_item\"><!-- Start Posts Slider Post Article  -->\r\n<article id=\"post-18699833\" class=\"cmsmasters_slider_post post-18699833 post type-post status-publish format-standard has-post-thumbnail hentry category-societe category-tunisie tag-drogue tag-el-gorjani-2 tag-hammamet tag-nabeul tag-trafic tag-tunisie\">\r\n\t<div class=\"cmsmasters_slider_post_outer\">\r\n\t<div class=\"cmsmasters_slider_post_img_wrap\"><figure class=\"cmsmasters_img_rollover_wrap preloader\"><img loading=\"lazy\" decoding=\"async\" width=\"580\" height=\"400\" src=\"https:\/\/kapitalis.com\/tunisie\/wp-content\/uploads\/2022\/09\/arrestation-deux-580x400.jpg\" class=\"full-width wp-post-image\" alt=\"Hammamet | Un vrai faux officier arr\u00eat\u00e9 pour trafic de drogue\" title=\"arrestation deux\" \/><div class=\"cmsmasters_img_rollover\"><a href=\"https:\/\/kapitalis.com\/tunisie\/2026\/04\/27\/hammamet-un-vrai-faux-officier-arrete-pour-trafic-de-drogue\/\" title=\"Hammamet | Un vrai faux officier arr\u00eat\u00e9 pour trafic de drogue\" class=\"cmsmasters_open_link\"><\/a><\/div><\/figure><\/div><div class=\"cmsmasters_slider_post_inner\"><span class=\"cmsmasters_slider_post_date cmsmasters-icon-custom-icon-clock\"><abbr class=\"published\" title=\"27 avril 2026\">27 avril 2026<\/abbr><abbr class=\"dn date updated\" title=\"27 avril 2026\">27 avril 2026<\/abbr><\/span><header class=\"cmsmasters_slider_post_header entry-header\"><h4 class=\"cmsmasters_slider_post_title entry-title\"><a title=\"Hammamet | Un vrai faux officier arr\u00eat\u00e9 pour trafic de drogue\" href=\"https:\/\/kapitalis.com\/tunisie\/2026\/04\/27\/hammamet-un-vrai-faux-officier-arrete-pour-trafic-de-drogue\/\">Hammamet | Un vrai faux officier arr\u00eat\u00e9 pour trafic de drogue<\/a><\/h4><\/header><\/div>\t<\/div>\r\n<\/article>\r\n<!-- Finish Posts Slider Post Article  -->\r\n\r\n<\/div><\/div><\/div><br \/>\n<div id=\"cmsmasters_divider_t5warqa3yf\" class=\"cmsmasters_divider cmsmasters_divider_width_long cmsmasters_divider_pos_center\"><\/div>\n<\/div><\/div>\n<\/div>\n<\/div>\n<\/div>\n<\/div>\n<\/div>\n<br \/>\n<div id=\"cmsmasters_row_icr6gle0y\" class=\"cmsmasters_row cmsmasters_color_scheme_default cmsmasters_row_top_default cmsmasters_row_bot_default cmsmasters_row_boxed\">\n<div class=\"cmsmasters_row_outer_parent\">\n<div class=\"cmsmasters_row_outer\">\n<div class=\"cmsmasters_row_inner\">\n<div class=\"cmsmasters_row_margin\">\n<div id=\"cmsmasters_column_yegr0nuve8\" class=\"cmsmasters_column three_fourth\">\n<div class=\"cmsmasters_column_inner\"><div id=\"cmsmasters_heading_tkrh5699tn\" class=\"cmsmasters_heading_wrap cmsmasters_heading_align_left\">\n\t<h2 class=\"cmsmasters_heading\">POLITIQUE<\/h2>\n<\/div>\n<div id=\"blog_fn8j7vz0e\" class=\"cmsmasters_wrap_blog entry-summary\" data-layout=\"columns\" data-layout-mode=\"grid\" data-url=\"https:\/\/kapitalis.com\/tunisie\/wp-content\/plugins\/cmsmasters-content-composer\/\" data-orderby=\"date\" data-order=\"DESC\" data-count=\"7\" data-categories=\"politique\" data-metadata=\"title,date,excerpt,comments,views,more\" data-pagination=\"disabled\"><div class=\"blog columns grid cmsmasters_2 cmsmasters_with_featured\"><!-- Start Post Default Article  -->\r\n<article id=\"post-18701995\" class=\"cmsmasters_post_default post-18701995 post type-post status-publish format-standard has-post-thumbnail hentry category-a-la-une category-politique category-tribune category-tunisie tag-benjamin-netanyahu tag-dr-moez-ben-khemis tag-gaza tag-genocide tag-israel tag-nations-unies tag-nettoyage-ethnique tag-palestine\">\r\n\t<div class=\"cmsmasters_post_cont_wrap\">\r\n\t\t<div class=\"cmsmasters_post_img_wrap\"><figure class=\"cmsmasters_img_wrap\"><a href=\"https:\/\/kapitalis.com\/tunisie\/wp-content\/uploads\/2025\/02\/Gaza-Detruite.jpg\" title=\"Palestine | Les responsabilit\u00e9s du silence\" rel=\"ilightbox[img_18701995_69f09cdc944bd]\" class=\"cmsmasters_img_link\"><img loading=\"lazy\" decoding=\"async\" width=\"860\" height=\"452\" src=\"https:\/\/kapitalis.com\/tunisie\/wp-content\/uploads\/2025\/02\/Gaza-Detruite-860x452.jpg\" class=\" wp-post-image\" alt=\"Palestine | Les responsabilit\u00e9s du silence\" title=\"Gaza-Detruite\" srcset=\"https:\/\/kapitalis.com\/tunisie\/wp-content\/uploads\/2025\/02\/Gaza-Detruite-860x452.jpg 860w, https:\/\/kapitalis.com\/tunisie\/wp-content\/uploads\/2025\/02\/Gaza-Detruite-300x158.jpg 300w, https:\/\/kapitalis.com\/tunisie\/wp-content\/uploads\/2025\/02\/Gaza-Detruite-1024x538.jpg 1024w, https:\/\/kapitalis.com\/tunisie\/wp-content\/uploads\/2025\/02\/Gaza-Detruite-768x403.jpg 768w, https:\/\/kapitalis.com\/tunisie\/wp-content\/uploads\/2025\/02\/Gaza-Detruite-580x305.jpg 580w, https:\/\/kapitalis.com\/tunisie\/wp-content\/uploads\/2025\/02\/Gaza-Detruite-1160x609.jpg 1160w, https:\/\/kapitalis.com\/tunisie\/wp-content\/uploads\/2025\/02\/Gaza-Detruite.jpg 1200w\" sizes=\"auto, (max-width: 860px) 100vw, 860px\" \/><\/a><\/figure><\/div>\r\n\t\t<div class=\"cmsmasters_post_cont\">\r\n\t\t\t<div class=\"cmsmasters_post_info clearfix entry-meta\"><small class=\"cmsmasters_post_date cmsmasters-icon-custom-icon-clock\"><abbr class=\"published\" title=\"28 avril 2026\">28 avril 2026<\/abbr><abbr class=\"dn date updated\" title=\"28 avril 2026\">28 avril 2026<\/abbr><\/small><\/div><header class=\"cmsmasters_post_header entry-header\"><h2 class=\"cmsmasters_post_title entry-title\"><a href=\"https:\/\/kapitalis.com\/tunisie\/2026\/04\/28\/palestine-les-responsabilites-du-silence\/\">Palestine | Les responsabilit\u00e9s du silence<\/a><\/h2><\/header><div class=\"cmsmasters_post_content entry-content\">\n<p>Nommer la trag\u00e9die en Palestine ne suffit plus : il faut d\u00e9sormais en d\u00e9signer les auteurs et les complices. <\/p>\n<\/div>\n<footer class=\"cmsmasters_post_footer entry-meta\"><div class=\"cmsmasters_post_interface clearfix \"><span class=\"cmsmasters_views cmsmasters_post_views\"><span id=\"cmsmastersView-18701995\" class=\"cmsmastersView cmsmasters_theme_icon_view\"><span>40<\/span><\/span><\/span><span class=\"cmsmasters_comments cmsmasters_post_comments\"><a class=\"cmsmasters_theme_icon_comment\" href=\"https:\/\/kapitalis.com\/tunisie\/2026\/04\/28\/palestine-les-responsabilites-du-silence\/#respond\" title=\"Comment on Palestine | Les responsabilit\u00e9s du silence\"><span>0 <\/span><\/a><\/span><\/div><a class=\"cmsmasters_post_read_more\" href=\"https:\/\/kapitalis.com\/tunisie\/2026\/04\/28\/palestine-les-responsabilites-du-silence\/\">lire<\/a><\/footer>\t\t<\/div>\r\n\t<\/div>\r\n<\/article>\r\n<!-- Finish Post Default Article  -->\r\n\r\n<!-- Start Post Masonry Article  -->\r\n<article id=\"post-18701734\" class=\"cmsmasters_post_masonry post-18701734 post type-post status-publish format-standard has-post-thumbnail hentry category-economie category-politique category-tunisie tag-concessions tag-energies-renouvelables tag-fatma-thabet-chiboub tag-kais-saied-4 tag-salah-zouari\" data-category=\"economie politique tunisie\">\r\n\t<div class=\"cmsmasters_post_cont_wrap\">\r\n\t\t<div class=\"cmsmasters_post_img_wrap\"><figure class=\"cmsmasters_img_wrap\"><a href=\"https:\/\/kapitalis.com\/tunisie\/2026\/04\/28\/tunisie-les-dessous-du-limogeage-de-fatma-thabet-chiboub\/\" title=\"Tunisie | Les dessous du limogeage de Fatma Thabet-Chiboub\" class=\"cmsmasters_img_link\"><img loading=\"lazy\" decoding=\"async\" width=\"580\" height=\"305\" src=\"https:\/\/kapitalis.com\/tunisie\/wp-content\/uploads\/2025\/10\/Fatma-Chiboub-580x305.jpg\" class=\"full-width wp-post-image\" alt=\"Tunisie | Les dessous du limogeage de Fatma Thabet-Chiboub\" title=\"Fatma-Chiboub\" srcset=\"https:\/\/kapitalis.com\/tunisie\/wp-content\/uploads\/2025\/10\/Fatma-Chiboub-580x305.jpg 580w, https:\/\/kapitalis.com\/tunisie\/wp-content\/uploads\/2025\/10\/Fatma-Chiboub-300x158.jpg 300w, https:\/\/kapitalis.com\/tunisie\/wp-content\/uploads\/2025\/10\/Fatma-Chiboub-1024x538.jpg 1024w, https:\/\/kapitalis.com\/tunisie\/wp-content\/uploads\/2025\/10\/Fatma-Chiboub-768x403.jpg 768w, https:\/\/kapitalis.com\/tunisie\/wp-content\/uploads\/2025\/10\/Fatma-Chiboub-860x452.jpg 860w, https:\/\/kapitalis.com\/tunisie\/wp-content\/uploads\/2025\/10\/Fatma-Chiboub-1160x609.jpg 1160w, https:\/\/kapitalis.com\/tunisie\/wp-content\/uploads\/2025\/10\/Fatma-Chiboub.jpg 1200w\" sizes=\"auto, (max-width: 580px) 100vw, 580px\" \/><\/a><\/figure><\/div>\r\n\t\t<div class=\"cmsmasters_post_cont\">\r\n\t\t\t<div class=\"cmsmasters_post_info clearfix\"><small class=\"cmsmasters_post_date cmsmasters-icon-custom-icon-clock\"><abbr class=\"published\" title=\"28 avril 2026\">28 avril 2026<\/abbr><abbr class=\"dn date updated\" title=\"28 avril 2026\">28 avril 2026<\/abbr><\/small><span class=\"cmsmasters_views cmsmasters_post_views\"><span id=\"cmsmastersView-18701734\" class=\"cmsmastersView cmsmasters_theme_icon_view\"><span>200<\/span><\/span><\/span><span class=\"cmsmasters_comments cmsmasters_post_comments\"><a class=\"cmsmasters_theme_icon_comment\" href=\"https:\/\/kapitalis.com\/tunisie\/2026\/04\/28\/tunisie-les-dessous-du-limogeage-de-fatma-thabet-chiboub\/#respond\" title=\"Comment on Tunisie | Les dessous du limogeage de Fatma Thabet-Chiboub\"><span>0 <\/span><\/a><\/span><\/div><header class=\"cmsmasters_post_header entry-header\"><h3 class=\"cmsmasters_post_title entry-title\"><a href=\"https:\/\/kapitalis.com\/tunisie\/2026\/04\/28\/tunisie-les-dessous-du-limogeage-de-fatma-thabet-chiboub\/\">Tunisie | Les dessous du limogeage de Fatma Thabet-Chiboub<\/a><\/h3><\/header><div class=\"cmsmasters_post_content entry-content\">\n<p>Pourquoi le pr\u00e9sident Kais Sa\u00efed a-t-il d\u00e9mis de ses fonctions la ministre de l\u2019Industrie, des Mines et de l\u2019Energie, Fatma Thabet Chiboub ?<\/p>\n<\/div>\n<footer class=\"cmsmasters_post_footer entry-meta\"><div class=\"cmsmasters_post_interface clearfix \"><\/div><a class=\"cmsmasters_post_read_more\" href=\"https:\/\/kapitalis.com\/tunisie\/2026\/04\/28\/tunisie-les-dessous-du-limogeage-de-fatma-thabet-chiboub\/\">lire<\/a><\/footer>\t\t<\/div>\r\n\t<\/div>\r\n<\/article>\r\n<!-- Finish Post Masonry Article  -->\r\n\r\n<!-- Start Post Masonry Article  -->\r\n<article id=\"post-18701571\" class=\"cmsmasters_post_masonry post-18701571 post type-post status-publish format-standard has-post-thumbnail hentry category-a-la-une category-culture category-politique tag-el-hasher tag-forces-de-soutien-rapide tag-hemedti-dagalo tag-musee-du-sultan-ali-dinar tag-nyala tag-soudan tag-unesco\" data-category=\"a-la-une culture politique\">\r\n\t<div class=\"cmsmasters_post_cont_wrap\">\r\n\t\t<div class=\"cmsmasters_post_img_wrap\"><figure class=\"cmsmasters_img_wrap\"><a href=\"https:\/\/kapitalis.com\/tunisie\/2026\/04\/28\/soudan-les-musees-pilles-et-les-tresors-vendus\/\" title=\"Soudan | Les mus\u00e9es pill\u00e9s et les tr\u00e9sors vendus !\" class=\"cmsmasters_img_link\"><img loading=\"lazy\" decoding=\"async\" width=\"580\" height=\"305\" src=\"https:\/\/kapitalis.com\/tunisie\/wp-content\/uploads\/2026\/04\/Musee-National-Soudanais-580x305.jpg\" class=\"full-width wp-post-image\" alt=\"Soudan | Les mus\u00e9es pill\u00e9s et les tr\u00e9sors vendus !\" title=\"Musee-National-Soudanais\" srcset=\"https:\/\/kapitalis.com\/tunisie\/wp-content\/uploads\/2026\/04\/Musee-National-Soudanais-580x305.jpg 580w, https:\/\/kapitalis.com\/tunisie\/wp-content\/uploads\/2026\/04\/Musee-National-Soudanais-300x158.jpg 300w, https:\/\/kapitalis.com\/tunisie\/wp-content\/uploads\/2026\/04\/Musee-National-Soudanais-1024x538.jpg 1024w, https:\/\/kapitalis.com\/tunisie\/wp-content\/uploads\/2026\/04\/Musee-National-Soudanais-768x403.jpg 768w, https:\/\/kapitalis.com\/tunisie\/wp-content\/uploads\/2026\/04\/Musee-National-Soudanais-860x452.jpg 860w, https:\/\/kapitalis.com\/tunisie\/wp-content\/uploads\/2026\/04\/Musee-National-Soudanais-1160x609.jpg 1160w, https:\/\/kapitalis.com\/tunisie\/wp-content\/uploads\/2026\/04\/Musee-National-Soudanais.jpg 1200w\" sizes=\"auto, (max-width: 580px) 100vw, 580px\" \/><\/a><\/figure><\/div>\r\n\t\t<div class=\"cmsmasters_post_cont\">\r\n\t\t\t<div class=\"cmsmasters_post_info clearfix\"><small class=\"cmsmasters_post_date cmsmasters-icon-custom-icon-clock\"><abbr class=\"published\" title=\"28 avril 2026\">28 avril 2026<\/abbr><abbr class=\"dn date updated\" title=\"28 avril 2026\">28 avril 2026<\/abbr><\/small><span class=\"cmsmasters_views cmsmasters_post_views\"><span id=\"cmsmastersView-18701571\" class=\"cmsmastersView cmsmasters_theme_icon_view\"><span>42<\/span><\/span><\/span><span class=\"cmsmasters_comments cmsmasters_post_comments\"><a class=\"cmsmasters_theme_icon_comment\" href=\"https:\/\/kapitalis.com\/tunisie\/2026\/04\/28\/soudan-les-musees-pilles-et-les-tresors-vendus\/#comments\" title=\"Comment on Soudan | Les mus\u00e9es pill\u00e9s et les tr\u00e9sors vendus !\"><span>1 <\/span><\/a><\/span><\/div><header class=\"cmsmasters_post_header entry-header\"><h3 class=\"cmsmasters_post_title entry-title\"><a href=\"https:\/\/kapitalis.com\/tunisie\/2026\/04\/28\/soudan-les-musees-pilles-et-les-tresors-vendus\/\">Soudan | Les mus\u00e9es pill\u00e9s et les tr\u00e9sors vendus !<\/a><\/h3><\/header><div class=\"cmsmasters_post_content entry-content\">\n<p>Selon l'Unesco, les mus\u00e9es soudanais sont pill\u00e9s par les groupes arm\u00e9s et leurs tr\u00e9sors sont vendus \u00e0 l\u2019\u00e9tranger. <\/p>\n<\/div>\n<footer class=\"cmsmasters_post_footer entry-meta\"><div class=\"cmsmasters_post_interface clearfix \"><\/div><a class=\"cmsmasters_post_read_more\" href=\"https:\/\/kapitalis.com\/tunisie\/2026\/04\/28\/soudan-les-musees-pilles-et-les-tresors-vendus\/\">lire<\/a><\/footer>\t\t<\/div>\r\n\t<\/div>\r\n<\/article>\r\n<!-- Finish Post Masonry Article  -->\r\n\r\n<!-- Start Post Masonry Article  -->\r\n<article id=\"post-18701362\" class=\"cmsmasters_post_masonry post-18701362 post type-post status-publish format-standard has-post-thumbnail hentry category-a-la-une category-economie category-politique category-tribune category-tunisie tag-arbitrage-international tag-concessions tag-electricite tag-energie-renouvelable tag-entreprises-etrangeres tag-sami-jallouli tag-steg tag-tunisie\" data-category=\"a-la-une economie politique tribune tunisie\">\r\n\t<div class=\"cmsmasters_post_cont_wrap\">\r\n\t\t<div class=\"cmsmasters_post_img_wrap\"><figure class=\"cmsmasters_img_wrap\"><a href=\"https:\/\/kapitalis.com\/tunisie\/2026\/04\/28\/tunisie-a-propos-de-loctroi-de-concessions-denergie-renouvelable-a-des-entreprises-etrangeres\/\" title=\"Tunisie | A propos de l\u2019octroi de concessions d\u2019\u00e9nergie renouvelable \u00e0 des entreprises \u00e9trang\u00e8res\" class=\"cmsmasters_img_link\"><img loading=\"lazy\" decoding=\"async\" width=\"580\" height=\"305\" src=\"https:\/\/kapitalis.com\/tunisie\/wp-content\/uploads\/2025\/12\/Centrale-solaire-photovoltaique-Metbasta-Kairouan-580x305.jpg\" class=\"full-width wp-post-image\" alt=\"Tunisie | A propos de l\u2019octroi de concessions d\u2019\u00e9nergie renouvelable \u00e0 des entreprises \u00e9trang\u00e8res\" title=\"Centrale-solaire-photovoltaique-Metbasta-Kairouan\" srcset=\"https:\/\/kapitalis.com\/tunisie\/wp-content\/uploads\/2025\/12\/Centrale-solaire-photovoltaique-Metbasta-Kairouan-580x305.jpg 580w, https:\/\/kapitalis.com\/tunisie\/wp-content\/uploads\/2025\/12\/Centrale-solaire-photovoltaique-Metbasta-Kairouan-300x158.jpg 300w, https:\/\/kapitalis.com\/tunisie\/wp-content\/uploads\/2025\/12\/Centrale-solaire-photovoltaique-Metbasta-Kairouan-1024x538.jpg 1024w, https:\/\/kapitalis.com\/tunisie\/wp-content\/uploads\/2025\/12\/Centrale-solaire-photovoltaique-Metbasta-Kairouan-768x403.jpg 768w, https:\/\/kapitalis.com\/tunisie\/wp-content\/uploads\/2025\/12\/Centrale-solaire-photovoltaique-Metbasta-Kairouan-860x452.jpg 860w, https:\/\/kapitalis.com\/tunisie\/wp-content\/uploads\/2025\/12\/Centrale-solaire-photovoltaique-Metbasta-Kairouan-1160x609.jpg 1160w, https:\/\/kapitalis.com\/tunisie\/wp-content\/uploads\/2025\/12\/Centrale-solaire-photovoltaique-Metbasta-Kairouan.jpg 1200w\" sizes=\"auto, (max-width: 580px) 100vw, 580px\" \/><\/a><\/figure><\/div>\r\n\t\t<div class=\"cmsmasters_post_cont\">\r\n\t\t\t<div class=\"cmsmasters_post_info clearfix\"><small class=\"cmsmasters_post_date cmsmasters-icon-custom-icon-clock\"><abbr class=\"published\" title=\"28 avril 2026\">28 avril 2026<\/abbr><abbr class=\"dn date updated\" title=\"28 avril 2026\">28 avril 2026<\/abbr><\/small><span class=\"cmsmasters_views cmsmasters_post_views\"><span id=\"cmsmastersView-18701362\" class=\"cmsmastersView cmsmasters_theme_icon_view\"><span>222<\/span><\/span><\/span><span class=\"cmsmasters_comments cmsmasters_post_comments\"><a class=\"cmsmasters_theme_icon_comment\" href=\"https:\/\/kapitalis.com\/tunisie\/2026\/04\/28\/tunisie-a-propos-de-loctroi-de-concessions-denergie-renouvelable-a-des-entreprises-etrangeres\/#comments\" title=\"Comment on Tunisie | A propos de l\u2019octroi de concessions d\u2019\u00e9nergie renouvelable \u00e0 des entreprises \u00e9trang\u00e8res\"><span>1 <\/span><\/a><\/span><\/div><header class=\"cmsmasters_post_header entry-header\"><h3 class=\"cmsmasters_post_title entry-title\"><a href=\"https:\/\/kapitalis.com\/tunisie\/2026\/04\/28\/tunisie-a-propos-de-loctroi-de-concessions-denergie-renouvelable-a-des-entreprises-etrangeres\/\">Tunisie | A propos de l\u2019octroi de concessions d\u2019\u00e9nergie renouvelable \u00e0 des entreprises \u00e9trang\u00e8res<\/a><\/h3><\/header><div class=\"cmsmasters_post_content entry-content\">\n<p>La Tunisie doit faire attention \u00e0 certains points cruciaux en attribuant des concessions d'\u00e9nergie renouvelable \u00e0 des soci\u00e9t\u00e9s \u00e9trang\u00e8res. <\/p>\n<\/div>\n<footer class=\"cmsmasters_post_footer entry-meta\"><div class=\"cmsmasters_post_interface clearfix \"><\/div><a class=\"cmsmasters_post_read_more\" href=\"https:\/\/kapitalis.com\/tunisie\/2026\/04\/28\/tunisie-a-propos-de-loctroi-de-concessions-denergie-renouvelable-a-des-entreprises-etrangeres\/\">lire<\/a><\/footer>\t\t<\/div>\r\n\t<\/div>\r\n<\/article>\r\n<!-- Finish Post Masonry Article  -->\r\n\r\n<!-- Start Post Masonry Article  -->\r\n<article id=\"post-18698852\" class=\"cmsmasters_post_masonry post-18698852 post type-post status-publish format-standard has-post-thumbnail hentry category-politique category-societe category-tunisie tag-greve-de-la-faim-2 tag-jawher-ben-mbarek tag-prison tag-sers tag-tunisie\" data-category=\"politique societe tunisie\">\r\n\t<div class=\"cmsmasters_post_cont_wrap\">\r\n\t\t<div class=\"cmsmasters_post_img_wrap\"><figure class=\"cmsmasters_img_wrap\"><a href=\"https:\/\/kapitalis.com\/tunisie\/2026\/04\/27\/jawher-ben-mbarek-suspend-sa-greve-de-la-faim\/\" title=\"Jawher Ben Mbarek suspend sa gr\u00e8ve de la faim\" class=\"cmsmasters_img_link\"><img loading=\"lazy\" decoding=\"async\" width=\"580\" height=\"305\" src=\"https:\/\/kapitalis.com\/tunisie\/wp-content\/uploads\/2024\/05\/Jawhar-Ben-Mbarek-580x305.jpg\" class=\"full-width wp-post-image\" alt=\"Jawher Ben Mbarek suspend sa gr\u00e8ve de la faim\" title=\"Jawhar Ben Mbarek\" srcset=\"https:\/\/kapitalis.com\/tunisie\/wp-content\/uploads\/2024\/05\/Jawhar-Ben-Mbarek-580x305.jpg 580w, https:\/\/kapitalis.com\/tunisie\/wp-content\/uploads\/2024\/05\/Jawhar-Ben-Mbarek-300x158.jpg 300w, https:\/\/kapitalis.com\/tunisie\/wp-content\/uploads\/2024\/05\/Jawhar-Ben-Mbarek-1024x538.jpg 1024w, https:\/\/kapitalis.com\/tunisie\/wp-content\/uploads\/2024\/05\/Jawhar-Ben-Mbarek-768x403.jpg 768w, https:\/\/kapitalis.com\/tunisie\/wp-content\/uploads\/2024\/05\/Jawhar-Ben-Mbarek-860x452.jpg 860w, https:\/\/kapitalis.com\/tunisie\/wp-content\/uploads\/2024\/05\/Jawhar-Ben-Mbarek-1160x609.jpg 1160w, https:\/\/kapitalis.com\/tunisie\/wp-content\/uploads\/2024\/05\/Jawhar-Ben-Mbarek.jpg 1200w\" sizes=\"auto, (max-width: 580px) 100vw, 580px\" \/><\/a><\/figure><\/div>\r\n\t\t<div class=\"cmsmasters_post_cont\">\r\n\t\t\t<div class=\"cmsmasters_post_info clearfix\"><small class=\"cmsmasters_post_date cmsmasters-icon-custom-icon-clock\"><abbr class=\"published\" title=\"27 avril 2026\">27 avril 2026<\/abbr><abbr class=\"dn date updated\" title=\"27 avril 2026\">27 avril 2026<\/abbr><\/small><span class=\"cmsmasters_views cmsmasters_post_views\"><span id=\"cmsmastersView-18698852\" class=\"cmsmastersView cmsmasters_theme_icon_view\"><span>124<\/span><\/span><\/span><span class=\"cmsmasters_comments cmsmasters_post_comments\"><a class=\"cmsmasters_theme_icon_comment\" href=\"https:\/\/kapitalis.com\/tunisie\/2026\/04\/27\/jawher-ben-mbarek-suspend-sa-greve-de-la-faim\/#respond\" title=\"Comment on Jawher Ben Mbarek suspend sa gr\u00e8ve de la faim\"><span>0 <\/span><\/a><\/span><\/div><header class=\"cmsmasters_post_header entry-header\"><h3 class=\"cmsmasters_post_title entry-title\"><a href=\"https:\/\/kapitalis.com\/tunisie\/2026\/04\/27\/jawher-ben-mbarek-suspend-sa-greve-de-la-faim\/\">Jawher Ben Mbarek suspend sa gr\u00e8ve de la faim<\/a><\/h3><\/header><div class=\"cmsmasters_post_content entry-content\">\n<p>Apr\u00e8s un mois de mobilisation, l&rsquo;opposant politique Jawher Ben Mbarek, d\u00e9tenu \u00e0 la prison du Sers, a annonc\u00e9 ce lundi...<\/p>\n<\/div>\n<footer class=\"cmsmasters_post_footer entry-meta\"><div class=\"cmsmasters_post_interface clearfix \"><\/div><a class=\"cmsmasters_post_read_more\" href=\"https:\/\/kapitalis.com\/tunisie\/2026\/04\/27\/jawher-ben-mbarek-suspend-sa-greve-de-la-faim\/\">lire<\/a><\/footer>\t\t<\/div>\r\n\t<\/div>\r\n<\/article>\r\n<!-- Finish Post Masonry Article  -->\r\n\r\n<!-- Start Post Masonry Article  -->\r\n<article id=\"post-18696675\" class=\"cmsmasters_post_masonry post-18696675 post type-post status-publish format-standard has-post-thumbnail hentry category-media category-politique category-tunisie tag-article-86 tag-borhane-bsaies-2 tag-code-des-telecommunications tag-decret-115 tag-decret-54 tag-inkyfada tag-journalistes tag-liberte-dexpression-2 tag-mourad-zeghidi tag-sonia-dahmani tag-zied-el-hani-2\" data-category=\"media politique tunisie\">\r\n\t<div class=\"cmsmasters_post_cont_wrap\">\r\n\t\t<div class=\"cmsmasters_post_img_wrap\"><figure class=\"cmsmasters_img_wrap\"><a href=\"https:\/\/kapitalis.com\/tunisie\/2026\/04\/27\/declaration-de-soutien-au-journaliste-zied-el-hani\/\" title=\"D\u00e9claration de soutien au journaliste Zied El Hani\" class=\"cmsmasters_img_link\"><img loading=\"lazy\" decoding=\"async\" width=\"580\" height=\"305\" src=\"https:\/\/kapitalis.com\/tunisie\/wp-content\/uploads\/2024\/01\/Zied-El-Hani-580x305.jpg\" class=\"full-width wp-post-image\" alt=\"D\u00e9claration de soutien au journaliste Zied El Hani\" title=\"Zied-El-Hani\" srcset=\"https:\/\/kapitalis.com\/tunisie\/wp-content\/uploads\/2024\/01\/Zied-El-Hani-580x305.jpg 580w, https:\/\/kapitalis.com\/tunisie\/wp-content\/uploads\/2024\/01\/Zied-El-Hani-300x158.jpg 300w, https:\/\/kapitalis.com\/tunisie\/wp-content\/uploads\/2024\/01\/Zied-El-Hani-1024x538.jpg 1024w, https:\/\/kapitalis.com\/tunisie\/wp-content\/uploads\/2024\/01\/Zied-El-Hani-768x403.jpg 768w, https:\/\/kapitalis.com\/tunisie\/wp-content\/uploads\/2024\/01\/Zied-El-Hani-860x452.jpg 860w, https:\/\/kapitalis.com\/tunisie\/wp-content\/uploads\/2024\/01\/Zied-El-Hani-1160x609.jpg 1160w, https:\/\/kapitalis.com\/tunisie\/wp-content\/uploads\/2024\/01\/Zied-El-Hani.jpg 1200w\" sizes=\"auto, (max-width: 580px) 100vw, 580px\" \/><\/a><\/figure><\/div>\r\n\t\t<div class=\"cmsmasters_post_cont\">\r\n\t\t\t<div class=\"cmsmasters_post_info clearfix\"><small class=\"cmsmasters_post_date cmsmasters-icon-custom-icon-clock\"><abbr class=\"published\" title=\"27 avril 2026\">27 avril 2026<\/abbr><abbr class=\"dn date updated\" title=\"27 avril 2026\">27 avril 2026<\/abbr><\/small><span class=\"cmsmasters_views cmsmasters_post_views\"><span id=\"cmsmastersView-18696675\" class=\"cmsmastersView cmsmasters_theme_icon_view\"><span>137<\/span><\/span><\/span><span class=\"cmsmasters_comments cmsmasters_post_comments\"><a class=\"cmsmasters_theme_icon_comment\" href=\"https:\/\/kapitalis.com\/tunisie\/2026\/04\/27\/declaration-de-soutien-au-journaliste-zied-el-hani\/#respond\" title=\"Comment on D\u00e9claration de soutien au journaliste Zied El Hani\"><span>0 <\/span><\/a><\/span><\/div><header class=\"cmsmasters_post_header entry-header\"><h3 class=\"cmsmasters_post_title entry-title\"><a href=\"https:\/\/kapitalis.com\/tunisie\/2026\/04\/27\/declaration-de-soutien-au-journaliste-zied-el-hani\/\">D\u00e9claration de soutien au journaliste Zied El Hani<\/a><\/h3><\/header><div class=\"cmsmasters_post_content entry-content\">\n<p>D\u00e9claration de soutien au journaliste Zied El Hani et appel \u00e0 sa lib\u00e9ration et \u00e0 la fin du harc\u00e8lement des m\u00e9dias.<\/p>\n<\/div>\n<footer class=\"cmsmasters_post_footer entry-meta\"><div class=\"cmsmasters_post_interface clearfix \"><\/div><a class=\"cmsmasters_post_read_more\" href=\"https:\/\/kapitalis.com\/tunisie\/2026\/04\/27\/declaration-de-soutien-au-journaliste-zied-el-hani\/\">lire<\/a><\/footer>\t\t<\/div>\r\n\t<\/div>\r\n<\/article>\r\n<!-- Finish Post Masonry Article  -->\r\n\r\n<!-- Start Post Masonry Article  -->\r\n<article id=\"post-18695763\" class=\"cmsmasters_post_masonry post-18695763 post type-post status-publish format-standard has-post-thumbnail hentry category-a-la-une category-politique category-tunisie tag-abbas-araghchi tag-ahmad-vahidi tag-detroit-dormuz tag-donald-trump tag-gardiens-de-la-revolution tag-j-d-vance tag-mohammad-bagher-ghalibaf tag-steve-wittkopf\" data-category=\"a-la-une politique tunisie\">\r\n\t<div class=\"cmsmasters_post_cont_wrap\">\r\n\t\t<div class=\"cmsmasters_post_img_wrap\"><figure class=\"cmsmasters_img_wrap\"><a href=\"https:\/\/kapitalis.com\/tunisie\/2026\/04\/27\/iran-divisions-a-propos-des-negociations-avec-les-americains\/\" title=\"Iran | Divisions \u00e0 propos des n\u00e9gociations avec les Am\u00e9ricains\" class=\"cmsmasters_img_link\"><img loading=\"lazy\" decoding=\"async\" width=\"580\" height=\"305\" src=\"https:\/\/kapitalis.com\/tunisie\/wp-content\/uploads\/2024\/10\/Teheran-580x305.jpg\" class=\"full-width wp-post-image\" alt=\"Iran | Divisions \u00e0 propos des n\u00e9gociations avec les Am\u00e9ricains\" title=\"Teheran\" srcset=\"https:\/\/kapitalis.com\/tunisie\/wp-content\/uploads\/2024\/10\/Teheran-580x305.jpg 580w, https:\/\/kapitalis.com\/tunisie\/wp-content\/uploads\/2024\/10\/Teheran-300x158.jpg 300w, https:\/\/kapitalis.com\/tunisie\/wp-content\/uploads\/2024\/10\/Teheran-1024x538.jpg 1024w, https:\/\/kapitalis.com\/tunisie\/wp-content\/uploads\/2024\/10\/Teheran-768x403.jpg 768w, https:\/\/kapitalis.com\/tunisie\/wp-content\/uploads\/2024\/10\/Teheran-860x452.jpg 860w, https:\/\/kapitalis.com\/tunisie\/wp-content\/uploads\/2024\/10\/Teheran-1160x609.jpg 1160w, https:\/\/kapitalis.com\/tunisie\/wp-content\/uploads\/2024\/10\/Teheran.jpg 1200w\" sizes=\"auto, (max-width: 580px) 100vw, 580px\" \/><\/a><\/figure><\/div>\r\n\t\t<div class=\"cmsmasters_post_cont\">\r\n\t\t\t<div class=\"cmsmasters_post_info clearfix\"><small class=\"cmsmasters_post_date cmsmasters-icon-custom-icon-clock\"><abbr class=\"published\" title=\"27 avril 2026\">27 avril 2026<\/abbr><abbr class=\"dn date updated\" title=\"27 avril 2026\">27 avril 2026<\/abbr><\/small><span class=\"cmsmasters_views cmsmasters_post_views\"><span id=\"cmsmastersView-18695763\" class=\"cmsmastersView cmsmasters_theme_icon_view\"><span>70<\/span><\/span><\/span><span class=\"cmsmasters_comments cmsmasters_post_comments\"><a class=\"cmsmasters_theme_icon_comment\" href=\"https:\/\/kapitalis.com\/tunisie\/2026\/04\/27\/iran-divisions-a-propos-des-negociations-avec-les-americains\/#respond\" title=\"Comment on Iran | Divisions \u00e0 propos des n\u00e9gociations avec les Am\u00e9ricains\"><span>0 <\/span><\/a><\/span><\/div><header class=\"cmsmasters_post_header entry-header\"><h3 class=\"cmsmasters_post_title entry-title\"><a href=\"https:\/\/kapitalis.com\/tunisie\/2026\/04\/27\/iran-divisions-a-propos-des-negociations-avec-les-americains\/\">Iran | Divisions \u00e0 propos des n\u00e9gociations avec les Am\u00e9ricains<\/a><\/h3><\/header><div class=\"cmsmasters_post_content entry-content\">\n<p>Des tensions au sein du pouvoir iranien concernant les n\u00e9gociations avec les \u00c9tats-Unis ont \u00e9clat\u00e9 au grand jour. <\/p>\n<\/div>\n<footer class=\"cmsmasters_post_footer entry-meta\"><div class=\"cmsmasters_post_interface clearfix \"><\/div><a class=\"cmsmasters_post_read_more\" href=\"https:\/\/kapitalis.com\/tunisie\/2026\/04\/27\/iran-divisions-a-propos-des-negociations-avec-les-americains\/\">lire<\/a><\/footer>\t\t<\/div>\r\n\t<\/div>\r\n<\/article>\r\n<!-- Finish Post Masonry Article  -->\r\n\r\n<\/div><\/div>\n<\/div><\/div>\n<br \/>\n<div id=\"cmsmasters_column_rslx4pgkw\" class=\"cmsmasters_column one_fourth\">\n<div class=\"cmsmasters_column_inner\">\n<div class=\"cmsmasters_sidebar sidebar_layout_11\">\n<aside id=\"wpp-10\" class=\"widget popular-posts\">\n<h3 class=\"widgettitle\"><span>+ POLITIQUE<\/span><\/h3>            <div class=\"wpp-widget-placeholder\" data-widget-id=\"wpp-10\"><\/div>\r\n            \n<\/aside>\n<aside id=\"search-2\" class=\"widget widget_search\"><div class=\"search_bar_wrap\">\r\n\t\t<form method=\"get\" action=\"https:\/\/kapitalis.com\/tunisie\/\">\r\n\t\t\t<p class=\"search_field\">\r\n\t\t\t\t<input name=\"s\" placeholder=\"Rechercher...\" value=\"\" type=\"search\" \/>\r\n\t\t\t<\/p>\r\n\t\t\t<p class=\"search_button\">\r\n\t\t\t\t<button type=\"submit\" class=\"cmsmasters_theme_icon_search\"><\/button>\r\n\t\t\t<\/p>\r\n\t\t<\/form>\r\n\t<\/div><\/aside><aside id=\"custom_html-7\" class=\"widget_text widget widget_custom_html\"><div class=\"textwidget custom-html-widget\"><a href=\"https:\/\/kapitalis.com\/archive\/component\/search\/?searchword=&amp;searchphrase=all&amp;Itemid=101\" class=\"cmsmasters_button cmsmasters_but_clear_styles cmsmasters_but_icon_slide_left cmsmasters-icon-book-2\" target=\"_blank\"><span>Recherche dans l\u2019archive de Kapitalis<\/span><\/a><\/div><\/aside><aside id=\"custom_html-9\" class=\"widget_text widget widget_custom_html\"><div class=\"textwidget custom-html-widget\"><!-- Revive Adserver Asynchronous JS Tag - Generated with Revive Adserver v5.4.1 -->\r\n<ins data-revive-zoneid=\"7\" data-revive-id=\"4310beb3e9bda6a2e843bd088c740baa\"><\/ins>\r\n<script async src=\"\/\/kapitalis.com\/annonce2\/www\/delivery\/asyncjs.php\"><\/script><\/div><\/aside><div class=\"cl\"><\/div>\n<\/div>\n<\/div><\/div>\n<\/div>\n<\/div>\n<\/div>\n<\/div>\n<\/div>\n<br \/>\n<div id=\"cmsmasters_row_t6v400u4yr\" class=\"cmsmasters_row cmsmasters_color_scheme_default cmsmasters_row_top_default cmsmasters_row_bot_default cmsmasters_row_boxed\">\n<div class=\"cmsmasters_row_outer_parent\">\n<div class=\"cmsmasters_row_outer\">\n<div class=\"cmsmasters_row_inner\">\n<div class=\"cmsmasters_row_margin\">\n<div id=\"cmsmasters_column_8fj366rlwd\" class=\"cmsmasters_column one_first\">\n<div class=\"cmsmasters_column_inner\">\n<div id=\"cmsmasters_divider_y4z8a0rl8t\" class=\"cmsmasters_divider cmsmasters_divider_width_long cmsmasters_divider_pos_center\"><\/div>\n<\/div><\/div>\n<\/div>\n<\/div>\n<\/div>\n<\/div>\n<\/div>\n<div id=\"cmsmasters_row_g7z0a0kyln\" class=\"cmsmasters_row cmsmasters_color_scheme_default cmsmasters_row_top_default cmsmasters_row_bot_default cmsmasters_row_boxed\">\n<div class=\"cmsmasters_row_outer_parent\">\n<div class=\"cmsmasters_row_outer\">\n<div class=\"cmsmasters_row_inner\">\n<div class=\"cmsmasters_row_margin\">\n<div id=\"cmsmasters_column_9lr6x87hb\" class=\"cmsmasters_column three_fourth\">\n<div class=\"cmsmasters_column_inner\"><div id=\"cmsmasters_heading_y4a59drq4\" class=\"cmsmasters_heading_wrap cmsmasters_heading_align_left\">\n\t<h2 class=\"cmsmasters_heading\">ECONOMIE<\/h2>\n<\/div>\n<div id=\"blog_l5qo1kjjmu\" class=\"cmsmasters_wrap_blog entry-summary\" data-layout=\"columns\" data-layout-mode=\"grid\" data-url=\"https:\/\/kapitalis.com\/tunisie\/wp-content\/plugins\/cmsmasters-content-composer\/\" data-orderby=\"date\" data-order=\"DESC\" data-count=\"5\" data-categories=\"economie\" data-metadata=\"title,date,excerpt,comments,views,more\" data-pagination=\"disabled\"><div class=\"blog columns grid cmsmasters_2 cmsmasters_with_featured\"><!-- Start Post Default Article  -->\r\n<article id=\"post-18701734\" class=\"cmsmasters_post_default post-18701734 post type-post status-publish format-standard has-post-thumbnail hentry category-economie category-politique category-tunisie tag-concessions tag-energies-renouvelables tag-fatma-thabet-chiboub tag-kais-saied-4 tag-salah-zouari\">\r\n\t<div class=\"cmsmasters_post_cont_wrap\">\r\n\t\t<div class=\"cmsmasters_post_img_wrap\"><figure class=\"cmsmasters_img_wrap\"><a href=\"https:\/\/kapitalis.com\/tunisie\/wp-content\/uploads\/2025\/10\/Fatma-Chiboub.jpg\" title=\"Tunisie | Les dessous du limogeage de Fatma Thabet-Chiboub\" rel=\"ilightbox[img_18701734_69f09cdcb4e35]\" class=\"cmsmasters_img_link\"><img loading=\"lazy\" decoding=\"async\" width=\"860\" height=\"452\" src=\"https:\/\/kapitalis.com\/tunisie\/wp-content\/uploads\/2025\/10\/Fatma-Chiboub-860x452.jpg\" class=\" wp-post-image\" alt=\"Tunisie | Les dessous du limogeage de Fatma Thabet-Chiboub\" title=\"Fatma-Chiboub\" srcset=\"https:\/\/kapitalis.com\/tunisie\/wp-content\/uploads\/2025\/10\/Fatma-Chiboub-860x452.jpg 860w, https:\/\/kapitalis.com\/tunisie\/wp-content\/uploads\/2025\/10\/Fatma-Chiboub-300x158.jpg 300w, https:\/\/kapitalis.com\/tunisie\/wp-content\/uploads\/2025\/10\/Fatma-Chiboub-1024x538.jpg 1024w, https:\/\/kapitalis.com\/tunisie\/wp-content\/uploads\/2025\/10\/Fatma-Chiboub-768x403.jpg 768w, https:\/\/kapitalis.com\/tunisie\/wp-content\/uploads\/2025\/10\/Fatma-Chiboub-580x305.jpg 580w, https:\/\/kapitalis.com\/tunisie\/wp-content\/uploads\/2025\/10\/Fatma-Chiboub-1160x609.jpg 1160w, https:\/\/kapitalis.com\/tunisie\/wp-content\/uploads\/2025\/10\/Fatma-Chiboub.jpg 1200w\" sizes=\"auto, (max-width: 860px) 100vw, 860px\" \/><\/a><\/figure><\/div>\r\n\t\t<div class=\"cmsmasters_post_cont\">\r\n\t\t\t<div class=\"cmsmasters_post_info clearfix entry-meta\"><small class=\"cmsmasters_post_date cmsmasters-icon-custom-icon-clock\"><abbr class=\"published\" title=\"28 avril 2026\">28 avril 2026<\/abbr><abbr class=\"dn date updated\" title=\"28 avril 2026\">28 avril 2026<\/abbr><\/small><\/div><header class=\"cmsmasters_post_header entry-header\"><h2 class=\"cmsmasters_post_title entry-title\"><a href=\"https:\/\/kapitalis.com\/tunisie\/2026\/04\/28\/tunisie-les-dessous-du-limogeage-de-fatma-thabet-chiboub\/\">Tunisie | Les dessous du limogeage de Fatma Thabet-Chiboub<\/a><\/h2><\/header><div class=\"cmsmasters_post_content entry-content\">\n<p>Pourquoi le pr\u00e9sident Kais Sa\u00efed a-t-il d\u00e9mis de ses fonctions la ministre de l\u2019Industrie, des Mines et de l\u2019Energie, Fatma Thabet Chiboub ?<\/p>\n<\/div>\n<footer class=\"cmsmasters_post_footer entry-meta\"><div class=\"cmsmasters_post_interface clearfix \"><span class=\"cmsmasters_views cmsmasters_post_views\"><span id=\"cmsmastersView-18701734\" class=\"cmsmastersView cmsmasters_theme_icon_view\"><span>200<\/span><\/span><\/span><span class=\"cmsmasters_comments cmsmasters_post_comments\"><a class=\"cmsmasters_theme_icon_comment\" href=\"https:\/\/kapitalis.com\/tunisie\/2026\/04\/28\/tunisie-les-dessous-du-limogeage-de-fatma-thabet-chiboub\/#respond\" title=\"Comment on Tunisie | Les dessous du limogeage de Fatma Thabet-Chiboub\"><span>0 <\/span><\/a><\/span><\/div><a class=\"cmsmasters_post_read_more\" href=\"https:\/\/kapitalis.com\/tunisie\/2026\/04\/28\/tunisie-les-dessous-du-limogeage-de-fatma-thabet-chiboub\/\">lire<\/a><\/footer>\t\t<\/div>\r\n\t<\/div>\r\n<\/article>\r\n<!-- Finish Post Default Article  -->\r\n\r\n<!-- Start Post Masonry Article  -->\r\n<article id=\"post-18701362\" class=\"cmsmasters_post_masonry post-18701362 post type-post status-publish format-standard has-post-thumbnail hentry category-a-la-une category-economie category-politique category-tribune category-tunisie tag-arbitrage-international tag-concessions tag-electricite tag-energie-renouvelable tag-entreprises-etrangeres tag-sami-jallouli tag-steg tag-tunisie\" data-category=\"a-la-une economie politique tribune tunisie\">\r\n\t<div class=\"cmsmasters_post_cont_wrap\">\r\n\t\t<div class=\"cmsmasters_post_img_wrap\"><figure class=\"cmsmasters_img_wrap\"><a href=\"https:\/\/kapitalis.com\/tunisie\/2026\/04\/28\/tunisie-a-propos-de-loctroi-de-concessions-denergie-renouvelable-a-des-entreprises-etrangeres\/\" title=\"Tunisie | A propos de l\u2019octroi de concessions d\u2019\u00e9nergie renouvelable \u00e0 des entreprises \u00e9trang\u00e8res\" class=\"cmsmasters_img_link\"><img loading=\"lazy\" decoding=\"async\" width=\"580\" height=\"305\" src=\"https:\/\/kapitalis.com\/tunisie\/wp-content\/uploads\/2025\/12\/Centrale-solaire-photovoltaique-Metbasta-Kairouan-580x305.jpg\" class=\"full-width wp-post-image\" alt=\"Tunisie | A propos de l\u2019octroi de concessions d\u2019\u00e9nergie renouvelable \u00e0 des entreprises \u00e9trang\u00e8res\" title=\"Centrale-solaire-photovoltaique-Metbasta-Kairouan\" srcset=\"https:\/\/kapitalis.com\/tunisie\/wp-content\/uploads\/2025\/12\/Centrale-solaire-photovoltaique-Metbasta-Kairouan-580x305.jpg 580w, https:\/\/kapitalis.com\/tunisie\/wp-content\/uploads\/2025\/12\/Centrale-solaire-photovoltaique-Metbasta-Kairouan-300x158.jpg 300w, https:\/\/kapitalis.com\/tunisie\/wp-content\/uploads\/2025\/12\/Centrale-solaire-photovoltaique-Metbasta-Kairouan-1024x538.jpg 1024w, https:\/\/kapitalis.com\/tunisie\/wp-content\/uploads\/2025\/12\/Centrale-solaire-photovoltaique-Metbasta-Kairouan-768x403.jpg 768w, https:\/\/kapitalis.com\/tunisie\/wp-content\/uploads\/2025\/12\/Centrale-solaire-photovoltaique-Metbasta-Kairouan-860x452.jpg 860w, https:\/\/kapitalis.com\/tunisie\/wp-content\/uploads\/2025\/12\/Centrale-solaire-photovoltaique-Metbasta-Kairouan-1160x609.jpg 1160w, https:\/\/kapitalis.com\/tunisie\/wp-content\/uploads\/2025\/12\/Centrale-solaire-photovoltaique-Metbasta-Kairouan.jpg 1200w\" sizes=\"auto, (max-width: 580px) 100vw, 580px\" \/><\/a><\/figure><\/div>\r\n\t\t<div class=\"cmsmasters_post_cont\">\r\n\t\t\t<div class=\"cmsmasters_post_info clearfix\"><small class=\"cmsmasters_post_date cmsmasters-icon-custom-icon-clock\"><abbr class=\"published\" title=\"28 avril 2026\">28 avril 2026<\/abbr><abbr class=\"dn date updated\" title=\"28 avril 2026\">28 avril 2026<\/abbr><\/small><span class=\"cmsmasters_views cmsmasters_post_views\"><span id=\"cmsmastersView-18701362\" class=\"cmsmastersView cmsmasters_theme_icon_view\"><span>222<\/span><\/span><\/span><span class=\"cmsmasters_comments cmsmasters_post_comments\"><a class=\"cmsmasters_theme_icon_comment\" href=\"https:\/\/kapitalis.com\/tunisie\/2026\/04\/28\/tunisie-a-propos-de-loctroi-de-concessions-denergie-renouvelable-a-des-entreprises-etrangeres\/#comments\" title=\"Comment on Tunisie | A propos de l\u2019octroi de concessions d\u2019\u00e9nergie renouvelable \u00e0 des entreprises \u00e9trang\u00e8res\"><span>1 <\/span><\/a><\/span><\/div><header class=\"cmsmasters_post_header entry-header\"><h3 class=\"cmsmasters_post_title entry-title\"><a href=\"https:\/\/kapitalis.com\/tunisie\/2026\/04\/28\/tunisie-a-propos-de-loctroi-de-concessions-denergie-renouvelable-a-des-entreprises-etrangeres\/\">Tunisie | A propos de l\u2019octroi de concessions d\u2019\u00e9nergie renouvelable \u00e0 des entreprises \u00e9trang\u00e8res<\/a><\/h3><\/header><div class=\"cmsmasters_post_content entry-content\">\n<p>La Tunisie doit faire attention \u00e0 certains points cruciaux en attribuant des concessions d'\u00e9nergie renouvelable \u00e0 des soci\u00e9t\u00e9s \u00e9trang\u00e8res. <\/p>\n<\/div>\n<footer class=\"cmsmasters_post_footer entry-meta\"><div class=\"cmsmasters_post_interface clearfix \"><\/div><a class=\"cmsmasters_post_read_more\" href=\"https:\/\/kapitalis.com\/tunisie\/2026\/04\/28\/tunisie-a-propos-de-loctroi-de-concessions-denergie-renouvelable-a-des-entreprises-etrangeres\/\">lire<\/a><\/footer>\t\t<\/div>\r\n\t<\/div>\r\n<\/article>\r\n<!-- Finish Post Masonry Article  -->\r\n\r\n<!-- Start Post Masonry Article  -->\r\n<article id=\"post-18701084\" class=\"cmsmasters_post_masonry post-18701084 post type-post status-publish format-standard has-post-thumbnail hentry category-a-la-une category-economie category-tunisie tag-cabinets-davocats-2 tag-dettes tag-libye tag-saleh-al-zahaf tag-sami-jallouli\" data-category=\"a-la-une economie tunisie\">\r\n\t<div class=\"cmsmasters_post_cont_wrap\">\r\n\t\t<div class=\"cmsmasters_post_img_wrap\"><figure class=\"cmsmasters_img_wrap\"><a href=\"https:\/\/kapitalis.com\/tunisie\/2026\/04\/28\/des-entreprises-etrangeres-reclament-plus-de-130-milliards-de-dollars-a-la-libye\/\" title=\"Des entreprises \u00e9trang\u00e8res r\u00e9clament plus de 130 milliards de dollars \u00e0 la Libye\u00a0!\" class=\"cmsmasters_img_link\"><img loading=\"lazy\" decoding=\"async\" width=\"580\" height=\"305\" src=\"https:\/\/kapitalis.com\/tunisie\/wp-content\/uploads\/2026\/04\/Libye-Dollar-580x305.jpg\" class=\"full-width wp-post-image\" alt=\"Des entreprises \u00e9trang\u00e8res r\u00e9clament plus de 130 milliards de dollars \u00e0 la Libye\u00a0!\" title=\"Libye-Dollar\" srcset=\"https:\/\/kapitalis.com\/tunisie\/wp-content\/uploads\/2026\/04\/Libye-Dollar-580x305.jpg 580w, https:\/\/kapitalis.com\/tunisie\/wp-content\/uploads\/2026\/04\/Libye-Dollar-300x158.jpg 300w, https:\/\/kapitalis.com\/tunisie\/wp-content\/uploads\/2026\/04\/Libye-Dollar-1024x538.jpg 1024w, https:\/\/kapitalis.com\/tunisie\/wp-content\/uploads\/2026\/04\/Libye-Dollar-768x403.jpg 768w, https:\/\/kapitalis.com\/tunisie\/wp-content\/uploads\/2026\/04\/Libye-Dollar-860x452.jpg 860w, https:\/\/kapitalis.com\/tunisie\/wp-content\/uploads\/2026\/04\/Libye-Dollar-1160x609.jpg 1160w, https:\/\/kapitalis.com\/tunisie\/wp-content\/uploads\/2026\/04\/Libye-Dollar.jpg 1200w\" sizes=\"auto, (max-width: 580px) 100vw, 580px\" \/><\/a><\/figure><\/div>\r\n\t\t<div class=\"cmsmasters_post_cont\">\r\n\t\t\t<div class=\"cmsmasters_post_info clearfix\"><small class=\"cmsmasters_post_date cmsmasters-icon-custom-icon-clock\"><abbr class=\"published\" title=\"28 avril 2026\">28 avril 2026<\/abbr><abbr class=\"dn date updated\" title=\"28 avril 2026\">28 avril 2026<\/abbr><\/small><span class=\"cmsmasters_views cmsmasters_post_views\"><span id=\"cmsmastersView-18701084\" class=\"cmsmastersView cmsmasters_theme_icon_view\"><span>79<\/span><\/span><\/span><span class=\"cmsmasters_comments cmsmasters_post_comments\"><a class=\"cmsmasters_theme_icon_comment\" href=\"https:\/\/kapitalis.com\/tunisie\/2026\/04\/28\/des-entreprises-etrangeres-reclament-plus-de-130-milliards-de-dollars-a-la-libye\/#respond\" title=\"Comment on Des entreprises \u00e9trang\u00e8res r\u00e9clament plus de 130 milliards de dollars \u00e0 la Libye\u00a0!\"><span>0 <\/span><\/a><\/span><\/div><header class=\"cmsmasters_post_header entry-header\"><h3 class=\"cmsmasters_post_title entry-title\"><a href=\"https:\/\/kapitalis.com\/tunisie\/2026\/04\/28\/des-entreprises-etrangeres-reclament-plus-de-130-milliards-de-dollars-a-la-libye\/\">Des entreprises \u00e9trang\u00e8res r\u00e9clament plus de 130 milliards de dollars \u00e0 la Libye\u00a0!<\/a><\/h3><\/header><div class=\"cmsmasters_post_content entry-content\">\n<p>Plus de 100 affaires internationales sont en cours contre la Libye qui doit 130 milliards de dollars aux entreprises \u00e9trang\u00e8res. <\/p>\n<\/div>\n<footer class=\"cmsmasters_post_footer entry-meta\"><div class=\"cmsmasters_post_interface clearfix \"><\/div><a class=\"cmsmasters_post_read_more\" href=\"https:\/\/kapitalis.com\/tunisie\/2026\/04\/28\/des-entreprises-etrangeres-reclament-plus-de-130-milliards-de-dollars-a-la-libye\/\">lire<\/a><\/footer>\t\t<\/div>\r\n\t<\/div>\r\n<\/article>\r\n<!-- Finish Post Masonry Article  -->\r\n\r\n<!-- Start Post Masonry Article  -->\r\n<article id=\"post-18691345\" class=\"cmsmasters_post_masonry post-18691345 post type-post status-publish format-standard has-post-thumbnail hentry category-economie category-tunisie tag-afrique tag-gioia-tauro tag-italie tag-port-de-rades-2 tag-port-de-zarzis tag-tozeur tag-tunisie\" data-category=\"economie tunisie\">\r\n\t<div class=\"cmsmasters_post_cont_wrap\">\r\n\t\t<div class=\"cmsmasters_post_img_wrap\"><figure class=\"cmsmasters_img_wrap\"><a href=\"https:\/\/kapitalis.com\/tunisie\/2026\/04\/26\/litalie-relance-le-port-de-zarzis-en-tunisie\/\" title=\"L\u2019Italie relance le port de Zarzis en Tunisie\" class=\"cmsmasters_img_link\"><img loading=\"lazy\" decoding=\"async\" width=\"580\" height=\"305\" src=\"https:\/\/kapitalis.com\/tunisie\/wp-content\/uploads\/2023\/02\/Port-de-Zarzis-580x305.jpg\" class=\"full-width wp-post-image\" alt=\"L\u2019Italie relance le port de Zarzis en Tunisie\" title=\"Port-de-Zarzis\" srcset=\"https:\/\/kapitalis.com\/tunisie\/wp-content\/uploads\/2023\/02\/Port-de-Zarzis-580x305.jpg 580w, https:\/\/kapitalis.com\/tunisie\/wp-content\/uploads\/2023\/02\/Port-de-Zarzis-300x158.jpg 300w, https:\/\/kapitalis.com\/tunisie\/wp-content\/uploads\/2023\/02\/Port-de-Zarzis-1024x538.jpg 1024w, https:\/\/kapitalis.com\/tunisie\/wp-content\/uploads\/2023\/02\/Port-de-Zarzis-768x403.jpg 768w, https:\/\/kapitalis.com\/tunisie\/wp-content\/uploads\/2023\/02\/Port-de-Zarzis-860x452.jpg 860w, https:\/\/kapitalis.com\/tunisie\/wp-content\/uploads\/2023\/02\/Port-de-Zarzis-1160x609.jpg 1160w, https:\/\/kapitalis.com\/tunisie\/wp-content\/uploads\/2023\/02\/Port-de-Zarzis.jpg 1200w\" sizes=\"auto, (max-width: 580px) 100vw, 580px\" \/><\/a><\/figure><\/div>\r\n\t\t<div class=\"cmsmasters_post_cont\">\r\n\t\t\t<div class=\"cmsmasters_post_info clearfix\"><small class=\"cmsmasters_post_date cmsmasters-icon-custom-icon-clock\"><abbr class=\"published\" title=\"26 avril 2026\">26 avril 2026<\/abbr><abbr class=\"dn date updated\" title=\"27 avril 2026\">27 avril 2026<\/abbr><\/small><span class=\"cmsmasters_views cmsmasters_post_views\"><span id=\"cmsmastersView-18691345\" class=\"cmsmastersView cmsmasters_theme_icon_view\"><span>249.9<\/span><\/span><\/span><span class=\"cmsmasters_comments cmsmasters_post_comments\"><a class=\"cmsmasters_theme_icon_comment\" href=\"https:\/\/kapitalis.com\/tunisie\/2026\/04\/26\/litalie-relance-le-port-de-zarzis-en-tunisie\/#comments\" title=\"Comment on L\u2019Italie relance le port de Zarzis en Tunisie\"><span>1 <\/span><\/a><\/span><\/div><header class=\"cmsmasters_post_header entry-header\"><h3 class=\"cmsmasters_post_title entry-title\"><a href=\"https:\/\/kapitalis.com\/tunisie\/2026\/04\/26\/litalie-relance-le-port-de-zarzis-en-tunisie\/\">L\u2019Italie relance le port de Zarzis en Tunisie<\/a><\/h3><\/header><div class=\"cmsmasters_post_content entry-content\">\n<p>Le port de Zarzis, en Tunisie, va \u00eatre de plus en plus utilis\u00e9 comme un pont commercial entre l'Italie et la Libye et le reste de l'Afrique. <\/p>\n<\/div>\n<footer class=\"cmsmasters_post_footer entry-meta\"><div class=\"cmsmasters_post_interface clearfix \"><\/div><a class=\"cmsmasters_post_read_more\" href=\"https:\/\/kapitalis.com\/tunisie\/2026\/04\/26\/litalie-relance-le-port-de-zarzis-en-tunisie\/\">lire<\/a><\/footer>\t\t<\/div>\r\n\t<\/div>\r\n<\/article>\r\n<!-- Finish Post Masonry Article  -->\r\n\r\n<!-- Start Post Masonry Article  -->\r\n<article id=\"post-18688748\" class=\"cmsmasters_post_masonry post-18688748 post type-post status-publish format-standard has-post-thumbnail hentry category-economie category-societe category-tunisie tag-g-cube tag-japon tag-jun-saito tag-made-in-tunisia tag-nippomed tag-test-de-grossesse tag-tests-medicaux tag-tunisie\" data-category=\"economie societe tunisie\">\r\n\t<div class=\"cmsmasters_post_cont_wrap\">\r\n\t\t<div class=\"cmsmasters_post_img_wrap\"><figure class=\"cmsmasters_img_wrap\"><a href=\"https:\/\/kapitalis.com\/tunisie\/2026\/04\/25\/nippomed-le-premier-test-de-grossesse-made-in-tunisia-bientot-sur-le-marche\/\" title=\"Nippomed | Le premier test de grossesse \u00ab\u00a0Made in Tunisia\u00a0\u00bb bient\u00f4t sur le march\u00e9\" class=\"cmsmasters_img_link\"><img loading=\"lazy\" decoding=\"async\" width=\"580\" height=\"306\" src=\"https:\/\/kapitalis.com\/tunisie\/wp-content\/uploads\/2026\/04\/Tunisie-Japon-1-580x306.png\" class=\"full-width wp-post-image\" alt=\"Nippomed | Le premier test de grossesse \u00ab\u00a0Made in Tunisia\u00a0\u00bb bient\u00f4t sur le march\u00e9\" title=\"Tunisie Japon-1\" srcset=\"https:\/\/kapitalis.com\/tunisie\/wp-content\/uploads\/2026\/04\/Tunisie-Japon-1-580x306.png 580w, https:\/\/kapitalis.com\/tunisie\/wp-content\/uploads\/2026\/04\/Tunisie-Japon-1-300x158.png 300w, https:\/\/kapitalis.com\/tunisie\/wp-content\/uploads\/2026\/04\/Tunisie-Japon-1-1024x541.png 1024w, https:\/\/kapitalis.com\/tunisie\/wp-content\/uploads\/2026\/04\/Tunisie-Japon-1-768x406.png 768w, https:\/\/kapitalis.com\/tunisie\/wp-content\/uploads\/2026\/04\/Tunisie-Japon-1-860x454.png 860w, https:\/\/kapitalis.com\/tunisie\/wp-content\/uploads\/2026\/04\/Tunisie-Japon-1-1160x613.png 1160w, https:\/\/kapitalis.com\/tunisie\/wp-content\/uploads\/2026\/04\/Tunisie-Japon-1.png 1193w\" sizes=\"auto, (max-width: 580px) 100vw, 580px\" \/><\/a><\/figure><\/div>\r\n\t\t<div class=\"cmsmasters_post_cont\">\r\n\t\t\t<div class=\"cmsmasters_post_info clearfix\"><small class=\"cmsmasters_post_date cmsmasters-icon-custom-icon-clock\"><abbr class=\"published\" title=\"25 avril 2026\">25 avril 2026<\/abbr><abbr class=\"dn date updated\" title=\"25 avril 2026\">25 avril 2026<\/abbr><\/small><span class=\"cmsmasters_views cmsmasters_post_views\"><span id=\"cmsmastersView-18688748\" class=\"cmsmastersView cmsmasters_theme_icon_view\"><span>142<\/span><\/span><\/span><span class=\"cmsmasters_comments cmsmasters_post_comments\"><a class=\"cmsmasters_theme_icon_comment\" href=\"https:\/\/kapitalis.com\/tunisie\/2026\/04\/25\/nippomed-le-premier-test-de-grossesse-made-in-tunisia-bientot-sur-le-marche\/#respond\" title=\"Comment on Nippomed | Le premier test de grossesse \u00ab\u00a0Made in Tunisia\u00a0\u00bb bient\u00f4t sur le march\u00e9\"><span>0 <\/span><\/a><\/span><\/div><header class=\"cmsmasters_post_header entry-header\"><h3 class=\"cmsmasters_post_title entry-title\"><a href=\"https:\/\/kapitalis.com\/tunisie\/2026\/04\/25\/nippomed-le-premier-test-de-grossesse-made-in-tunisia-bientot-sur-le-marche\/\">Nippomed | Le premier test de grossesse \u00ab\u00a0Made in Tunisia\u00a0\u00bb bient\u00f4t sur le march\u00e9<\/a><\/h3><\/header><div class=\"cmsmasters_post_content entry-content\">\n<p>\u200bSp\u00e9cialis\u00e9e dans la fabrication de kits de tests m\u00e9dicaux, Nippomed pr\u00e9voit de lancer progressivement sur le march\u00e9 tunisien le premier...<\/p>\n<\/div>\n<footer class=\"cmsmasters_post_footer entry-meta\"><div class=\"cmsmasters_post_interface clearfix \"><\/div><a class=\"cmsmasters_post_read_more\" href=\"https:\/\/kapitalis.com\/tunisie\/2026\/04\/25\/nippomed-le-premier-test-de-grossesse-made-in-tunisia-bientot-sur-le-marche\/\">lire<\/a><\/footer>\t\t<\/div>\r\n\t<\/div>\r\n<\/article>\r\n<!-- Finish Post Masonry Article  -->\r\n\r\n<\/div><\/div>\n<\/div><\/div>\n<div id=\"cmsmasters_column_jsvvl9tsbb\" class=\"cmsmasters_column one_fourth\">\n<div class=\"cmsmasters_column_inner\">\n<div class=\"cmsmasters_sidebar sidebar_layout_11\"><aside id=\"custom_html-14\" class=\"widget_text widget widget_custom_html\"><div class=\"textwidget custom-html-widget\"><!-- Revive Adserver Asynchronous JS Tag - Generated with Revive Adserver v5.4.1 -->\r\n<ins data-revive-zoneid=\"4\" data-revive-id=\"4310beb3e9bda6a2e843bd088c740baa\"><\/ins>\r\n<script async src=\"\/\/kapitalis.com\/annonce2\/www\/delivery\/asyncjs.php\"><\/script><\/div><\/aside>\n<aside id=\"wpp-11\" class=\"widget popular-posts\">\n<h3 class=\"widgettitle\"><span>+ ECONOMIE<\/span><\/h3>            <div class=\"wpp-widget-placeholder\" data-widget-id=\"wpp-11\"><\/div>\r\n            \n<\/aside>\n<aside id=\"custom_html-10\" class=\"widget_text widget widget_custom_html\"><div class=\"textwidget custom-html-widget\"><!-- Revive Adserver Asynchronous JS Tag - Generated with Revive Adserver v5.4.1 -->\r\n<ins data-revive-zoneid=\"7\" data-revive-id=\"4310beb3e9bda6a2e843bd088c740baa\"><\/ins>\r\n<script async src=\"\/\/kapitalis.com\/annonce2\/www\/delivery\/asyncjs.php\"><\/script><\/div><\/aside><aside id=\"custom_html-15\" class=\"widget_text widget widget_custom_html\"><div class=\"textwidget custom-html-widget\"><!-- Revive Adserver Asynchronous JS Tag - Generated with Revive Adserver v5.4.1 -->\r\n<ins data-revive-zoneid=\"4\" data-revive-id=\"4310beb3e9bda6a2e843bd088c740baa\"><\/ins>\r\n<script async src=\"\/\/kapitalis.com\/annonce2\/www\/delivery\/asyncjs.php\"><\/script><\/div><\/aside><div class=\"cl\"><\/div>\n<\/div>\n<\/div><\/div>\n<\/div>\n<\/div>\n<\/div>\n<\/div>\n<\/div>\n<div id=\"cmsmasters_row_3mx1idn26j\" class=\"cmsmasters_row cmsmasters_color_scheme_default cmsmasters_row_top_default cmsmasters_row_bot_default cmsmasters_row_boxed\">\n<div class=\"cmsmasters_row_outer_parent\">\n<div class=\"cmsmasters_row_outer\">\n<div class=\"cmsmasters_row_inner\">\n<div class=\"cmsmasters_row_margin\">\n<div id=\"cmsmasters_column_xc7ncdkr9j\" class=\"cmsmasters_column one_first\">\n<div class=\"cmsmasters_column_inner\">\n<div id=\"cmsmasters_divider_wfm937j9l\" class=\"cmsmasters_divider cmsmasters_divider_width_long cmsmasters_divider_pos_center\"><\/div>\n<\/div><\/div>\n<\/div>\n<\/div>\n<\/div>\n<\/div>\n<\/div>\n<div id=\"cmsmasters_row_jmehoxfi9r\" class=\"cmsmasters_row cmsmasters_color_scheme_default cmsmasters_row_top_default cmsmasters_row_bot_default cmsmasters_row_boxed\">\n<div class=\"cmsmasters_row_outer_parent\">\n<div class=\"cmsmasters_row_outer\">\n<div class=\"cmsmasters_row_inner\">\n<div class=\"cmsmasters_row_margin\">\n<div id=\"cmsmasters_column_ossrgc7p\" class=\"cmsmasters_column three_fourth\">\n<div class=\"cmsmasters_column_inner\"><div id=\"cmsmasters_heading_fmvxldwypg\" class=\"cmsmasters_heading_wrap cmsmasters_heading_align_left\">\n\t<h2 class=\"cmsmasters_heading\">SOCIETE<\/h2>\n<\/div>\n<div id=\"blog_bbab27g0nh\" class=\"cmsmasters_wrap_blog entry-summary\" data-layout=\"columns\" data-layout-mode=\"grid\" data-url=\"https:\/\/kapitalis.com\/tunisie\/wp-content\/plugins\/cmsmasters-content-composer\/\" data-orderby=\"date\" data-order=\"DESC\" data-count=\"7\" data-categories=\"societe\" data-metadata=\"title,date,excerpt,comments,views,more\" data-pagination=\"disabled\"><div class=\"blog columns grid cmsmasters_3 cmsmasters_with_featured\"><!-- Start Post Default Article  -->\r\n<article id=\"post-18700092\" class=\"cmsmasters_post_default post-18700092 post type-post status-publish format-standard has-post-thumbnail hentry category-culture category-societe category-tunisie tag-dhia-khaled tag-ertificat-officiel-dinscription tag-geoparc-dahar tag-tunisie tag-unesco\">\r\n\t<div class=\"cmsmasters_post_cont_wrap\">\r\n\t\t<div class=\"cmsmasters_post_img_wrap\"><figure class=\"cmsmasters_img_wrap\"><a href=\"https:\/\/kapitalis.com\/tunisie\/wp-content\/uploads\/2026\/04\/certificat-Geoparc-Dahar.jpg\" title=\"La Tunisie re\u00e7oit le certificat d\u2019adh\u00e9sion du G\u00e9oparc Dahar \u00e0 l&rsquo;Unesco\" rel=\"ilightbox[img_18700092_69f09cdcdde3d]\" class=\"cmsmasters_img_link\"><img loading=\"lazy\" decoding=\"async\" width=\"860\" height=\"573\" src=\"https:\/\/kapitalis.com\/tunisie\/wp-content\/uploads\/2026\/04\/certificat-Geoparc-Dahar-860x573.jpg\" class=\" wp-post-image\" alt=\"La Tunisie re\u00e7oit le certificat d\u2019adh\u00e9sion du G\u00e9oparc Dahar \u00e0 l&rsquo;Unesco\" title=\"certificat G\u00e9oparc Dahar\" srcset=\"https:\/\/kapitalis.com\/tunisie\/wp-content\/uploads\/2026\/04\/certificat-Geoparc-Dahar-860x573.jpg 860w, https:\/\/kapitalis.com\/tunisie\/wp-content\/uploads\/2026\/04\/certificat-Geoparc-Dahar-300x200.jpg 300w, https:\/\/kapitalis.com\/tunisie\/wp-content\/uploads\/2026\/04\/certificat-Geoparc-Dahar-1024x683.jpg 1024w, https:\/\/kapitalis.com\/tunisie\/wp-content\/uploads\/2026\/04\/certificat-Geoparc-Dahar-768x512.jpg 768w, https:\/\/kapitalis.com\/tunisie\/wp-content\/uploads\/2026\/04\/certificat-Geoparc-Dahar-580x387.jpg 580w, https:\/\/kapitalis.com\/tunisie\/wp-content\/uploads\/2026\/04\/certificat-Geoparc-Dahar-1160x773.jpg 1160w, https:\/\/kapitalis.com\/tunisie\/wp-content\/uploads\/2026\/04\/certificat-Geoparc-Dahar.jpg 1200w\" sizes=\"auto, (max-width: 860px) 100vw, 860px\" \/><\/a><\/figure><\/div>\r\n\t\t<div class=\"cmsmasters_post_cont\">\r\n\t\t\t<div class=\"cmsmasters_post_info clearfix entry-meta\"><small class=\"cmsmasters_post_date cmsmasters-icon-custom-icon-clock\"><abbr class=\"published\" title=\"27 avril 2026\">27 avril 2026<\/abbr><abbr class=\"dn date updated\" title=\"27 avril 2026\">27 avril 2026<\/abbr><\/small><\/div><header class=\"cmsmasters_post_header entry-header\"><h2 class=\"cmsmasters_post_title entry-title\"><a href=\"https:\/\/kapitalis.com\/tunisie\/2026\/04\/27\/la-tunisie-recoit-le-certificat-dadhesion-du-geoparc-dahar-a-lunesco\/\">La Tunisie re\u00e7oit le certificat d\u2019adh\u00e9sion du G\u00e9oparc Dahar \u00e0 l&rsquo;Unesco<\/a><\/h2><\/header><div class=\"cmsmasters_post_content entry-content\">\n<p>M. Dhia Khaled, ambassadeur, D\u00e9l\u00e9gu\u00e9 Permanent, de la Tunisie aupr\u00e8s de l\u2019Unesco, a re\u00e7u, le 27 avril 2026, le certificat officiel d\u2019inscription du G\u00e9oparc \u00abDahar \u00bb .<\/p>\n<\/div>\n<footer class=\"cmsmasters_post_footer entry-meta\"><div class=\"cmsmasters_post_interface clearfix \"><span class=\"cmsmasters_views cmsmasters_post_views\"><span id=\"cmsmastersView-18700092\" class=\"cmsmastersView cmsmasters_theme_icon_view\"><span>103<\/span><\/span><\/span><span class=\"cmsmasters_comments cmsmasters_post_comments\"><a class=\"cmsmasters_theme_icon_comment\" href=\"https:\/\/kapitalis.com\/tunisie\/2026\/04\/27\/la-tunisie-recoit-le-certificat-dadhesion-du-geoparc-dahar-a-lunesco\/#respond\" title=\"Comment on La Tunisie re\u00e7oit le certificat d\u2019adh\u00e9sion du G\u00e9oparc Dahar \u00e0 l&rsquo;Unesco\"><span>0 <\/span><\/a><\/span><\/div><a class=\"cmsmasters_post_read_more\" href=\"https:\/\/kapitalis.com\/tunisie\/2026\/04\/27\/la-tunisie-recoit-le-certificat-dadhesion-du-geoparc-dahar-a-lunesco\/\">lire<\/a><\/footer>\t\t<\/div>\r\n\t<\/div>\r\n<\/article>\r\n<!-- Finish Post Default Article  -->\r\n\r\n<!-- Start Post Masonry Article  -->\r\n<article id=\"post-18700052\" class=\"cmsmasters_post_masonry post-18700052 post type-post status-publish format-standard has-post-thumbnail hentry category-societe category-tunisie tag-abidjan tag-affrontements-armes tag-bamako tag-mali tag-tunis-carthage tag-tunisair tag-tunisie\" data-category=\"societe tunisie\">\r\n\t<div class=\"cmsmasters_post_cont_wrap\">\r\n\t\t<div class=\"cmsmasters_post_img_wrap\"><figure class=\"cmsmasters_img_wrap\"><a href=\"https:\/\/kapitalis.com\/tunisie\/2026\/04\/27\/tunisair-des-vols-vers-le-mali-annules-en-raison-de-la-situation-securitaire\/\" title=\"Tunisair | Des vols vers le Mali annul\u00e9s en raison de la situation s\u00e9curitaire\" class=\"cmsmasters_img_link\"><img loading=\"lazy\" decoding=\"async\" width=\"580\" height=\"305\" src=\"https:\/\/kapitalis.com\/tunisie\/wp-content\/uploads\/2024\/07\/Tunisair-Siege-580x305.jpg\" class=\"full-width wp-post-image\" alt=\"Tunisair | Des vols vers le Mali annul\u00e9s en raison de la situation s\u00e9curitaire\" title=\"Tunisair-Siege\" srcset=\"https:\/\/kapitalis.com\/tunisie\/wp-content\/uploads\/2024\/07\/Tunisair-Siege-580x305.jpg 580w, https:\/\/kapitalis.com\/tunisie\/wp-content\/uploads\/2024\/07\/Tunisair-Siege-300x158.jpg 300w, https:\/\/kapitalis.com\/tunisie\/wp-content\/uploads\/2024\/07\/Tunisair-Siege-1024x538.jpg 1024w, https:\/\/kapitalis.com\/tunisie\/wp-content\/uploads\/2024\/07\/Tunisair-Siege-768x403.jpg 768w, https:\/\/kapitalis.com\/tunisie\/wp-content\/uploads\/2024\/07\/Tunisair-Siege-860x452.jpg 860w, https:\/\/kapitalis.com\/tunisie\/wp-content\/uploads\/2024\/07\/Tunisair-Siege-1160x609.jpg 1160w, https:\/\/kapitalis.com\/tunisie\/wp-content\/uploads\/2024\/07\/Tunisair-Siege.jpg 1200w\" sizes=\"auto, (max-width: 580px) 100vw, 580px\" \/><\/a><\/figure><\/div>\r\n\t\t<div class=\"cmsmasters_post_cont\">\r\n\t\t\t<div class=\"cmsmasters_post_info clearfix\"><small class=\"cmsmasters_post_date cmsmasters-icon-custom-icon-clock\"><abbr class=\"published\" title=\"27 avril 2026\">27 avril 2026<\/abbr><abbr class=\"dn date updated\" title=\"27 avril 2026\">27 avril 2026<\/abbr><\/small><span class=\"cmsmasters_views cmsmasters_post_views\"><span id=\"cmsmastersView-18700052\" class=\"cmsmastersView cmsmasters_theme_icon_view\"><span>109<\/span><\/span><\/span><span class=\"cmsmasters_comments cmsmasters_post_comments\"><a class=\"cmsmasters_theme_icon_comment\" href=\"https:\/\/kapitalis.com\/tunisie\/2026\/04\/27\/tunisair-des-vols-vers-le-mali-annules-en-raison-de-la-situation-securitaire\/#comments\" title=\"Comment on Tunisair | Des vols vers le Mali annul\u00e9s en raison de la situation s\u00e9curitaire\"><span>1 <\/span><\/a><\/span><\/div><header class=\"cmsmasters_post_header entry-header\"><h3 class=\"cmsmasters_post_title entry-title\"><a href=\"https:\/\/kapitalis.com\/tunisie\/2026\/04\/27\/tunisair-des-vols-vers-le-mali-annules-en-raison-de-la-situation-securitaire\/\">Tunisair | Des vols vers le Mali annul\u00e9s en raison de la situation s\u00e9curitaire<\/a><\/h3><\/header><div class=\"cmsmasters_post_content entry-content\">\n<p>Suite aux affrontements arm\u00e9s que conna\u00eet actuellement la R\u00e9publique du Mali, et par souci de s\u00e9curit\u00e9, la compagnie Tunisair annonce...<\/p>\n<\/div>\n<footer class=\"cmsmasters_post_footer entry-meta\"><div class=\"cmsmasters_post_interface clearfix \"><\/div><a class=\"cmsmasters_post_read_more\" href=\"https:\/\/kapitalis.com\/tunisie\/2026\/04\/27\/tunisair-des-vols-vers-le-mali-annules-en-raison-de-la-situation-securitaire\/\">lire<\/a><\/footer>\t\t<\/div>\r\n\t<\/div>\r\n<\/article>\r\n<!-- Finish Post Masonry Article  -->\r\n\r\n<!-- Start Post Masonry Article  -->\r\n<article id=\"post-18699833\" class=\"cmsmasters_post_masonry post-18699833 post type-post status-publish format-standard has-post-thumbnail hentry category-societe category-tunisie tag-drogue tag-el-gorjani-2 tag-hammamet tag-nabeul tag-trafic tag-tunisie\" data-category=\"societe tunisie\">\r\n\t<div class=\"cmsmasters_post_cont_wrap\">\r\n\t\t<div class=\"cmsmasters_post_img_wrap\"><figure class=\"cmsmasters_img_wrap\"><a href=\"https:\/\/kapitalis.com\/tunisie\/2026\/04\/27\/hammamet-un-vrai-faux-officier-arrete-pour-trafic-de-drogue\/\" title=\"Hammamet | Un vrai faux officier arr\u00eat\u00e9 pour trafic de drogue\" class=\"cmsmasters_img_link\"><img loading=\"lazy\" decoding=\"async\" width=\"580\" height=\"305\" src=\"https:\/\/kapitalis.com\/tunisie\/wp-content\/uploads\/2022\/09\/arrestation-deux-580x305.jpg\" class=\"full-width wp-post-image\" alt=\"Hammamet | Un vrai faux officier arr\u00eat\u00e9 pour trafic de drogue\" title=\"arrestation deux\" srcset=\"https:\/\/kapitalis.com\/tunisie\/wp-content\/uploads\/2022\/09\/arrestation-deux-580x305.jpg 580w, https:\/\/kapitalis.com\/tunisie\/wp-content\/uploads\/2022\/09\/arrestation-deux-300x158.jpg 300w, https:\/\/kapitalis.com\/tunisie\/wp-content\/uploads\/2022\/09\/arrestation-deux-1024x538.jpg 1024w, https:\/\/kapitalis.com\/tunisie\/wp-content\/uploads\/2022\/09\/arrestation-deux-768x403.jpg 768w, https:\/\/kapitalis.com\/tunisie\/wp-content\/uploads\/2022\/09\/arrestation-deux-860x452.jpg 860w, https:\/\/kapitalis.com\/tunisie\/wp-content\/uploads\/2022\/09\/arrestation-deux-1160x609.jpg 1160w, https:\/\/kapitalis.com\/tunisie\/wp-content\/uploads\/2022\/09\/arrestation-deux.jpg 1200w\" sizes=\"auto, (max-width: 580px) 100vw, 580px\" \/><\/a><\/figure><\/div>\r\n\t\t<div class=\"cmsmasters_post_cont\">\r\n\t\t\t<div class=\"cmsmasters_post_info clearfix\"><small class=\"cmsmasters_post_date cmsmasters-icon-custom-icon-clock\"><abbr class=\"published\" title=\"27 avril 2026\">27 avril 2026<\/abbr><abbr class=\"dn date updated\" title=\"27 avril 2026\">27 avril 2026<\/abbr><\/small><span class=\"cmsmasters_views cmsmasters_post_views\"><span id=\"cmsmastersView-18699833\" class=\"cmsmastersView cmsmasters_theme_icon_view\"><span>188<\/span><\/span><\/span><span class=\"cmsmasters_comments cmsmasters_post_comments\"><a class=\"cmsmasters_theme_icon_comment\" href=\"https:\/\/kapitalis.com\/tunisie\/2026\/04\/27\/hammamet-un-vrai-faux-officier-arrete-pour-trafic-de-drogue\/#respond\" title=\"Comment on Hammamet | Un vrai faux officier arr\u00eat\u00e9 pour trafic de drogue\"><span>0 <\/span><\/a><\/span><\/div><header class=\"cmsmasters_post_header entry-header\"><h3 class=\"cmsmasters_post_title entry-title\"><a href=\"https:\/\/kapitalis.com\/tunisie\/2026\/04\/27\/hammamet-un-vrai-faux-officier-arrete-pour-trafic-de-drogue\/\">Hammamet | Un vrai faux officier arr\u00eat\u00e9 pour trafic de drogue<\/a><\/h3><\/header><div class=\"cmsmasters_post_content entry-content\">\n<p>Une op\u00e9ration s\u00e9curitaire a permis l&rsquo;arrestation de deux individus \u00e0 Hammamet, dont un qui usurpait l&rsquo;identit\u00e9 d&rsquo;un agent de s\u00e9curit\u00e9...<\/p>\n<\/div>\n<footer class=\"cmsmasters_post_footer entry-meta\"><div class=\"cmsmasters_post_interface clearfix \"><\/div><a class=\"cmsmasters_post_read_more\" href=\"https:\/\/kapitalis.com\/tunisie\/2026\/04\/27\/hammamet-un-vrai-faux-officier-arrete-pour-trafic-de-drogue\/\">lire<\/a><\/footer>\t\t<\/div>\r\n\t<\/div>\r\n<\/article>\r\n<!-- Finish Post Masonry Article  -->\r\n\r\n<!-- Start Post Masonry Article  -->\r\n<article id=\"post-18699630\" class=\"cmsmasters_post_masonry post-18699630 post type-post status-publish format-standard has-post-thumbnail hentry category-media category-societe category-tunisie tag-journaliste tag-mobilisation tag-snjt tag-syndicat tag-tunisie tag-zied-el-heni\" data-category=\"media societe tunisie\">\r\n\t<div class=\"cmsmasters_post_cont_wrap\">\r\n\t\t<div class=\"cmsmasters_post_img_wrap\"><figure class=\"cmsmasters_img_wrap\"><a href=\"https:\/\/kapitalis.com\/tunisie\/2026\/04\/27\/le-snjt-appelle-a-un-rassemblement-de-soutien-a-zied-el-heni\/\" title=\"Le SNJT appelle \u00e0 un rassemblement de soutien \u00e0 Zied El-Heni\" class=\"cmsmasters_img_link\"><img loading=\"lazy\" decoding=\"async\" width=\"580\" height=\"305\" src=\"https:\/\/kapitalis.com\/tunisie\/wp-content\/uploads\/2023\/06\/Zied-El-Heni-2-580x305.jpg\" class=\"full-width wp-post-image\" alt=\"Le SNJT appelle \u00e0 un rassemblement de soutien \u00e0 Zied El-Heni\" title=\"Zied El-Heni\" srcset=\"https:\/\/kapitalis.com\/tunisie\/wp-content\/uploads\/2023\/06\/Zied-El-Heni-2-580x305.jpg 580w, https:\/\/kapitalis.com\/tunisie\/wp-content\/uploads\/2023\/06\/Zied-El-Heni-2-300x158.jpg 300w, https:\/\/kapitalis.com\/tunisie\/wp-content\/uploads\/2023\/06\/Zied-El-Heni-2-1024x538.jpg 1024w, https:\/\/kapitalis.com\/tunisie\/wp-content\/uploads\/2023\/06\/Zied-El-Heni-2-768x403.jpg 768w, https:\/\/kapitalis.com\/tunisie\/wp-content\/uploads\/2023\/06\/Zied-El-Heni-2-860x452.jpg 860w, https:\/\/kapitalis.com\/tunisie\/wp-content\/uploads\/2023\/06\/Zied-El-Heni-2-1160x609.jpg 1160w, https:\/\/kapitalis.com\/tunisie\/wp-content\/uploads\/2023\/06\/Zied-El-Heni-2.jpg 1200w\" sizes=\"auto, (max-width: 580px) 100vw, 580px\" \/><\/a><\/figure><\/div>\r\n\t\t<div class=\"cmsmasters_post_cont\">\r\n\t\t\t<div class=\"cmsmasters_post_info clearfix\"><small class=\"cmsmasters_post_date cmsmasters-icon-custom-icon-clock\"><abbr class=\"published\" title=\"27 avril 2026\">27 avril 2026<\/abbr><abbr class=\"dn date updated\" title=\"27 avril 2026\">27 avril 2026<\/abbr><\/small><span class=\"cmsmasters_views cmsmasters_post_views\"><span id=\"cmsmastersView-18699630\" class=\"cmsmastersView cmsmasters_theme_icon_view\"><span>103<\/span><\/span><\/span><span class=\"cmsmasters_comments cmsmasters_post_comments\"><a class=\"cmsmasters_theme_icon_comment\" href=\"https:\/\/kapitalis.com\/tunisie\/2026\/04\/27\/le-snjt-appelle-a-un-rassemblement-de-soutien-a-zied-el-heni\/#respond\" title=\"Comment on Le SNJT appelle \u00e0 un rassemblement de soutien \u00e0 Zied El-Heni\"><span>0 <\/span><\/a><\/span><\/div><header class=\"cmsmasters_post_header entry-header\"><h3 class=\"cmsmasters_post_title entry-title\"><a href=\"https:\/\/kapitalis.com\/tunisie\/2026\/04\/27\/le-snjt-appelle-a-un-rassemblement-de-soutien-a-zied-el-heni\/\">Le SNJT appelle \u00e0 un rassemblement de soutien \u00e0 Zied El-Heni<\/a><\/h3><\/header><div class=\"cmsmasters_post_content entry-content\">\n<p>Le Syndicat national des journalistes tunisiens (SNJT) a lanc\u00e9 un appel \u00e0 la mobilisation, ce lundi 27 avril 2026, pour...<\/p>\n<\/div>\n<footer class=\"cmsmasters_post_footer entry-meta\"><div class=\"cmsmasters_post_interface clearfix \"><\/div><a class=\"cmsmasters_post_read_more\" href=\"https:\/\/kapitalis.com\/tunisie\/2026\/04\/27\/le-snjt-appelle-a-un-rassemblement-de-soutien-a-zied-el-heni\/\">lire<\/a><\/footer>\t\t<\/div>\r\n\t<\/div>\r\n<\/article>\r\n<!-- Finish Post Masonry Article  -->\r\n\r\n<!-- Start Post Masonry Article  -->\r\n<article id=\"post-18699266\" class=\"cmsmasters_post_masonry post-18699266 post type-post status-publish format-standard has-post-thumbnail hentry category-conso category-societe category-tunisie tag-asvn tag-la-route-du-bigaradier tag-pampat tag-sauvegarde tag-tunisie tag-zahr-nabeul-tour\" data-category=\"conso societe tunisie\">\r\n\t<div class=\"cmsmasters_post_cont_wrap\">\r\n\t\t<div class=\"cmsmasters_post_img_wrap\"><figure class=\"cmsmasters_img_wrap\"><a href=\"https:\/\/kapitalis.com\/tunisie\/2026\/04\/27\/zahr-nabeul-tour-la-route-du-bigaradier-tresor-emblematique-de-la-region\/\" title=\"Zahr Nabeul Tour-La Route du Bigaradier | Tr\u00e9sor embl\u00e9matique de la r\u00e9gion\" class=\"cmsmasters_img_link\"><img loading=\"lazy\" decoding=\"async\" width=\"580\" height=\"435\" src=\"https:\/\/kapitalis.com\/tunisie\/wp-content\/uploads\/2026\/04\/Nabeul--580x435.jpg\" class=\"full-width wp-post-image\" alt=\"Zahr Nabeul Tour-La Route du Bigaradier | Tr\u00e9sor embl\u00e9matique de la r\u00e9gion\" title=\"Nabeul\" srcset=\"https:\/\/kapitalis.com\/tunisie\/wp-content\/uploads\/2026\/04\/Nabeul--580x435.jpg 580w, https:\/\/kapitalis.com\/tunisie\/wp-content\/uploads\/2026\/04\/Nabeul--300x225.jpg 300w, https:\/\/kapitalis.com\/tunisie\/wp-content\/uploads\/2026\/04\/Nabeul--1024x768.jpg 1024w, https:\/\/kapitalis.com\/tunisie\/wp-content\/uploads\/2026\/04\/Nabeul--768x576.jpg 768w, https:\/\/kapitalis.com\/tunisie\/wp-content\/uploads\/2026\/04\/Nabeul--860x645.jpg 860w, https:\/\/kapitalis.com\/tunisie\/wp-content\/uploads\/2026\/04\/Nabeul--1160x870.jpg 1160w, https:\/\/kapitalis.com\/tunisie\/wp-content\/uploads\/2026\/04\/Nabeul-.jpg 1200w\" sizes=\"auto, (max-width: 580px) 100vw, 580px\" \/><\/a><\/figure><\/div>\r\n\t\t<div class=\"cmsmasters_post_cont\">\r\n\t\t\t<div class=\"cmsmasters_post_info clearfix\"><small class=\"cmsmasters_post_date cmsmasters-icon-custom-icon-clock\"><abbr class=\"published\" title=\"27 avril 2026\">27 avril 2026<\/abbr><abbr class=\"dn date updated\" title=\"27 avril 2026\">27 avril 2026<\/abbr><\/small><span class=\"cmsmasters_views cmsmasters_post_views\"><span id=\"cmsmastersView-18699266\" class=\"cmsmastersView cmsmasters_theme_icon_view\"><span>119<\/span><\/span><\/span><span class=\"cmsmasters_comments cmsmasters_post_comments\"><a class=\"cmsmasters_theme_icon_comment\" href=\"https:\/\/kapitalis.com\/tunisie\/2026\/04\/27\/zahr-nabeul-tour-la-route-du-bigaradier-tresor-emblematique-de-la-region\/#respond\" title=\"Comment on Zahr Nabeul Tour-La Route du Bigaradier | Tr\u00e9sor embl\u00e9matique de la r\u00e9gion\"><span>0 <\/span><\/a><\/span><\/div><header class=\"cmsmasters_post_header entry-header\"><h3 class=\"cmsmasters_post_title entry-title\"><a href=\"https:\/\/kapitalis.com\/tunisie\/2026\/04\/27\/zahr-nabeul-tour-la-route-du-bigaradier-tresor-emblematique-de-la-region\/\">Zahr Nabeul Tour-La Route du Bigaradier | Tr\u00e9sor embl\u00e9matique de la r\u00e9gion<\/a><\/h3><\/header><div class=\"cmsmasters_post_content entry-content\">\n<p>En marge du Festival annuel de la fleur de bigaradier, l&rsquo;Association pour la sauvegarde de la ville de Nabeul (ASVN),...<\/p>\n<\/div>\n<footer class=\"cmsmasters_post_footer entry-meta\"><div class=\"cmsmasters_post_interface clearfix \"><\/div><a class=\"cmsmasters_post_read_more\" href=\"https:\/\/kapitalis.com\/tunisie\/2026\/04\/27\/zahr-nabeul-tour-la-route-du-bigaradier-tresor-emblematique-de-la-region\/\">lire<\/a><\/footer>\t\t<\/div>\r\n\t<\/div>\r\n<\/article>\r\n<!-- Finish Post Masonry Article  -->\r\n\r\n<!-- Start Post Masonry Article  -->\r\n<article id=\"post-18699139\" class=\"cmsmasters_post_masonry post-18699139 post type-post status-publish format-standard has-post-thumbnail hentry category-societe category-tunisie tag-afrique-subsaharienne tag-avocate tag-laouina tag-migrant tag-premiere-instance tag-tunisie\" data-category=\"societe tunisie\">\r\n\t<div class=\"cmsmasters_post_cont_wrap\">\r\n\t\t<div class=\"cmsmasters_post_img_wrap\"><figure class=\"cmsmasters_img_wrap\"><a href=\"https:\/\/kapitalis.com\/tunisie\/2026\/04\/27\/proces-fixe-au-11-mai-pour-lintrusion-dun-individu-chez-une-avocate-a-laouina\/\" title=\"Proc\u00e8s fix\u00e9 au 11 mai pour l&rsquo;intrusion d&rsquo;un individu chez une avocate \u00e0 Laouina\" class=\"cmsmasters_img_link\"><img loading=\"lazy\" decoding=\"async\" width=\"580\" height=\"305\" src=\"https:\/\/kapitalis.com\/tunisie\/wp-content\/uploads\/2022\/08\/justice-juge-580x305.jpg\" class=\"full-width wp-post-image\" alt=\"Proc\u00e8s fix\u00e9 au 11 mai pour l&rsquo;intrusion d&rsquo;un individu chez une avocate \u00e0 Laouina\" title=\"justice juge\" srcset=\"https:\/\/kapitalis.com\/tunisie\/wp-content\/uploads\/2022\/08\/justice-juge-580x305.jpg 580w, https:\/\/kapitalis.com\/tunisie\/wp-content\/uploads\/2022\/08\/justice-juge-300x158.jpg 300w, https:\/\/kapitalis.com\/tunisie\/wp-content\/uploads\/2022\/08\/justice-juge-1024x538.jpg 1024w, https:\/\/kapitalis.com\/tunisie\/wp-content\/uploads\/2022\/08\/justice-juge-768x403.jpg 768w, https:\/\/kapitalis.com\/tunisie\/wp-content\/uploads\/2022\/08\/justice-juge-860x452.jpg 860w, https:\/\/kapitalis.com\/tunisie\/wp-content\/uploads\/2022\/08\/justice-juge-1160x609.jpg 1160w, https:\/\/kapitalis.com\/tunisie\/wp-content\/uploads\/2022\/08\/justice-juge.jpg 1200w\" sizes=\"auto, (max-width: 580px) 100vw, 580px\" \/><\/a><\/figure><\/div>\r\n\t\t<div class=\"cmsmasters_post_cont\">\r\n\t\t\t<div class=\"cmsmasters_post_info clearfix\"><small class=\"cmsmasters_post_date cmsmasters-icon-custom-icon-clock\"><abbr class=\"published\" title=\"27 avril 2026\">27 avril 2026<\/abbr><abbr class=\"dn date updated\" title=\"27 avril 2026\">27 avril 2026<\/abbr><\/small><span class=\"cmsmasters_views cmsmasters_post_views\"><span id=\"cmsmastersView-18699139\" class=\"cmsmastersView cmsmasters_theme_icon_view\"><span>120<\/span><\/span><\/span><span class=\"cmsmasters_comments cmsmasters_post_comments\"><a class=\"cmsmasters_theme_icon_comment\" href=\"https:\/\/kapitalis.com\/tunisie\/2026\/04\/27\/proces-fixe-au-11-mai-pour-lintrusion-dun-individu-chez-une-avocate-a-laouina\/#respond\" title=\"Comment on Proc\u00e8s fix\u00e9 au 11 mai pour l&rsquo;intrusion d&rsquo;un individu chez une avocate \u00e0 Laouina\"><span>0 <\/span><\/a><\/span><\/div><header class=\"cmsmasters_post_header entry-header\"><h3 class=\"cmsmasters_post_title entry-title\"><a href=\"https:\/\/kapitalis.com\/tunisie\/2026\/04\/27\/proces-fixe-au-11-mai-pour-lintrusion-dun-individu-chez-une-avocate-a-laouina\/\">Proc\u00e8s fix\u00e9 au 11 mai pour l&rsquo;intrusion d&rsquo;un individu chez une avocate \u00e0 Laouina<\/a><\/h3><\/header><div class=\"cmsmasters_post_content entry-content\">\n<p>La sixi\u00e8me chambre correctionnelle du tribunal de premi\u00e8re instance de Tunis a fix\u00e9 la date de l\u2019audience dans l\u2019affaire du...<\/p>\n<\/div>\n<footer class=\"cmsmasters_post_footer entry-meta\"><div class=\"cmsmasters_post_interface clearfix \"><\/div><a class=\"cmsmasters_post_read_more\" href=\"https:\/\/kapitalis.com\/tunisie\/2026\/04\/27\/proces-fixe-au-11-mai-pour-lintrusion-dun-individu-chez-une-avocate-a-laouina\/\">lire<\/a><\/footer>\t\t<\/div>\r\n\t<\/div>\r\n<\/article>\r\n<!-- Finish Post Masonry Article  -->\r\n\r\n<!-- Start Post Masonry Article  -->\r\n<article id=\"post-18698852\" class=\"cmsmasters_post_masonry post-18698852 post type-post status-publish format-standard has-post-thumbnail hentry category-politique category-societe category-tunisie tag-greve-de-la-faim-2 tag-jawher-ben-mbarek tag-prison tag-sers tag-tunisie\" data-category=\"politique societe tunisie\">\r\n\t<div class=\"cmsmasters_post_cont_wrap\">\r\n\t\t<div class=\"cmsmasters_post_img_wrap\"><figure class=\"cmsmasters_img_wrap\"><a href=\"https:\/\/kapitalis.com\/tunisie\/2026\/04\/27\/jawher-ben-mbarek-suspend-sa-greve-de-la-faim\/\" title=\"Jawher Ben Mbarek suspend sa gr\u00e8ve de la faim\" class=\"cmsmasters_img_link\"><img loading=\"lazy\" decoding=\"async\" width=\"580\" height=\"305\" src=\"https:\/\/kapitalis.com\/tunisie\/wp-content\/uploads\/2024\/05\/Jawhar-Ben-Mbarek-580x305.jpg\" class=\"full-width wp-post-image\" alt=\"Jawher Ben Mbarek suspend sa gr\u00e8ve de la faim\" title=\"Jawhar Ben Mbarek\" srcset=\"https:\/\/kapitalis.com\/tunisie\/wp-content\/uploads\/2024\/05\/Jawhar-Ben-Mbarek-580x305.jpg 580w, https:\/\/kapitalis.com\/tunisie\/wp-content\/uploads\/2024\/05\/Jawhar-Ben-Mbarek-300x158.jpg 300w, https:\/\/kapitalis.com\/tunisie\/wp-content\/uploads\/2024\/05\/Jawhar-Ben-Mbarek-1024x538.jpg 1024w, https:\/\/kapitalis.com\/tunisie\/wp-content\/uploads\/2024\/05\/Jawhar-Ben-Mbarek-768x403.jpg 768w, https:\/\/kapitalis.com\/tunisie\/wp-content\/uploads\/2024\/05\/Jawhar-Ben-Mbarek-860x452.jpg 860w, https:\/\/kapitalis.com\/tunisie\/wp-content\/uploads\/2024\/05\/Jawhar-Ben-Mbarek-1160x609.jpg 1160w, https:\/\/kapitalis.com\/tunisie\/wp-content\/uploads\/2024\/05\/Jawhar-Ben-Mbarek.jpg 1200w\" sizes=\"auto, (max-width: 580px) 100vw, 580px\" \/><\/a><\/figure><\/div>\r\n\t\t<div class=\"cmsmasters_post_cont\">\r\n\t\t\t<div class=\"cmsmasters_post_info clearfix\"><small class=\"cmsmasters_post_date cmsmasters-icon-custom-icon-clock\"><abbr class=\"published\" title=\"27 avril 2026\">27 avril 2026<\/abbr><abbr class=\"dn date updated\" title=\"27 avril 2026\">27 avril 2026<\/abbr><\/small><span class=\"cmsmasters_views cmsmasters_post_views\"><span id=\"cmsmastersView-18698852\" class=\"cmsmastersView cmsmasters_theme_icon_view\"><span>124<\/span><\/span><\/span><span class=\"cmsmasters_comments cmsmasters_post_comments\"><a class=\"cmsmasters_theme_icon_comment\" href=\"https:\/\/kapitalis.com\/tunisie\/2026\/04\/27\/jawher-ben-mbarek-suspend-sa-greve-de-la-faim\/#respond\" title=\"Comment on Jawher Ben Mbarek suspend sa gr\u00e8ve de la faim\"><span>0 <\/span><\/a><\/span><\/div><header class=\"cmsmasters_post_header entry-header\"><h3 class=\"cmsmasters_post_title entry-title\"><a href=\"https:\/\/kapitalis.com\/tunisie\/2026\/04\/27\/jawher-ben-mbarek-suspend-sa-greve-de-la-faim\/\">Jawher Ben Mbarek suspend sa gr\u00e8ve de la faim<\/a><\/h3><\/header><div class=\"cmsmasters_post_content entry-content\">\n<p>Apr\u00e8s un mois de mobilisation, l&rsquo;opposant politique Jawher Ben Mbarek, d\u00e9tenu \u00e0 la prison du Sers, a annonc\u00e9 ce lundi...<\/p>\n<\/div>\n<footer class=\"cmsmasters_post_footer entry-meta\"><div class=\"cmsmasters_post_interface clearfix \"><\/div><a class=\"cmsmasters_post_read_more\" href=\"https:\/\/kapitalis.com\/tunisie\/2026\/04\/27\/jawher-ben-mbarek-suspend-sa-greve-de-la-faim\/\">lire<\/a><\/footer>\t\t<\/div>\r\n\t<\/div>\r\n<\/article>\r\n<!-- Finish Post Masonry Article  -->\r\n\r\n<\/div><\/div>\n<\/div><\/div>\n<div id=\"cmsmasters_column_a9dvqbw0x\" class=\"cmsmasters_column one_fourth\">\n<div class=\"cmsmasters_column_inner\">\n<div class=\"cmsmasters_sidebar sidebar_layout_11\"><aside id=\"custom_html-16\" class=\"widget_text widget widget_custom_html\"><div class=\"textwidget custom-html-widget\"><!-- Revive Adserver Asynchronous JS Tag - Generated with Revive Adserver v5.4.1 -->\r\n<ins data-revive-zoneid=\"4\" data-revive-id=\"4310beb3e9bda6a2e843bd088c740baa\"><\/ins>\r\n<script async src=\"\/\/kapitalis.com\/annonce2\/www\/delivery\/asyncjs.php\"><\/script><\/div><\/aside>\n<aside id=\"wpp-12\" class=\"widget popular-posts\">\n<h3 class=\"widgettitle\"><span>+ SOCIETE<\/span><\/h3>            <div class=\"wpp-widget-placeholder\" data-widget-id=\"wpp-12\"><\/div>\r\n            \n<\/aside>\n<aside id=\"custom_html-17\" class=\"widget_text widget widget_custom_html\"><div class=\"textwidget custom-html-widget\"><!-- Revive Adserver Asynchronous JS Tag - Generated with Revive Adserver v5.4.1 -->\r\n<ins data-revive-zoneid=\"4\" data-revive-id=\"4310beb3e9bda6a2e843bd088c740baa\"><\/ins>\r\n<script async src=\"\/\/kapitalis.com\/annonce2\/www\/delivery\/asyncjs.php\"><\/script><\/div><\/aside><div class=\"cl\"><\/div>\n<\/div>\n<\/div><\/div>\n<\/div>\n<\/div>\n<\/div>\n<\/div>\n<\/div>\n<div id=\"cmsmasters_row_0euxkikjen\" class=\"cmsmasters_row cmsmasters_color_scheme_default cmsmasters_row_top_default cmsmasters_row_bot_default cmsmasters_row_boxed\">\n<div class=\"cmsmasters_row_outer_parent\">\n<div class=\"cmsmasters_row_outer\">\n<div class=\"cmsmasters_row_inner\">\n<div class=\"cmsmasters_row_margin\">\n<div id=\"cmsmasters_column_sn26fkwmx\" class=\"cmsmasters_column one_first\">\n<div class=\"cmsmasters_column_inner\">\n<div id=\"cmsmasters_divider_kmpf4xc6g9\" class=\"cmsmasters_divider cmsmasters_divider_width_long cmsmasters_divider_pos_center\"><\/div>\n<div id=\"cmsmasters_heading_9u3kkkulkk\" class=\"cmsmasters_heading_wrap cmsmasters_heading_align_left\">\n\t<h2 class=\"cmsmasters_heading\">CULTURE<\/h2>\n<\/div>\n<div id=\"blog_q9r4u4jdhm\" class=\"cmsmasters_wrap_blog entry-summary\" data-layout=\"columns\" data-layout-mode=\"grid\" data-url=\"https:\/\/kapitalis.com\/tunisie\/wp-content\/plugins\/cmsmasters-content-composer\/\" data-orderby=\"date\" data-order=\"DESC\" data-count=\"5\" data-categories=\"culture\" data-metadata=\"title,date,excerpt,comments,views,more\" data-pagination=\"disabled\"><div class=\"blog columns grid cmsmasters_4 cmsmasters_with_featured\"><!-- Start Post Default Article  -->\r\n<article id=\"post-18701571\" class=\"cmsmasters_post_default post-18701571 post type-post status-publish format-standard has-post-thumbnail hentry category-a-la-une category-culture category-politique tag-el-hasher tag-forces-de-soutien-rapide tag-hemedti-dagalo tag-musee-du-sultan-ali-dinar tag-nyala tag-soudan tag-unesco\">\r\n\t<div class=\"cmsmasters_post_cont_wrap\">\r\n\t\t<div class=\"cmsmasters_post_img_wrap\"><figure class=\"cmsmasters_img_wrap\"><a href=\"https:\/\/kapitalis.com\/tunisie\/wp-content\/uploads\/2026\/04\/Musee-National-Soudanais.jpg\" title=\"Soudan | Les mus\u00e9es pill\u00e9s et les tr\u00e9sors vendus !\" rel=\"ilightbox[img_18701571_69f09cdcf2f47]\" class=\"cmsmasters_img_link\"><img loading=\"lazy\" decoding=\"async\" width=\"860\" height=\"452\" src=\"https:\/\/kapitalis.com\/tunisie\/wp-content\/uploads\/2026\/04\/Musee-National-Soudanais-860x452.jpg\" class=\" wp-post-image\" alt=\"Soudan | Les mus\u00e9es pill\u00e9s et les tr\u00e9sors vendus !\" title=\"Musee-National-Soudanais\" srcset=\"https:\/\/kapitalis.com\/tunisie\/wp-content\/uploads\/2026\/04\/Musee-National-Soudanais-860x452.jpg 860w, https:\/\/kapitalis.com\/tunisie\/wp-content\/uploads\/2026\/04\/Musee-National-Soudanais-300x158.jpg 300w, https:\/\/kapitalis.com\/tunisie\/wp-content\/uploads\/2026\/04\/Musee-National-Soudanais-1024x538.jpg 1024w, https:\/\/kapitalis.com\/tunisie\/wp-content\/uploads\/2026\/04\/Musee-National-Soudanais-768x403.jpg 768w, https:\/\/kapitalis.com\/tunisie\/wp-content\/uploads\/2026\/04\/Musee-National-Soudanais-580x305.jpg 580w, https:\/\/kapitalis.com\/tunisie\/wp-content\/uploads\/2026\/04\/Musee-National-Soudanais-1160x609.jpg 1160w, https:\/\/kapitalis.com\/tunisie\/wp-content\/uploads\/2026\/04\/Musee-National-Soudanais.jpg 1200w\" sizes=\"auto, (max-width: 860px) 100vw, 860px\" \/><\/a><\/figure><\/div>\r\n\t\t<div class=\"cmsmasters_post_cont\">\r\n\t\t\t<div class=\"cmsmasters_post_info clearfix entry-meta\"><small class=\"cmsmasters_post_date cmsmasters-icon-custom-icon-clock\"><abbr class=\"published\" title=\"28 avril 2026\">28 avril 2026<\/abbr><abbr class=\"dn date updated\" title=\"28 avril 2026\">28 avril 2026<\/abbr><\/small><\/div><header class=\"cmsmasters_post_header entry-header\"><h2 class=\"cmsmasters_post_title entry-title\"><a href=\"https:\/\/kapitalis.com\/tunisie\/2026\/04\/28\/soudan-les-musees-pilles-et-les-tresors-vendus\/\">Soudan | Les mus\u00e9es pill\u00e9s et les tr\u00e9sors vendus !<\/a><\/h2><\/header><div class=\"cmsmasters_post_content entry-content\">\n<p>Selon l'Unesco, les mus\u00e9es soudanais sont pill\u00e9s par les groupes arm\u00e9s et leurs tr\u00e9sors sont vendus \u00e0 l\u2019\u00e9tranger. <\/p>\n<\/div>\n<footer class=\"cmsmasters_post_footer entry-meta\"><div class=\"cmsmasters_post_interface clearfix \"><span class=\"cmsmasters_views cmsmasters_post_views\"><span id=\"cmsmastersView-18701571\" class=\"cmsmastersView cmsmasters_theme_icon_view\"><span>42<\/span><\/span><\/span><span class=\"cmsmasters_comments cmsmasters_post_comments\"><a class=\"cmsmasters_theme_icon_comment\" href=\"https:\/\/kapitalis.com\/tunisie\/2026\/04\/28\/soudan-les-musees-pilles-et-les-tresors-vendus\/#comments\" title=\"Comment on Soudan | Les mus\u00e9es pill\u00e9s et les tr\u00e9sors vendus !\"><span>1 <\/span><\/a><\/span><\/div><a class=\"cmsmasters_post_read_more\" href=\"https:\/\/kapitalis.com\/tunisie\/2026\/04\/28\/soudan-les-musees-pilles-et-les-tresors-vendus\/\">lire<\/a><\/footer>\t\t<\/div>\r\n\t<\/div>\r\n<\/article>\r\n<!-- Finish Post Default Article  -->\r\n\r\n<!-- Start Post Masonry Article  -->\r\n<article id=\"post-18700092\" class=\"cmsmasters_post_masonry post-18700092 post type-post status-publish format-standard has-post-thumbnail hentry category-culture category-societe category-tunisie tag-dhia-khaled tag-ertificat-officiel-dinscription tag-geoparc-dahar tag-tunisie tag-unesco\" data-category=\"culture societe tunisie\">\r\n\t<div class=\"cmsmasters_post_cont_wrap\">\r\n\t\t<div class=\"cmsmasters_post_img_wrap\"><figure class=\"cmsmasters_img_wrap\"><a href=\"https:\/\/kapitalis.com\/tunisie\/2026\/04\/27\/la-tunisie-recoit-le-certificat-dadhesion-du-geoparc-dahar-a-lunesco\/\" title=\"La Tunisie re\u00e7oit le certificat d\u2019adh\u00e9sion du G\u00e9oparc Dahar \u00e0 l&rsquo;Unesco\" class=\"cmsmasters_img_link\"><img loading=\"lazy\" decoding=\"async\" width=\"580\" height=\"387\" src=\"https:\/\/kapitalis.com\/tunisie\/wp-content\/uploads\/2026\/04\/certificat-Geoparc-Dahar-580x387.jpg\" class=\"full-width wp-post-image\" alt=\"La Tunisie re\u00e7oit le certificat d\u2019adh\u00e9sion du G\u00e9oparc Dahar \u00e0 l&rsquo;Unesco\" title=\"certificat G\u00e9oparc Dahar\" srcset=\"https:\/\/kapitalis.com\/tunisie\/wp-content\/uploads\/2026\/04\/certificat-Geoparc-Dahar-580x387.jpg 580w, https:\/\/kapitalis.com\/tunisie\/wp-content\/uploads\/2026\/04\/certificat-Geoparc-Dahar-300x200.jpg 300w, https:\/\/kapitalis.com\/tunisie\/wp-content\/uploads\/2026\/04\/certificat-Geoparc-Dahar-1024x683.jpg 1024w, https:\/\/kapitalis.com\/tunisie\/wp-content\/uploads\/2026\/04\/certificat-Geoparc-Dahar-768x512.jpg 768w, https:\/\/kapitalis.com\/tunisie\/wp-content\/uploads\/2026\/04\/certificat-Geoparc-Dahar-860x573.jpg 860w, https:\/\/kapitalis.com\/tunisie\/wp-content\/uploads\/2026\/04\/certificat-Geoparc-Dahar-1160x773.jpg 1160w, https:\/\/kapitalis.com\/tunisie\/wp-content\/uploads\/2026\/04\/certificat-Geoparc-Dahar.jpg 1200w\" sizes=\"auto, (max-width: 580px) 100vw, 580px\" \/><\/a><\/figure><\/div>\r\n\t\t<div class=\"cmsmasters_post_cont\">\r\n\t\t\t<div class=\"cmsmasters_post_info clearfix\"><small class=\"cmsmasters_post_date cmsmasters-icon-custom-icon-clock\"><abbr class=\"published\" title=\"27 avril 2026\">27 avril 2026<\/abbr><abbr class=\"dn date updated\" title=\"27 avril 2026\">27 avril 2026<\/abbr><\/small><span class=\"cmsmasters_views cmsmasters_post_views\"><span id=\"cmsmastersView-18700092\" class=\"cmsmastersView cmsmasters_theme_icon_view\"><span>103<\/span><\/span><\/span><span class=\"cmsmasters_comments cmsmasters_post_comments\"><a class=\"cmsmasters_theme_icon_comment\" href=\"https:\/\/kapitalis.com\/tunisie\/2026\/04\/27\/la-tunisie-recoit-le-certificat-dadhesion-du-geoparc-dahar-a-lunesco\/#respond\" title=\"Comment on La Tunisie re\u00e7oit le certificat d\u2019adh\u00e9sion du G\u00e9oparc Dahar \u00e0 l&rsquo;Unesco\"><span>0 <\/span><\/a><\/span><\/div><header class=\"cmsmasters_post_header entry-header\"><h3 class=\"cmsmasters_post_title entry-title\"><a href=\"https:\/\/kapitalis.com\/tunisie\/2026\/04\/27\/la-tunisie-recoit-le-certificat-dadhesion-du-geoparc-dahar-a-lunesco\/\">La Tunisie re\u00e7oit le certificat d\u2019adh\u00e9sion du G\u00e9oparc Dahar \u00e0 l&rsquo;Unesco<\/a><\/h3><\/header><div class=\"cmsmasters_post_content entry-content\">\n<p>M. Dhia Khaled, ambassadeur, D\u00e9l\u00e9gu\u00e9 Permanent, de la Tunisie aupr\u00e8s de l\u2019Unesco, a re\u00e7u, le 27 avril 2026, le certificat...<\/p>\n<\/div>\n<footer class=\"cmsmasters_post_footer entry-meta\"><div class=\"cmsmasters_post_interface clearfix \"><\/div><a class=\"cmsmasters_post_read_more\" href=\"https:\/\/kapitalis.com\/tunisie\/2026\/04\/27\/la-tunisie-recoit-le-certificat-dadhesion-du-geoparc-dahar-a-lunesco\/\">lire<\/a><\/footer>\t\t<\/div>\r\n\t<\/div>\r\n<\/article>\r\n<!-- Finish Post Masonry Article  -->\r\n\r\n<!-- Start Post Masonry Article  -->\r\n<article id=\"post-18696778\" class=\"cmsmasters_post_masonry post-18696778 post type-post status-publish format-standard has-post-thumbnail hentry category-culture category-tunisie tag-foire-du-livre tag-palais-des-expositions tag-tunis\" data-category=\"culture tunisie\">\r\n\t<div class=\"cmsmasters_post_cont_wrap\">\r\n\t\t<div class=\"cmsmasters_post_img_wrap\"><figure class=\"cmsmasters_img_wrap\"><a href=\"https:\/\/kapitalis.com\/tunisie\/2026\/04\/27\/foire-du-livre-de-tunis-articles-interdits-et-sanctions-pour-les-contrevenants\/\" title=\"Foire du livre de Tunis | Articles interdits et sanctions pour les contrevenants\" class=\"cmsmasters_img_link\"><img loading=\"lazy\" decoding=\"async\" width=\"580\" height=\"305\" src=\"https:\/\/kapitalis.com\/tunisie\/wp-content\/uploads\/2026\/04\/Foire-du-Livre-de-Tunis-2026-40e-580x305.jpg\" class=\"full-width wp-post-image\" alt=\"Foire du livre de Tunis | Articles interdits et sanctions pour les contrevenants\" title=\"Foire-du-Livre-de-Tunis-2026-40e\" srcset=\"https:\/\/kapitalis.com\/tunisie\/wp-content\/uploads\/2026\/04\/Foire-du-Livre-de-Tunis-2026-40e-580x305.jpg 580w, https:\/\/kapitalis.com\/tunisie\/wp-content\/uploads\/2026\/04\/Foire-du-Livre-de-Tunis-2026-40e-300x158.jpg 300w, https:\/\/kapitalis.com\/tunisie\/wp-content\/uploads\/2026\/04\/Foire-du-Livre-de-Tunis-2026-40e-1024x538.jpg 1024w, https:\/\/kapitalis.com\/tunisie\/wp-content\/uploads\/2026\/04\/Foire-du-Livre-de-Tunis-2026-40e-768x403.jpg 768w, https:\/\/kapitalis.com\/tunisie\/wp-content\/uploads\/2026\/04\/Foire-du-Livre-de-Tunis-2026-40e-860x452.jpg 860w, https:\/\/kapitalis.com\/tunisie\/wp-content\/uploads\/2026\/04\/Foire-du-Livre-de-Tunis-2026-40e-1160x609.jpg 1160w, https:\/\/kapitalis.com\/tunisie\/wp-content\/uploads\/2026\/04\/Foire-du-Livre-de-Tunis-2026-40e.jpg 1200w\" sizes=\"auto, (max-width: 580px) 100vw, 580px\" \/><\/a><\/figure><\/div>\r\n\t\t<div class=\"cmsmasters_post_cont\">\r\n\t\t\t<div class=\"cmsmasters_post_info clearfix\"><small class=\"cmsmasters_post_date cmsmasters-icon-custom-icon-clock\"><abbr class=\"published\" title=\"27 avril 2026\">27 avril 2026<\/abbr><abbr class=\"dn date updated\" title=\"27 avril 2026\">27 avril 2026<\/abbr><\/small><span class=\"cmsmasters_views cmsmasters_post_views\"><span id=\"cmsmastersView-18696778\" class=\"cmsmastersView cmsmasters_theme_icon_view\"><span>470<\/span><\/span><\/span><span class=\"cmsmasters_comments cmsmasters_post_comments\"><a class=\"cmsmasters_theme_icon_comment\" href=\"https:\/\/kapitalis.com\/tunisie\/2026\/04\/27\/foire-du-livre-de-tunis-articles-interdits-et-sanctions-pour-les-contrevenants\/#comments\" title=\"Comment on Foire du livre de Tunis | Articles interdits et sanctions pour les contrevenants\"><span>1 <\/span><\/a><\/span><\/div><header class=\"cmsmasters_post_header entry-header\"><h3 class=\"cmsmasters_post_title entry-title\"><a href=\"https:\/\/kapitalis.com\/tunisie\/2026\/04\/27\/foire-du-livre-de-tunis-articles-interdits-et-sanctions-pour-les-contrevenants\/\">Foire du livre de Tunis | Articles interdits et sanctions pour les contrevenants<\/a><\/h3><\/header><div class=\"cmsmasters_post_content entry-content\">\n<p>Les exposants \u00e0 la Foire du Livre de Tunis appel\u00e9s  au strict respect du r\u00e8glement int\u00e9rieur au risque de sanctions.  <\/p>\n<\/div>\n<footer class=\"cmsmasters_post_footer entry-meta\"><div class=\"cmsmasters_post_interface clearfix \"><\/div><a class=\"cmsmasters_post_read_more\" href=\"https:\/\/kapitalis.com\/tunisie\/2026\/04\/27\/foire-du-livre-de-tunis-articles-interdits-et-sanctions-pour-les-contrevenants\/\">lire<\/a><\/footer>\t\t<\/div>\r\n\t<\/div>\r\n<\/article>\r\n<!-- Finish Post Masonry Article  -->\r\n\r\n<!-- Start Post Masonry Article  -->\r\n<article id=\"post-18690087\" class=\"cmsmasters_post_masonry post-18690087 post type-post status-publish format-standard has-post-thumbnail hentry category-culture category-tunisie tag-prix-comar tag-roman tag-salah-el-gharbi\" data-category=\"culture tunisie\">\r\n\t<div class=\"cmsmasters_post_cont_wrap\">\r\n\t\t<div class=\"cmsmasters_post_img_wrap\"><figure class=\"cmsmasters_img_wrap\"><a href=\"https:\/\/kapitalis.com\/tunisie\/2026\/04\/26\/salah-el-gharbi-publie-letau-son-6e-roman\/\" title=\"Salah El Gharbi publie \u2018\u2018L\u2019Etau\u2019\u2019, son 6e roman\" class=\"cmsmasters_img_link\"><img loading=\"lazy\" decoding=\"async\" width=\"580\" height=\"305\" src=\"https:\/\/kapitalis.com\/tunisie\/wp-content\/uploads\/2026\/04\/Slah-El-Grabi-Etau-580x305.jpg\" class=\"full-width wp-post-image\" alt=\"Salah El Gharbi publie \u2018\u2018L\u2019Etau\u2019\u2019, son 6e roman\" title=\"Slah-El-Grabi-Etau\" srcset=\"https:\/\/kapitalis.com\/tunisie\/wp-content\/uploads\/2026\/04\/Slah-El-Grabi-Etau-580x305.jpg 580w, https:\/\/kapitalis.com\/tunisie\/wp-content\/uploads\/2026\/04\/Slah-El-Grabi-Etau-300x158.jpg 300w, https:\/\/kapitalis.com\/tunisie\/wp-content\/uploads\/2026\/04\/Slah-El-Grabi-Etau-1024x538.jpg 1024w, https:\/\/kapitalis.com\/tunisie\/wp-content\/uploads\/2026\/04\/Slah-El-Grabi-Etau-768x403.jpg 768w, https:\/\/kapitalis.com\/tunisie\/wp-content\/uploads\/2026\/04\/Slah-El-Grabi-Etau-860x452.jpg 860w, https:\/\/kapitalis.com\/tunisie\/wp-content\/uploads\/2026\/04\/Slah-El-Grabi-Etau-1160x609.jpg 1160w, https:\/\/kapitalis.com\/tunisie\/wp-content\/uploads\/2026\/04\/Slah-El-Grabi-Etau.jpg 1200w\" sizes=\"auto, (max-width: 580px) 100vw, 580px\" \/><\/a><\/figure><\/div>\r\n\t\t<div class=\"cmsmasters_post_cont\">\r\n\t\t\t<div class=\"cmsmasters_post_info clearfix\"><small class=\"cmsmasters_post_date cmsmasters-icon-custom-icon-clock\"><abbr class=\"published\" title=\"26 avril 2026\">26 avril 2026<\/abbr><abbr class=\"dn date updated\" title=\"26 avril 2026\">26 avril 2026<\/abbr><\/small><span class=\"cmsmasters_views cmsmasters_post_views\"><span id=\"cmsmastersView-18690087\" class=\"cmsmastersView cmsmasters_theme_icon_view\"><span>137<\/span><\/span><\/span><span class=\"cmsmasters_comments cmsmasters_post_comments\"><a class=\"cmsmasters_theme_icon_comment\" href=\"https:\/\/kapitalis.com\/tunisie\/2026\/04\/26\/salah-el-gharbi-publie-letau-son-6e-roman\/#respond\" title=\"Comment on Salah El Gharbi publie \u2018\u2018L\u2019Etau\u2019\u2019, son 6e roman\"><span>0 <\/span><\/a><\/span><\/div><header class=\"cmsmasters_post_header entry-header\"><h3 class=\"cmsmasters_post_title entry-title\"><a href=\"https:\/\/kapitalis.com\/tunisie\/2026\/04\/26\/salah-el-gharbi-publie-letau-son-6e-roman\/\">Salah El Gharbi publie \u2018\u2018L\u2019Etau\u2019\u2019, son 6e roman<\/a><\/h3><\/header><div class=\"cmsmasters_post_content entry-content\">\n<p>Salah El Gharbi, romancier et essayiste, vient de publier chez Contraste \u00e9ditions, \u00e0 Tunis, \u2018\u2018L\u2019\u00c9tau\u2019\u2019, son septi\u00e8me roman. <\/p>\n<\/div>\n<footer class=\"cmsmasters_post_footer entry-meta\"><div class=\"cmsmasters_post_interface clearfix \"><\/div><a class=\"cmsmasters_post_read_more\" href=\"https:\/\/kapitalis.com\/tunisie\/2026\/04\/26\/salah-el-gharbi-publie-letau-son-6e-roman\/\">lire<\/a><\/footer>\t\t<\/div>\r\n\t<\/div>\r\n<\/article>\r\n<!-- Finish Post Masonry Article  -->\r\n\r\n<!-- Start Post Masonry Article  -->\r\n<article id=\"post-18687399\" class=\"cmsmasters_post_masonry post-18687399 post type-post status-publish format-standard has-post-thumbnail hentry category-a-la-une category-culture category-tunisie tag-amel-safta tag-douz tag-hedi-khelil-2 tag-noureddine-bettaieb\" data-category=\"a-la-une culture tunisie\">\r\n\t<div class=\"cmsmasters_post_cont_wrap\">\r\n\t\t<div class=\"cmsmasters_post_img_wrap\"><figure class=\"cmsmasters_img_wrap\"><a href=\"https:\/\/kapitalis.com\/tunisie\/2026\/04\/26\/le-poeme-du-dimanche-a-douz-souvenir-dun-temps-lointain-de-noureddine-bettaieb\/\" title=\"Le po\u00e8me du dimanche | \u2018\u2018A Douz\u2026 Souvenir d\u2019un temps lointain\u2019\u2019 de Noureddine Betta\u00efeb\" class=\"cmsmasters_img_link\"><img loading=\"lazy\" decoding=\"async\" width=\"580\" height=\"305\" src=\"https:\/\/kapitalis.com\/tunisie\/wp-content\/uploads\/2026\/04\/Noureddine-Bettaieb-580x305.jpg\" class=\"full-width wp-post-image\" alt=\"Le po\u00e8me du dimanche | \u2018\u2018A Douz\u2026 Souvenir d\u2019un temps lointain\u2019\u2019 de Noureddine Betta\u00efeb\" title=\"Noureddine-Bettaieb\" srcset=\"https:\/\/kapitalis.com\/tunisie\/wp-content\/uploads\/2026\/04\/Noureddine-Bettaieb-580x305.jpg 580w, https:\/\/kapitalis.com\/tunisie\/wp-content\/uploads\/2026\/04\/Noureddine-Bettaieb-300x158.jpg 300w, https:\/\/kapitalis.com\/tunisie\/wp-content\/uploads\/2026\/04\/Noureddine-Bettaieb-1024x538.jpg 1024w, https:\/\/kapitalis.com\/tunisie\/wp-content\/uploads\/2026\/04\/Noureddine-Bettaieb-768x403.jpg 768w, https:\/\/kapitalis.com\/tunisie\/wp-content\/uploads\/2026\/04\/Noureddine-Bettaieb-860x452.jpg 860w, https:\/\/kapitalis.com\/tunisie\/wp-content\/uploads\/2026\/04\/Noureddine-Bettaieb-1160x609.jpg 1160w, https:\/\/kapitalis.com\/tunisie\/wp-content\/uploads\/2026\/04\/Noureddine-Bettaieb.jpg 1200w\" sizes=\"auto, (max-width: 580px) 100vw, 580px\" \/><\/a><\/figure><\/div>\r\n\t\t<div class=\"cmsmasters_post_cont\">\r\n\t\t\t<div class=\"cmsmasters_post_info clearfix\"><small class=\"cmsmasters_post_date cmsmasters-icon-custom-icon-clock\"><abbr class=\"published\" title=\"26 avril 2026\">26 avril 2026<\/abbr><abbr class=\"dn date updated\" title=\"25 avril 2026\">25 avril 2026<\/abbr><\/small><span class=\"cmsmasters_views cmsmasters_post_views\"><span id=\"cmsmastersView-18687399\" class=\"cmsmastersView cmsmasters_theme_icon_view\"><span>154<\/span><\/span><\/span><span class=\"cmsmasters_comments cmsmasters_post_comments\"><a class=\"cmsmasters_theme_icon_comment\" href=\"https:\/\/kapitalis.com\/tunisie\/2026\/04\/26\/le-poeme-du-dimanche-a-douz-souvenir-dun-temps-lointain-de-noureddine-bettaieb\/#respond\" title=\"Comment on Le po\u00e8me du dimanche | \u2018\u2018A Douz\u2026 Souvenir d\u2019un temps lointain\u2019\u2019 de Noureddine Betta\u00efeb\"><span>0 <\/span><\/a><\/span><\/div><header class=\"cmsmasters_post_header entry-header\"><h3 class=\"cmsmasters_post_title entry-title\"><a href=\"https:\/\/kapitalis.com\/tunisie\/2026\/04\/26\/le-poeme-du-dimanche-a-douz-souvenir-dun-temps-lointain-de-noureddine-bettaieb\/\">Le po\u00e8me du dimanche | \u2018\u2018A Douz\u2026 Souvenir d\u2019un temps lointain\u2019\u2019 de Noureddine Betta\u00efeb<\/a><\/h3><\/header><div class=\"cmsmasters_post_content entry-content\">\n<p>N\u00e9 en 1967 \u00e0 Douz, dans le sud tunisien, Noureddine Betta\u00efeb est po\u00e8te, essayiste, documentariste, animateur culturel.<\/p>\n<\/div>\n<footer class=\"cmsmasters_post_footer entry-meta\"><div class=\"cmsmasters_post_interface clearfix \"><\/div><a class=\"cmsmasters_post_read_more\" href=\"https:\/\/kapitalis.com\/tunisie\/2026\/04\/26\/le-poeme-du-dimanche-a-douz-souvenir-dun-temps-lointain-de-noureddine-bettaieb\/\">lire<\/a><\/footer>\t\t<\/div>\r\n\t<\/div>\r\n<\/article>\r\n<!-- Finish Post Masonry Article  -->\r\n\r\n<\/div><\/div>\n<div id=\"cmsmasters_divider_bhjxeapje\" class=\"cmsmasters_divider cmsmasters_divider_width_long cmsmasters_divider_pos_center\"><\/div>\n<\/div><\/div>\n<\/div>\n<\/div>\n<\/div>\n<\/div>\n<\/div>\n<div id=\"cmsmasters_row_7fqrjxqpxt\" class=\"cmsmasters_row cmsmasters_color_scheme_default cmsmasters_row_top_default cmsmasters_row_bot_default cmsmasters_row_boxed\">\n<div class=\"cmsmasters_row_outer_parent\">\n<div class=\"cmsmasters_row_outer\">\n<div class=\"cmsmasters_row_inner\">\n<div class=\"cmsmasters_row_margin\">\n<div id=\"cmsmasters_column_5wkoh6ye2j\" class=\"cmsmasters_column one_half\">\n<div class=\"cmsmasters_column_inner\"><div id=\"cmsmasters_heading_pmxo2o9bt4\" class=\"cmsmasters_heading_wrap cmsmasters_heading_align_left\">\n\t<h2 class=\"cmsmasters_heading\">SPORT<\/h2>\n<\/div>\n<div id=\"blog_bsp6855wbh\" class=\"cmsmasters_wrap_blog entry-summary\" data-layout=\"standard\" data-layout-mode=\"\" data-url=\"https:\/\/kapitalis.com\/tunisie\/wp-content\/plugins\/cmsmasters-content-composer\/\" data-orderby=\"date\" data-order=\"DESC\" data-count=\"2\" data-categories=\"sport\" data-metadata=\"title,date,comments,views,more\" data-pagination=\"disabled\"><div class=\"blog standard\"><!-- Start Post Default Article  -->\r\n<article id=\"post-18702276\" class=\"cmsmasters_post_default post-18702276 post type-post status-publish format-standard has-post-thumbnail hentry category-media category-sport category-tunisie tag-economie-numerique tag-football tag-maghreb tag-mobile tag-paiements-digitaux tag-paris-sportifs\">\r\n\t<div class=\"cmsmasters_post_cont_wrap\">\r\n\t\t<div class=\"cmsmasters_post_img_wrap\"><figure class=\"cmsmasters_img_wrap\"><a href=\"https:\/\/kapitalis.com\/tunisie\/2026\/04\/28\/au-maghreb-le-sport-devient-un-moteur-de-revenus-numeriques\/\" title=\"Au Maghreb, le sport devient un moteur de revenus num\u00e9riques\" class=\"cmsmasters_img_link\"><img loading=\"lazy\" decoding=\"async\" width=\"860\" height=\"452\" src=\"https:\/\/kapitalis.com\/tunisie\/wp-content\/uploads\/2026\/04\/Jeu-en-ligne-Maghreb-860x452.jpg\" class=\" wp-post-image\" alt=\"Au Maghreb, le sport devient un moteur de revenus num\u00e9riques\" title=\"Jeu-en-ligne-Maghreb\" srcset=\"https:\/\/kapitalis.com\/tunisie\/wp-content\/uploads\/2026\/04\/Jeu-en-ligne-Maghreb-860x452.jpg 860w, https:\/\/kapitalis.com\/tunisie\/wp-content\/uploads\/2026\/04\/Jeu-en-ligne-Maghreb-300x158.jpg 300w, https:\/\/kapitalis.com\/tunisie\/wp-content\/uploads\/2026\/04\/Jeu-en-ligne-Maghreb-1024x538.jpg 1024w, https:\/\/kapitalis.com\/tunisie\/wp-content\/uploads\/2026\/04\/Jeu-en-ligne-Maghreb-768x403.jpg 768w, https:\/\/kapitalis.com\/tunisie\/wp-content\/uploads\/2026\/04\/Jeu-en-ligne-Maghreb-580x305.jpg 580w, https:\/\/kapitalis.com\/tunisie\/wp-content\/uploads\/2026\/04\/Jeu-en-ligne-Maghreb-1160x609.jpg 1160w, https:\/\/kapitalis.com\/tunisie\/wp-content\/uploads\/2026\/04\/Jeu-en-ligne-Maghreb.jpg 1200w\" sizes=\"auto, (max-width: 860px) 100vw, 860px\" \/><\/a><\/figure><\/div>\r\n\t\t<div class=\"cmsmasters_post_cont\">\r\n\t\t\t<div class=\"cmsmasters_post_info clearfix entry-meta\"><small class=\"cmsmasters_post_date cmsmasters-icon-custom-icon-clock\"><abbr class=\"published\" title=\"28 avril 2026\">28 avril 2026<\/abbr><abbr class=\"dn date updated\" title=\"28 avril 2026\">28 avril 2026<\/abbr><\/small><\/div><header class=\"cmsmasters_post_header entry-header\"><h2 class=\"cmsmasters_post_title entry-title\"><a href=\"https:\/\/kapitalis.com\/tunisie\/2026\/04\/28\/au-maghreb-le-sport-devient-un-moteur-de-revenus-numeriques\/\">Au Maghreb, le sport devient un moteur de revenus num\u00e9riques<\/a><\/h2><\/header><footer class=\"cmsmasters_post_footer entry-meta\"><div class=\"cmsmasters_post_interface clearfix \"><span class=\"cmsmasters_views cmsmasters_post_views\"><span id=\"cmsmastersView-18702276\" class=\"cmsmastersView cmsmasters_theme_icon_view\"><span>22<\/span><\/span><\/span><span class=\"cmsmasters_comments cmsmasters_post_comments\"><a class=\"cmsmasters_theme_icon_comment\" href=\"https:\/\/kapitalis.com\/tunisie\/2026\/04\/28\/au-maghreb-le-sport-devient-un-moteur-de-revenus-numeriques\/#respond\" title=\"Comment on Au Maghreb, le sport devient un moteur de revenus num\u00e9riques\"><span>0 <\/span><\/a><\/span><\/div><a class=\"cmsmasters_post_read_more\" href=\"https:\/\/kapitalis.com\/tunisie\/2026\/04\/28\/au-maghreb-le-sport-devient-un-moteur-de-revenus-numeriques\/\">lire<\/a><\/footer>\t\t<\/div>\r\n\t<\/div>\r\n<\/article>\r\n<!-- Finish Post Default Article  -->\r\n\r\n<!-- Start Post Default Article  -->\r\n<article id=\"post-18696358\" class=\"cmsmasters_post_default post-18696358 post type-post status-publish format-standard has-post-thumbnail hentry category-a-la-une category-societe category-sport category-tunisie tag-accidentologie tag-algerie tag-maroc tag-mehdi-tabbakh tag-plongee-sous-marine tag-richard-mas tag-salma-zribi tag-tunisie\">\r\n\t<div class=\"cmsmasters_post_cont_wrap\">\r\n\t\t<div class=\"cmsmasters_post_img_wrap\"><figure class=\"cmsmasters_img_wrap\"><a href=\"https:\/\/kapitalis.com\/tunisie\/2026\/04\/27\/le-management-des-risques-en-plongee-sous-marine\/\" title=\"Le management des risques en plong\u00e9e sous-marine\" class=\"cmsmasters_img_link\"><img loading=\"lazy\" decoding=\"async\" width=\"860\" height=\"452\" src=\"https:\/\/kapitalis.com\/tunisie\/wp-content\/uploads\/2024\/11\/Plongee-sous-marine-3-860x452.jpg\" class=\" wp-post-image\" alt=\"Le management des risques en plong\u00e9e sous-marine\" title=\"Plongee-sous-marine-3\" srcset=\"https:\/\/kapitalis.com\/tunisie\/wp-content\/uploads\/2024\/11\/Plongee-sous-marine-3-860x452.jpg 860w, https:\/\/kapitalis.com\/tunisie\/wp-content\/uploads\/2024\/11\/Plongee-sous-marine-3-300x158.jpg 300w, https:\/\/kapitalis.com\/tunisie\/wp-content\/uploads\/2024\/11\/Plongee-sous-marine-3-1024x538.jpg 1024w, https:\/\/kapitalis.com\/tunisie\/wp-content\/uploads\/2024\/11\/Plongee-sous-marine-3-768x403.jpg 768w, https:\/\/kapitalis.com\/tunisie\/wp-content\/uploads\/2024\/11\/Plongee-sous-marine-3-580x305.jpg 580w, https:\/\/kapitalis.com\/tunisie\/wp-content\/uploads\/2024\/11\/Plongee-sous-marine-3-1160x609.jpg 1160w, https:\/\/kapitalis.com\/tunisie\/wp-content\/uploads\/2024\/11\/Plongee-sous-marine-3.jpg 1200w\" sizes=\"auto, (max-width: 860px) 100vw, 860px\" \/><\/a><\/figure><\/div>\r\n\t\t<div class=\"cmsmasters_post_cont\">\r\n\t\t\t<div class=\"cmsmasters_post_info clearfix entry-meta\"><small class=\"cmsmasters_post_date cmsmasters-icon-custom-icon-clock\"><abbr class=\"published\" title=\"27 avril 2026\">27 avril 2026<\/abbr><abbr class=\"dn date updated\" title=\"27 avril 2026\">27 avril 2026<\/abbr><\/small><\/div><header class=\"cmsmasters_post_header entry-header\"><h2 class=\"cmsmasters_post_title entry-title\"><a href=\"https:\/\/kapitalis.com\/tunisie\/2026\/04\/27\/le-management-des-risques-en-plongee-sous-marine\/\">Le management des risques en plong\u00e9e sous-marine<\/a><\/h2><\/header><footer class=\"cmsmasters_post_footer entry-meta\"><div class=\"cmsmasters_post_interface clearfix \"><span class=\"cmsmasters_views cmsmasters_post_views\"><span id=\"cmsmastersView-18696358\" class=\"cmsmastersView cmsmasters_theme_icon_view\"><span>264<\/span><\/span><\/span><span class=\"cmsmasters_comments cmsmasters_post_comments\"><a class=\"cmsmasters_theme_icon_comment\" href=\"https:\/\/kapitalis.com\/tunisie\/2026\/04\/27\/le-management-des-risques-en-plongee-sous-marine\/#comments\" title=\"Comment on Le management des risques en plong\u00e9e sous-marine\"><span>1 <\/span><\/a><\/span><\/div><a class=\"cmsmasters_post_read_more\" href=\"https:\/\/kapitalis.com\/tunisie\/2026\/04\/27\/le-management-des-risques-en-plongee-sous-marine\/\">lire<\/a><\/footer>\t\t<\/div>\r\n\t<\/div>\r\n<\/article>\r\n<!-- Finish Post Default Article  -->\r\n\r\n<\/div><\/div>\n<\/div><\/div>\n<div id=\"cmsmasters_column_ggxpczled7\" class=\"cmsmasters_column one_half\">\n<div class=\"cmsmasters_column_inner\"><div id=\"cmsmasters_heading_7sz4b9vwnl\" class=\"cmsmasters_heading_wrap cmsmasters_heading_align_left\">\n\t<h2 class=\"cmsmasters_heading\">MEDIA<\/h2>\n<\/div>\n<div id=\"blog_4ma32ydwwd\" class=\"cmsmasters_wrap_blog entry-summary\" data-layout=\"standard\" data-layout-mode=\"\" data-url=\"https:\/\/kapitalis.com\/tunisie\/wp-content\/plugins\/cmsmasters-content-composer\/\" data-orderby=\"date\" data-order=\"DESC\" data-count=\"2\" data-categories=\"media\" data-metadata=\"title,date,comments,views,more\" data-pagination=\"disabled\"><div class=\"blog standard\"><!-- Start Post Default Article  -->\r\n<article id=\"post-18702276\" class=\"cmsmasters_post_default post-18702276 post type-post status-publish format-standard has-post-thumbnail hentry category-media category-sport category-tunisie tag-economie-numerique tag-football tag-maghreb tag-mobile tag-paiements-digitaux tag-paris-sportifs\">\r\n\t<div class=\"cmsmasters_post_cont_wrap\">\r\n\t\t<div class=\"cmsmasters_post_img_wrap\"><figure class=\"cmsmasters_img_wrap\"><a href=\"https:\/\/kapitalis.com\/tunisie\/2026\/04\/28\/au-maghreb-le-sport-devient-un-moteur-de-revenus-numeriques\/\" title=\"Au Maghreb, le sport devient un moteur de revenus num\u00e9riques\" class=\"cmsmasters_img_link\"><img loading=\"lazy\" decoding=\"async\" width=\"860\" height=\"452\" src=\"https:\/\/kapitalis.com\/tunisie\/wp-content\/uploads\/2026\/04\/Jeu-en-ligne-Maghreb-860x452.jpg\" class=\" wp-post-image\" alt=\"Au Maghreb, le sport devient un moteur de revenus num\u00e9riques\" title=\"Jeu-en-ligne-Maghreb\" srcset=\"https:\/\/kapitalis.com\/tunisie\/wp-content\/uploads\/2026\/04\/Jeu-en-ligne-Maghreb-860x452.jpg 860w, https:\/\/kapitalis.com\/tunisie\/wp-content\/uploads\/2026\/04\/Jeu-en-ligne-Maghreb-300x158.jpg 300w, https:\/\/kapitalis.com\/tunisie\/wp-content\/uploads\/2026\/04\/Jeu-en-ligne-Maghreb-1024x538.jpg 1024w, https:\/\/kapitalis.com\/tunisie\/wp-content\/uploads\/2026\/04\/Jeu-en-ligne-Maghreb-768x403.jpg 768w, https:\/\/kapitalis.com\/tunisie\/wp-content\/uploads\/2026\/04\/Jeu-en-ligne-Maghreb-580x305.jpg 580w, https:\/\/kapitalis.com\/tunisie\/wp-content\/uploads\/2026\/04\/Jeu-en-ligne-Maghreb-1160x609.jpg 1160w, https:\/\/kapitalis.com\/tunisie\/wp-content\/uploads\/2026\/04\/Jeu-en-ligne-Maghreb.jpg 1200w\" sizes=\"auto, (max-width: 860px) 100vw, 860px\" \/><\/a><\/figure><\/div>\r\n\t\t<div class=\"cmsmasters_post_cont\">\r\n\t\t\t<div class=\"cmsmasters_post_info clearfix entry-meta\"><small class=\"cmsmasters_post_date cmsmasters-icon-custom-icon-clock\"><abbr class=\"published\" title=\"28 avril 2026\">28 avril 2026<\/abbr><abbr class=\"dn date updated\" title=\"28 avril 2026\">28 avril 2026<\/abbr><\/small><\/div><header class=\"cmsmasters_post_header entry-header\"><h2 class=\"cmsmasters_post_title entry-title\"><a href=\"https:\/\/kapitalis.com\/tunisie\/2026\/04\/28\/au-maghreb-le-sport-devient-un-moteur-de-revenus-numeriques\/\">Au Maghreb, le sport devient un moteur de revenus num\u00e9riques<\/a><\/h2><\/header><footer class=\"cmsmasters_post_footer entry-meta\"><div class=\"cmsmasters_post_interface clearfix \"><span class=\"cmsmasters_views cmsmasters_post_views\"><span id=\"cmsmastersView-18702276\" class=\"cmsmastersView cmsmasters_theme_icon_view\"><span>22<\/span><\/span><\/span><span class=\"cmsmasters_comments cmsmasters_post_comments\"><a class=\"cmsmasters_theme_icon_comment\" href=\"https:\/\/kapitalis.com\/tunisie\/2026\/04\/28\/au-maghreb-le-sport-devient-un-moteur-de-revenus-numeriques\/#respond\" title=\"Comment on Au Maghreb, le sport devient un moteur de revenus num\u00e9riques\"><span>0 <\/span><\/a><\/span><\/div><a class=\"cmsmasters_post_read_more\" href=\"https:\/\/kapitalis.com\/tunisie\/2026\/04\/28\/au-maghreb-le-sport-devient-un-moteur-de-revenus-numeriques\/\">lire<\/a><\/footer>\t\t<\/div>\r\n\t<\/div>\r\n<\/article>\r\n<!-- Finish Post Default Article  -->\r\n\r\n<!-- Start Post Default Article  -->\r\n<article id=\"post-18699630\" class=\"cmsmasters_post_default post-18699630 post type-post status-publish format-standard has-post-thumbnail hentry category-media category-societe category-tunisie tag-journaliste tag-mobilisation tag-snjt tag-syndicat tag-tunisie tag-zied-el-heni\">\r\n\t<div class=\"cmsmasters_post_cont_wrap\">\r\n\t\t<div class=\"cmsmasters_post_img_wrap\"><figure class=\"cmsmasters_img_wrap\"><a href=\"https:\/\/kapitalis.com\/tunisie\/2026\/04\/27\/le-snjt-appelle-a-un-rassemblement-de-soutien-a-zied-el-heni\/\" title=\"Le SNJT appelle \u00e0 un rassemblement de soutien \u00e0 Zied El-Heni\" class=\"cmsmasters_img_link\"><img loading=\"lazy\" decoding=\"async\" width=\"860\" height=\"452\" src=\"https:\/\/kapitalis.com\/tunisie\/wp-content\/uploads\/2023\/06\/Zied-El-Heni-2-860x452.jpg\" class=\" wp-post-image\" alt=\"Le SNJT appelle \u00e0 un rassemblement de soutien \u00e0 Zied El-Heni\" title=\"Zied El-Heni\" srcset=\"https:\/\/kapitalis.com\/tunisie\/wp-content\/uploads\/2023\/06\/Zied-El-Heni-2-860x452.jpg 860w, https:\/\/kapitalis.com\/tunisie\/wp-content\/uploads\/2023\/06\/Zied-El-Heni-2-300x158.jpg 300w, https:\/\/kapitalis.com\/tunisie\/wp-content\/uploads\/2023\/06\/Zied-El-Heni-2-1024x538.jpg 1024w, https:\/\/kapitalis.com\/tunisie\/wp-content\/uploads\/2023\/06\/Zied-El-Heni-2-768x403.jpg 768w, https:\/\/kapitalis.com\/tunisie\/wp-content\/uploads\/2023\/06\/Zied-El-Heni-2-580x305.jpg 580w, https:\/\/kapitalis.com\/tunisie\/wp-content\/uploads\/2023\/06\/Zied-El-Heni-2-1160x609.jpg 1160w, https:\/\/kapitalis.com\/tunisie\/wp-content\/uploads\/2023\/06\/Zied-El-Heni-2.jpg 1200w\" sizes=\"auto, (max-width: 860px) 100vw, 860px\" \/><\/a><\/figure><\/div>\r\n\t\t<div class=\"cmsmasters_post_cont\">\r\n\t\t\t<div class=\"cmsmasters_post_info clearfix entry-meta\"><small class=\"cmsmasters_post_date cmsmasters-icon-custom-icon-clock\"><abbr class=\"published\" title=\"27 avril 2026\">27 avril 2026<\/abbr><abbr class=\"dn date updated\" title=\"27 avril 2026\">27 avril 2026<\/abbr><\/small><\/div><header class=\"cmsmasters_post_header entry-header\"><h2 class=\"cmsmasters_post_title entry-title\"><a href=\"https:\/\/kapitalis.com\/tunisie\/2026\/04\/27\/le-snjt-appelle-a-un-rassemblement-de-soutien-a-zied-el-heni\/\">Le SNJT appelle \u00e0 un rassemblement de soutien \u00e0 Zied El-Heni<\/a><\/h2><\/header><footer class=\"cmsmasters_post_footer entry-meta\"><div class=\"cmsmasters_post_interface clearfix \"><span class=\"cmsmasters_views cmsmasters_post_views\"><span id=\"cmsmastersView-18699630\" class=\"cmsmastersView cmsmasters_theme_icon_view\"><span>103<\/span><\/span><\/span><span class=\"cmsmasters_comments cmsmasters_post_comments\"><a class=\"cmsmasters_theme_icon_comment\" href=\"https:\/\/kapitalis.com\/tunisie\/2026\/04\/27\/le-snjt-appelle-a-un-rassemblement-de-soutien-a-zied-el-heni\/#respond\" title=\"Comment on Le SNJT appelle \u00e0 un rassemblement de soutien \u00e0 Zied El-Heni\"><span>0 <\/span><\/a><\/span><\/div><a class=\"cmsmasters_post_read_more\" href=\"https:\/\/kapitalis.com\/tunisie\/2026\/04\/27\/le-snjt-appelle-a-un-rassemblement-de-soutien-a-zied-el-heni\/\">lire<\/a><\/footer>\t\t<\/div>\r\n\t<\/div>\r\n<\/article>\r\n<!-- Finish Post Default Article  -->\r\n\r\n<\/div><\/div>\n<\/div><\/div>\n<\/div>\n<\/div>\n<\/div>\n<\/div>\n<\/div>\n<div id=\"cmsmasters_row_0ni2sr89l\" class=\"cmsmasters_row cmsmasters_color_scheme_default cmsmasters_row_top_default cmsmasters_row_bot_default cmsmasters_row_boxed\">\n<div class=\"cmsmasters_row_outer_parent\">\n<div class=\"cmsmasters_row_outer\">\n<div class=\"cmsmasters_row_inner\">\n<div class=\"cmsmasters_row_margin\">\n<div id=\"cmsmasters_column_b3pqrx0y6o\" class=\"cmsmasters_column one_first\">\n<div class=\"cmsmasters_column_inner\">\n<div id=\"cmsmasters_divider_rqzefgmkp\" class=\"cmsmasters_divider cmsmasters_divider_width_long cmsmasters_divider_pos_center\"><\/div>\n<\/div><\/div>\n<\/div>\n<\/div>\n<\/div>\n<\/div>\n<\/div>\n<div id=\"cmsmasters_row_glqd4uuwq\" class=\"cmsmasters_row cmsmasters_color_scheme_default cmsmasters_row_top_default cmsmasters_row_bot_default cmsmasters_row_boxed\">\n<div class=\"cmsmasters_row_outer_parent\">\n<div class=\"cmsmasters_row_outer\">\n<div class=\"cmsmasters_row_inner\">\n<div class=\"cmsmasters_row_margin\">\n<div id=\"cmsmasters_column_lc6ecp268b\" class=\"cmsmasters_column three_fourth\">\n<div class=\"cmsmasters_column_inner\"><div id=\"cmsmasters_heading_c5jriapo8h\" class=\"cmsmasters_heading_wrap cmsmasters_heading_align_left\">\n\t<h2 class=\"cmsmasters_heading\">AUTO<\/h2>\n<\/div>\n<div id=\"blog_l6p2xwm8z\" class=\"cmsmasters_wrap_blog entry-summary\" data-layout=\"columns\" data-layout-mode=\"grid\" data-url=\"https:\/\/kapitalis.com\/tunisie\/wp-content\/plugins\/cmsmasters-content-composer\/\" data-orderby=\"date\" data-order=\"DESC\" data-count=\"4\" data-categories=\"auto\" data-metadata=\"title,date,excerpt,comments,views,more\" data-pagination=\"disabled\"><div class=\"blog columns grid cmsmasters_2\"><!-- Start Post Masonry Article  -->\r\n<article id=\"post-18656743\" class=\"cmsmasters_post_masonry post-18656743 post type-post status-publish format-standard has-post-thumbnail hentry category-auto category-economie category-tunisie tag-citroen tag-concessionnaires tag-hyundai tag-isuzu tag-kia tag-marche-automobile tag-marques-asiatiques tag-peugeot tag-tunisie\" data-category=\"auto economie tunisie\">\r\n\t<div class=\"cmsmasters_post_cont_wrap\">\r\n\t\t<div class=\"cmsmasters_post_img_wrap\"><figure class=\"cmsmasters_img_wrap\"><a href=\"https:\/\/kapitalis.com\/tunisie\/2026\/04\/19\/tunisie-vente-des-voitures-en-hausse-de-22-au-1er-trimestre-2026\/\" title=\"Tunisie | Vente des voitures en hausse de 22 % au 1er trimestre 2026\" class=\"cmsmasters_img_link\"><img loading=\"lazy\" decoding=\"async\" width=\"580\" height=\"305\" src=\"https:\/\/kapitalis.com\/tunisie\/wp-content\/uploads\/2023\/12\/Automobiles-580x305.jpg\" class=\"full-width wp-post-image\" alt=\"Tunisie | Vente des voitures en hausse de 22 % au 1er trimestre 2026\" title=\"Automobiles\" srcset=\"https:\/\/kapitalis.com\/tunisie\/wp-content\/uploads\/2023\/12\/Automobiles-580x305.jpg 580w, https:\/\/kapitalis.com\/tunisie\/wp-content\/uploads\/2023\/12\/Automobiles-300x158.jpg 300w, https:\/\/kapitalis.com\/tunisie\/wp-content\/uploads\/2023\/12\/Automobiles-1024x538.jpg 1024w, https:\/\/kapitalis.com\/tunisie\/wp-content\/uploads\/2023\/12\/Automobiles-768x403.jpg 768w, https:\/\/kapitalis.com\/tunisie\/wp-content\/uploads\/2023\/12\/Automobiles-860x452.jpg 860w, https:\/\/kapitalis.com\/tunisie\/wp-content\/uploads\/2023\/12\/Automobiles-1160x609.jpg 1160w, https:\/\/kapitalis.com\/tunisie\/wp-content\/uploads\/2023\/12\/Automobiles.jpg 1200w\" sizes=\"auto, (max-width: 580px) 100vw, 580px\" \/><\/a><\/figure><\/div>\r\n\t\t<div class=\"cmsmasters_post_cont\">\r\n\t\t\t<div class=\"cmsmasters_post_info clearfix\"><small class=\"cmsmasters_post_date cmsmasters-icon-custom-icon-clock\"><abbr class=\"published\" title=\"19 avril 2026\">19 avril 2026<\/abbr><abbr class=\"dn date updated\" title=\"19 avril 2026\">19 avril 2026<\/abbr><\/small><span class=\"cmsmasters_views cmsmasters_post_views\"><span id=\"cmsmastersView-18656743\" class=\"cmsmastersView cmsmasters_theme_icon_view\"><span>309<\/span><\/span><\/span><span class=\"cmsmasters_comments cmsmasters_post_comments\"><a class=\"cmsmasters_theme_icon_comment\" href=\"https:\/\/kapitalis.com\/tunisie\/2026\/04\/19\/tunisie-vente-des-voitures-en-hausse-de-22-au-1er-trimestre-2026\/#respond\" title=\"Comment on Tunisie | Vente des voitures en hausse de 22 % au 1er trimestre 2026\"><span>0 <\/span><\/a><\/span><\/div><header class=\"cmsmasters_post_header entry-header\"><h3 class=\"cmsmasters_post_title entry-title\"><a href=\"https:\/\/kapitalis.com\/tunisie\/2026\/04\/19\/tunisie-vente-des-voitures-en-hausse-de-22-au-1er-trimestre-2026\/\">Tunisie | Vente des voitures en hausse de 22 % au 1er trimestre 2026<\/a><\/h3><\/header><div class=\"cmsmasters_post_content entry-content\">\n<p>Le march\u00e9 tunisien a absorb\u00e9 21\u00a0334 voitures neuves au cours du 1er trimestre de 2026, contre 17\u00a0441 \u00e0 la m\u00eame p\u00e9riode l\u2019an dernier. <\/p>\n<\/div>\n<footer class=\"cmsmasters_post_footer entry-meta\"><div class=\"cmsmasters_post_interface clearfix \"><\/div><a class=\"cmsmasters_post_read_more\" href=\"https:\/\/kapitalis.com\/tunisie\/2026\/04\/19\/tunisie-vente-des-voitures-en-hausse-de-22-au-1er-trimestre-2026\/\">lire<\/a><\/footer>\t\t<\/div>\r\n\t<\/div>\r\n<\/article>\r\n<!-- Finish Post Masonry Article  -->\r\n\r\n<!-- Start Post Masonry Article  -->\r\n<article id=\"post-18603689\" class=\"cmsmasters_post_masonry post-18603689 post type-post status-publish format-standard has-post-thumbnail hentry category-auto category-conso category-economie category-tunisie tag-kia tag-kia-ev3 tag-kia-pv5 tag-ollie-kew tag-pablo-martinez-masip-2 tag-pv5-passenger tag-topgear-com-ev-awards tag-vehicules-electriques\" data-category=\"auto conso economie tunisie\">\r\n\t<div class=\"cmsmasters_post_cont_wrap\">\r\n\t\t<div class=\"cmsmasters_post_img_wrap\"><figure class=\"cmsmasters_img_wrap\"><a href=\"https:\/\/kapitalis.com\/tunisie\/2026\/04\/09\/kia-elu-meilleur-constructeur-au-topgear-com-ev-awards-2026\/\" title=\"Kia \u00e9lu \u00abMeilleur Constructeur\u00bb au TopGear.com EV Awards 2026\" class=\"cmsmasters_img_link\"><img loading=\"lazy\" decoding=\"async\" width=\"580\" height=\"305\" src=\"https:\/\/kapitalis.com\/tunisie\/wp-content\/uploads\/2026\/04\/Gamme-electrique-Kia-580x305.jpg\" class=\"full-width wp-post-image\" alt=\"Kia \u00e9lu \u00abMeilleur Constructeur\u00bb au TopGear.com EV Awards 2026\" title=\"Gamme-electrique-Kia\" srcset=\"https:\/\/kapitalis.com\/tunisie\/wp-content\/uploads\/2026\/04\/Gamme-electrique-Kia-580x305.jpg 580w, https:\/\/kapitalis.com\/tunisie\/wp-content\/uploads\/2026\/04\/Gamme-electrique-Kia-300x158.jpg 300w, https:\/\/kapitalis.com\/tunisie\/wp-content\/uploads\/2026\/04\/Gamme-electrique-Kia-1024x538.jpg 1024w, https:\/\/kapitalis.com\/tunisie\/wp-content\/uploads\/2026\/04\/Gamme-electrique-Kia-768x403.jpg 768w, https:\/\/kapitalis.com\/tunisie\/wp-content\/uploads\/2026\/04\/Gamme-electrique-Kia-860x452.jpg 860w, https:\/\/kapitalis.com\/tunisie\/wp-content\/uploads\/2026\/04\/Gamme-electrique-Kia-1160x609.jpg 1160w, https:\/\/kapitalis.com\/tunisie\/wp-content\/uploads\/2026\/04\/Gamme-electrique-Kia.jpg 1200w\" sizes=\"auto, (max-width: 580px) 100vw, 580px\" \/><\/a><\/figure><\/div>\r\n\t\t<div class=\"cmsmasters_post_cont\">\r\n\t\t\t<div class=\"cmsmasters_post_info clearfix\"><small class=\"cmsmasters_post_date cmsmasters-icon-custom-icon-clock\"><abbr class=\"published\" title=\"9 avril 2026\">9 avril 2026<\/abbr><abbr class=\"dn date updated\" title=\"9 avril 2026\">9 avril 2026<\/abbr><\/small><span class=\"cmsmasters_views cmsmasters_post_views\"><span id=\"cmsmastersView-18603689\" class=\"cmsmastersView cmsmasters_theme_icon_view\"><span>183<\/span><\/span><\/span><span class=\"cmsmasters_comments cmsmasters_post_comments\"><a class=\"cmsmasters_theme_icon_comment\" href=\"https:\/\/kapitalis.com\/tunisie\/2026\/04\/09\/kia-elu-meilleur-constructeur-au-topgear-com-ev-awards-2026\/#respond\" title=\"Comment on Kia \u00e9lu \u00abMeilleur Constructeur\u00bb au TopGear.com EV Awards 2026\"><span>0 <\/span><\/a><\/span><\/div><header class=\"cmsmasters_post_header entry-header\"><h3 class=\"cmsmasters_post_title entry-title\"><a href=\"https:\/\/kapitalis.com\/tunisie\/2026\/04\/09\/kia-elu-meilleur-constructeur-au-topgear-com-ev-awards-2026\/\">Kia \u00e9lu \u00abMeilleur Constructeur\u00bb au TopGear.com EV Awards 2026<\/a><\/h3><\/header><div class=\"cmsmasters_post_content entry-content\">\n<p>Kia nomm\u00e9e \u00abMeilleur Constructeur\u00bb lors des TopGear.com EV Awards pour sa vaste gamme 100 % \u00e9lectrique couvrant la majorit\u00e9 des segments,<\/p>\n<\/div>\n<footer class=\"cmsmasters_post_footer entry-meta\"><div class=\"cmsmasters_post_interface clearfix \"><\/div><a class=\"cmsmasters_post_read_more\" href=\"https:\/\/kapitalis.com\/tunisie\/2026\/04\/09\/kia-elu-meilleur-constructeur-au-topgear-com-ev-awards-2026\/\">lire<\/a><\/footer>\t\t<\/div>\r\n\t<\/div>\r\n<\/article>\r\n<!-- Finish Post Masonry Article  -->\r\n\r\n<!-- Start Post Masonry Article  -->\r\n<article id=\"post-18505494\" class=\"cmsmasters_post_masonry post-18505494 post type-post status-publish format-standard has-post-thumbnail hentry category-auto category-politique category-tribune category-tunisie tag-detroit-dormuz tag-donald-trump tag-etats-unis-2 tag-ile-de-kharg tag-iran tag-pays-du-golfe tag-petrole\" data-category=\"auto politique tribune tunisie\">\r\n\t<div class=\"cmsmasters_post_cont_wrap\">\r\n\t\t<div class=\"cmsmasters_post_img_wrap\"><figure class=\"cmsmasters_img_wrap\"><a href=\"https:\/\/kapitalis.com\/tunisie\/2026\/03\/22\/les-etats-unis-face-a-la-resilience-iranienne\/\" title=\"Les \u00c9tats-Unis face \u00e0 la r\u00e9silience iranienne\" class=\"cmsmasters_img_link\"><img loading=\"lazy\" decoding=\"async\" width=\"580\" height=\"305\" src=\"https:\/\/kapitalis.com\/tunisie\/wp-content\/uploads\/2026\/03\/Bombardement-Teheran-2-580x305.jpg\" class=\"full-width wp-post-image\" alt=\"Les \u00c9tats-Unis face \u00e0 la r\u00e9silience iranienne\" title=\"Bombardement-Teheran-2\" srcset=\"https:\/\/kapitalis.com\/tunisie\/wp-content\/uploads\/2026\/03\/Bombardement-Teheran-2-580x305.jpg 580w, https:\/\/kapitalis.com\/tunisie\/wp-content\/uploads\/2026\/03\/Bombardement-Teheran-2-300x158.jpg 300w, https:\/\/kapitalis.com\/tunisie\/wp-content\/uploads\/2026\/03\/Bombardement-Teheran-2-1024x538.jpg 1024w, https:\/\/kapitalis.com\/tunisie\/wp-content\/uploads\/2026\/03\/Bombardement-Teheran-2-768x403.jpg 768w, https:\/\/kapitalis.com\/tunisie\/wp-content\/uploads\/2026\/03\/Bombardement-Teheran-2-860x452.jpg 860w, https:\/\/kapitalis.com\/tunisie\/wp-content\/uploads\/2026\/03\/Bombardement-Teheran-2-1160x609.jpg 1160w, https:\/\/kapitalis.com\/tunisie\/wp-content\/uploads\/2026\/03\/Bombardement-Teheran-2.jpg 1200w\" sizes=\"auto, (max-width: 580px) 100vw, 580px\" \/><\/a><\/figure><\/div>\r\n\t\t<div class=\"cmsmasters_post_cont\">\r\n\t\t\t<div class=\"cmsmasters_post_info clearfix\"><small class=\"cmsmasters_post_date cmsmasters-icon-custom-icon-clock\"><abbr class=\"published\" title=\"22 mars 2026\">22 mars 2026<\/abbr><abbr class=\"dn date updated\" title=\"22 mars 2026\">22 mars 2026<\/abbr><\/small><span class=\"cmsmasters_views cmsmasters_post_views\"><span id=\"cmsmastersView-18505494\" class=\"cmsmastersView cmsmasters_theme_icon_view\"><span>444<\/span><\/span><\/span><span class=\"cmsmasters_comments cmsmasters_post_comments\"><a class=\"cmsmasters_theme_icon_comment\" href=\"https:\/\/kapitalis.com\/tunisie\/2026\/03\/22\/les-etats-unis-face-a-la-resilience-iranienne\/#comments\" title=\"Comment on Les \u00c9tats-Unis face \u00e0 la r\u00e9silience iranienne\"><span>7 <\/span><\/a><\/span><\/div><header class=\"cmsmasters_post_header entry-header\"><h3 class=\"cmsmasters_post_title entry-title\"><a href=\"https:\/\/kapitalis.com\/tunisie\/2026\/03\/22\/les-etats-unis-face-a-la-resilience-iranienne\/\">Les \u00c9tats-Unis face \u00e0 la r\u00e9silience iranienne<\/a><\/h3><\/header><div class=\"cmsmasters_post_content entry-content\">\n<p>L\u2019Iran, malgr\u00e9 les destructions subies, conserve des capacit\u00e9s de r\u00e9sistance et continue de peser sur l\u2019\u00e9quilibre r\u00e9gional.<\/p>\n<\/div>\n<footer class=\"cmsmasters_post_footer entry-meta\"><div class=\"cmsmasters_post_interface clearfix \"><\/div><a class=\"cmsmasters_post_read_more\" href=\"https:\/\/kapitalis.com\/tunisie\/2026\/03\/22\/les-etats-unis-face-a-la-resilience-iranienne\/\">lire<\/a><\/footer>\t\t<\/div>\r\n\t<\/div>\r\n<\/article>\r\n<!-- Finish Post Masonry Article  -->\r\n\r\n<!-- Start Post Masonry Article  -->\r\n<article id=\"post-18463227\" class=\"cmsmasters_post_masonry post-18463227 post type-post status-publish format-standard has-post-thumbnail hentry category-auto category-economie category-tunisie tag-brahim-debache tag-concessionnaires tag-hybrides tag-marche-parallele tag-transition-energetique tag-tunisie tag-voitures-doccasion tag-voitures-electriques\" data-category=\"auto economie tunisie\">\r\n\t<div class=\"cmsmasters_post_cont_wrap\">\r\n\t\t<div class=\"cmsmasters_post_img_wrap\"><figure class=\"cmsmasters_img_wrap\"><a href=\"https:\/\/kapitalis.com\/tunisie\/2026\/03\/11\/auto-le-marche-parallele-continue-de-prosperer\/\" title=\"Auto | Le march\u00e9 parall\u00e8le continue de prosp\u00e9rer \u00a0\" class=\"cmsmasters_img_link\"><img loading=\"lazy\" decoding=\"async\" width=\"580\" height=\"305\" src=\"https:\/\/kapitalis.com\/tunisie\/wp-content\/uploads\/2024\/12\/Auto-580x305.jpg\" class=\"full-width wp-post-image\" alt=\"Auto | Le march\u00e9 parall\u00e8le continue de prosp\u00e9rer \u00a0\" title=\"Auto\" srcset=\"https:\/\/kapitalis.com\/tunisie\/wp-content\/uploads\/2024\/12\/Auto-580x305.jpg 580w, https:\/\/kapitalis.com\/tunisie\/wp-content\/uploads\/2024\/12\/Auto-300x158.jpg 300w, https:\/\/kapitalis.com\/tunisie\/wp-content\/uploads\/2024\/12\/Auto-1024x538.jpg 1024w, https:\/\/kapitalis.com\/tunisie\/wp-content\/uploads\/2024\/12\/Auto-768x403.jpg 768w, https:\/\/kapitalis.com\/tunisie\/wp-content\/uploads\/2024\/12\/Auto-860x452.jpg 860w, https:\/\/kapitalis.com\/tunisie\/wp-content\/uploads\/2024\/12\/Auto-1160x609.jpg 1160w, https:\/\/kapitalis.com\/tunisie\/wp-content\/uploads\/2024\/12\/Auto.jpg 1200w\" sizes=\"auto, (max-width: 580px) 100vw, 580px\" \/><\/a><\/figure><\/div>\r\n\t\t<div class=\"cmsmasters_post_cont\">\r\n\t\t\t<div class=\"cmsmasters_post_info clearfix\"><small class=\"cmsmasters_post_date cmsmasters-icon-custom-icon-clock\"><abbr class=\"published\" title=\"11 mars 2026\">11 mars 2026<\/abbr><abbr class=\"dn date updated\" title=\"11 mars 2026\">11 mars 2026<\/abbr><\/small><span class=\"cmsmasters_views cmsmasters_post_views\"><span id=\"cmsmastersView-18463227\" class=\"cmsmastersView cmsmasters_theme_icon_view\"><span>326<\/span><\/span><\/span><span class=\"cmsmasters_comments cmsmasters_post_comments\"><a class=\"cmsmasters_theme_icon_comment\" href=\"https:\/\/kapitalis.com\/tunisie\/2026\/03\/11\/auto-le-marche-parallele-continue-de-prosperer\/#respond\" title=\"Comment on Auto | Le march\u00e9 parall\u00e8le continue de prosp\u00e9rer \u00a0\"><span>0 <\/span><\/a><\/span><\/div><header class=\"cmsmasters_post_header entry-header\"><h3 class=\"cmsmasters_post_title entry-title\"><a href=\"https:\/\/kapitalis.com\/tunisie\/2026\/03\/11\/auto-le-marche-parallele-continue-de-prosperer\/\">Auto | Le march\u00e9 parall\u00e8le continue de prosp\u00e9rer \u00a0<\/a><\/h3><\/header><div class=\"cmsmasters_post_content entry-content\">\n<p>Le march\u00e9 automobile en Tunisie a enregistr\u00e9 plus de 90\u00a0000 importations de v\u00e9hicules en 2025, dont le tiers via le march\u00e9 parall\u00e8le. <\/p>\n<\/div>\n<footer class=\"cmsmasters_post_footer entry-meta\"><div class=\"cmsmasters_post_interface clearfix \"><\/div><a class=\"cmsmasters_post_read_more\" href=\"https:\/\/kapitalis.com\/tunisie\/2026\/03\/11\/auto-le-marche-parallele-continue-de-prosperer\/\">lire<\/a><\/footer>\t\t<\/div>\r\n\t<\/div>\r\n<\/article>\r\n<!-- Finish Post Masonry Article  -->\r\n\r\n<\/div><\/div>\n<\/div><\/div>\n<div id=\"cmsmasters_column_f95i0tncz\" class=\"cmsmasters_column one_fourth\">\n<div class=\"cmsmasters_column_inner\"><div class=\"custom_html\">\n<p><center><br \/>\n<!-- Revive Adserver Asynchronous JS Tag - Generated with Revive Adserver v5.4.0 --><br \/>\n<ins data-revive-zoneid=\"15\" data-revive-id=\"973cc63a5d8395fc9080c42ae591a068\"><\/ins><br \/>\n<script async src=\"\/\/kapitalis.com\/annonce\/www\/delivery\/asyncjs.php\"><\/script><br \/>\n<\/center><\/p>\n<\/div>\n<\/div><\/div>\n<\/div>\n<\/div>\n<\/div>\n<\/div>\n<\/div>\n<div id=\"cmsmasters_row_gzm2e3t4c\" class=\"cmsmasters_row cmsmasters_color_scheme_default cmsmasters_row_top_default cmsmasters_row_bot_default cmsmasters_row_boxed\">\n<div class=\"cmsmasters_row_outer_parent\">\n<div class=\"cmsmasters_row_outer\">\n<div class=\"cmsmasters_row_inner\">\n<div class=\"cmsmasters_row_margin\">\n<div id=\"cmsmasters_column_jz0dyb8xn\" class=\"cmsmasters_column one_first\">\n<div class=\"cmsmasters_column_inner\"><div id=\"cmsmasters_divider_3jlz05fktk\" class=\"cmsmasters_divider cmsmasters_divider_width_long cmsmasters_divider_pos_center\"><\/div>\n<\/div><\/div>\n<\/div>\n<\/div>\n<\/div>\n<\/div>\n<\/div>\n<div id=\"cmsmasters_row_0chwjmx38b\" class=\"cmsmasters_row cmsmasters_color_scheme_default cmsmasters_row_top_default cmsmasters_row_bot_default cmsmasters_row_boxed\">\n<div class=\"cmsmasters_row_outer_parent\">\n<div class=\"cmsmasters_row_outer\">\n<div class=\"cmsmasters_row_inner\">\n<div class=\"cmsmasters_row_margin\">\n<div id=\"cmsmasters_column_vvsajg028s\" class=\"cmsmasters_column three_fourth\">\n<div class=\"cmsmasters_column_inner\"><div id=\"cmsmasters_heading_ge3thcdlsh\" class=\"cmsmasters_heading_wrap cmsmasters_heading_align_left\">\n\t<h2 class=\"cmsmasters_heading\">CONSO<\/h2>\n<\/div>\n<div id=\"blog_o0ccd40kqo\" class=\"cmsmasters_wrap_blog entry-summary\" data-layout=\"columns\" data-layout-mode=\"grid\" data-url=\"https:\/\/kapitalis.com\/tunisie\/wp-content\/plugins\/cmsmasters-content-composer\/\" data-orderby=\"date\" data-order=\"DESC\" data-count=\"2\" data-categories=\"conso\" data-metadata=\"title,date,excerpt,comments,views,more\" data-pagination=\"disabled\"><div class=\"blog columns grid cmsmasters_2\"><!-- Start Post Masonry Article  -->\r\n<article id=\"post-18699266\" class=\"cmsmasters_post_masonry post-18699266 post type-post status-publish format-standard has-post-thumbnail hentry category-conso category-societe category-tunisie tag-asvn tag-la-route-du-bigaradier tag-pampat tag-sauvegarde tag-tunisie tag-zahr-nabeul-tour\" data-category=\"conso societe tunisie\">\r\n\t<div class=\"cmsmasters_post_cont_wrap\">\r\n\t\t<div class=\"cmsmasters_post_img_wrap\"><figure class=\"cmsmasters_img_wrap\"><a href=\"https:\/\/kapitalis.com\/tunisie\/2026\/04\/27\/zahr-nabeul-tour-la-route-du-bigaradier-tresor-emblematique-de-la-region\/\" title=\"Zahr Nabeul Tour-La Route du Bigaradier | Tr\u00e9sor embl\u00e9matique de la r\u00e9gion\" class=\"cmsmasters_img_link\"><img loading=\"lazy\" decoding=\"async\" width=\"580\" height=\"435\" src=\"https:\/\/kapitalis.com\/tunisie\/wp-content\/uploads\/2026\/04\/Nabeul--580x435.jpg\" class=\"full-width wp-post-image\" alt=\"Zahr Nabeul Tour-La Route du Bigaradier | Tr\u00e9sor embl\u00e9matique de la r\u00e9gion\" title=\"Nabeul\" srcset=\"https:\/\/kapitalis.com\/tunisie\/wp-content\/uploads\/2026\/04\/Nabeul--580x435.jpg 580w, https:\/\/kapitalis.com\/tunisie\/wp-content\/uploads\/2026\/04\/Nabeul--300x225.jpg 300w, https:\/\/kapitalis.com\/tunisie\/wp-content\/uploads\/2026\/04\/Nabeul--1024x768.jpg 1024w, https:\/\/kapitalis.com\/tunisie\/wp-content\/uploads\/2026\/04\/Nabeul--768x576.jpg 768w, https:\/\/kapitalis.com\/tunisie\/wp-content\/uploads\/2026\/04\/Nabeul--860x645.jpg 860w, https:\/\/kapitalis.com\/tunisie\/wp-content\/uploads\/2026\/04\/Nabeul--1160x870.jpg 1160w, https:\/\/kapitalis.com\/tunisie\/wp-content\/uploads\/2026\/04\/Nabeul-.jpg 1200w\" sizes=\"auto, (max-width: 580px) 100vw, 580px\" \/><\/a><\/figure><\/div>\r\n\t\t<div class=\"cmsmasters_post_cont\">\r\n\t\t\t<div class=\"cmsmasters_post_info clearfix\"><small class=\"cmsmasters_post_date cmsmasters-icon-custom-icon-clock\"><abbr class=\"published\" title=\"27 avril 2026\">27 avril 2026<\/abbr><abbr class=\"dn date updated\" title=\"27 avril 2026\">27 avril 2026<\/abbr><\/small><span class=\"cmsmasters_views cmsmasters_post_views\"><span id=\"cmsmastersView-18699266\" class=\"cmsmastersView cmsmasters_theme_icon_view\"><span>119<\/span><\/span><\/span><span class=\"cmsmasters_comments cmsmasters_post_comments\"><a class=\"cmsmasters_theme_icon_comment\" href=\"https:\/\/kapitalis.com\/tunisie\/2026\/04\/27\/zahr-nabeul-tour-la-route-du-bigaradier-tresor-emblematique-de-la-region\/#respond\" title=\"Comment on Zahr Nabeul Tour-La Route du Bigaradier | Tr\u00e9sor embl\u00e9matique de la r\u00e9gion\"><span>0 <\/span><\/a><\/span><\/div><header class=\"cmsmasters_post_header entry-header\"><h3 class=\"cmsmasters_post_title entry-title\"><a href=\"https:\/\/kapitalis.com\/tunisie\/2026\/04\/27\/zahr-nabeul-tour-la-route-du-bigaradier-tresor-emblematique-de-la-region\/\">Zahr Nabeul Tour-La Route du Bigaradier | Tr\u00e9sor embl\u00e9matique de la r\u00e9gion<\/a><\/h3><\/header><div class=\"cmsmasters_post_content entry-content\">\n<p>En marge du Festival annuel de la fleur de bigaradier, l&rsquo;Association pour la sauvegarde de la ville de Nabeul (ASVN),...<\/p>\n<\/div>\n<footer class=\"cmsmasters_post_footer entry-meta\"><div class=\"cmsmasters_post_interface clearfix \"><\/div><a class=\"cmsmasters_post_read_more\" href=\"https:\/\/kapitalis.com\/tunisie\/2026\/04\/27\/zahr-nabeul-tour-la-route-du-bigaradier-tresor-emblematique-de-la-region\/\">lire<\/a><\/footer>\t\t<\/div>\r\n\t<\/div>\r\n<\/article>\r\n<!-- Finish Post Masonry Article  -->\r\n\r\n<!-- Start Post Masonry Article  -->\r\n<article id=\"post-18691729\" class=\"cmsmasters_post_masonry post-18691729 post type-post status-publish format-standard has-post-thumbnail hentry category-conso category-societe category-tunisie tag-alimentation tag-diabete tag-farine-raffinee tag-glycemie tag-pain-blanc tag-pain-complet tag-sante-cardiovasculaire tag-tunisie\" data-category=\"conso societe tunisie\">\r\n\t<div class=\"cmsmasters_post_cont_wrap\">\r\n\t\t<div class=\"cmsmasters_post_img_wrap\"><figure class=\"cmsmasters_img_wrap\"><a href=\"https:\/\/kapitalis.com\/tunisie\/2026\/04\/26\/non-a-la-surconsommation-quotidienne-de-pain-blanc\/\" title=\"Non \u00e0 la surconsommation quotidienne de pain blanc\u00a0!\" class=\"cmsmasters_img_link\"><img loading=\"lazy\" decoding=\"async\" width=\"580\" height=\"305\" src=\"https:\/\/kapitalis.com\/tunisie\/wp-content\/uploads\/2026\/04\/Pain-Blanc-580x305.jpg\" class=\"full-width wp-post-image\" alt=\"Non \u00e0 la surconsommation quotidienne de pain blanc\u00a0!\" title=\"Pain-Blanc\" srcset=\"https:\/\/kapitalis.com\/tunisie\/wp-content\/uploads\/2026\/04\/Pain-Blanc-580x305.jpg 580w, https:\/\/kapitalis.com\/tunisie\/wp-content\/uploads\/2026\/04\/Pain-Blanc-300x158.jpg 300w, https:\/\/kapitalis.com\/tunisie\/wp-content\/uploads\/2026\/04\/Pain-Blanc-1024x538.jpg 1024w, https:\/\/kapitalis.com\/tunisie\/wp-content\/uploads\/2026\/04\/Pain-Blanc-768x403.jpg 768w, https:\/\/kapitalis.com\/tunisie\/wp-content\/uploads\/2026\/04\/Pain-Blanc-860x452.jpg 860w, https:\/\/kapitalis.com\/tunisie\/wp-content\/uploads\/2026\/04\/Pain-Blanc-1160x609.jpg 1160w, https:\/\/kapitalis.com\/tunisie\/wp-content\/uploads\/2026\/04\/Pain-Blanc.jpg 1200w\" sizes=\"auto, (max-width: 580px) 100vw, 580px\" \/><\/a><\/figure><\/div>\r\n\t\t<div class=\"cmsmasters_post_cont\">\r\n\t\t\t<div class=\"cmsmasters_post_info clearfix\"><small class=\"cmsmasters_post_date cmsmasters-icon-custom-icon-clock\"><abbr class=\"published\" title=\"26 avril 2026\">26 avril 2026<\/abbr><abbr class=\"dn date updated\" title=\"26 avril 2026\">26 avril 2026<\/abbr><\/small><span class=\"cmsmasters_views cmsmasters_post_views\"><span id=\"cmsmastersView-18691729\" class=\"cmsmastersView cmsmasters_theme_icon_view\"><span>316<\/span><\/span><\/span><span class=\"cmsmasters_comments cmsmasters_post_comments\"><a class=\"cmsmasters_theme_icon_comment\" href=\"https:\/\/kapitalis.com\/tunisie\/2026\/04\/26\/non-a-la-surconsommation-quotidienne-de-pain-blanc\/#respond\" title=\"Comment on Non \u00e0 la surconsommation quotidienne de pain blanc\u00a0!\"><span>0 <\/span><\/a><\/span><\/div><header class=\"cmsmasters_post_header entry-header\"><h3 class=\"cmsmasters_post_title entry-title\"><a href=\"https:\/\/kapitalis.com\/tunisie\/2026\/04\/26\/non-a-la-surconsommation-quotidienne-de-pain-blanc\/\">Non \u00e0 la surconsommation quotidienne de pain blanc\u00a0!<\/a><\/h3><\/header><div class=\"cmsmasters_post_content entry-content\">\n<p>Le pain blanc, consomm\u00e9 en exc\u00e8s, participe souvent \u00e0 un mod\u00e8le alimentaire d\u00e9favorable \u00e0 la sant\u00e9 cardiovasculaire.<\/p>\n<\/div>\n<footer class=\"cmsmasters_post_footer entry-meta\"><div class=\"cmsmasters_post_interface clearfix \"><\/div><a class=\"cmsmasters_post_read_more\" href=\"https:\/\/kapitalis.com\/tunisie\/2026\/04\/26\/non-a-la-surconsommation-quotidienne-de-pain-blanc\/\">lire<\/a><\/footer>\t\t<\/div>\r\n\t<\/div>\r\n<\/article>\r\n<!-- Finish Post Masonry Article  -->\r\n\r\n<\/div><\/div>\n<\/div><\/div>\n<div id=\"cmsmasters_column_yqrx41dwkw\" class=\"cmsmasters_column one_fourth\">\n<div class=\"cmsmasters_column_inner\">\n<div class=\"cmsmasters_sidebar sidebar_layout_11\"><aside id=\"custom_html-19\" class=\"widget_text widget widget_custom_html\"><div class=\"textwidget custom-html-widget\"><!-- Revive Adserver Asynchronous JS Tag - Generated with Revive Adserver v5.4.1 -->\r\n<ins data-revive-zoneid=\"4\" data-revive-id=\"4310beb3e9bda6a2e843bd088c740baa\"><\/ins>\r\n<script async src=\"\/\/kapitalis.com\/annonce2\/www\/delivery\/asyncjs.php\"><\/script><\/div><\/aside>\n\t\t<aside id=\"recent-posts-10\" class=\"widget widget_recent_entries\">\n\t\t<h3 class=\"widgettitle\"><span>\u00c0 lire<\/span><\/h3>\n\t\t<ul>\n\t\t\t\t\t\t\t\t\t\t\t<li>\n\t\t\t\t\t<a href=\"https:\/\/kapitalis.com\/tunisie\/2026\/04\/28\/au-maghreb-le-sport-devient-un-moteur-de-revenus-numeriques\/\">Au Maghreb, le sport devient un moteur de revenus num\u00e9riques<\/a>\n\t\t\t\t\t\t\t\t\t\t\t<span class=\"post-date\">28 avril 2026<\/span>\n\t\t\t\t\t\t\t\t\t<\/li>\n\t\t\t\t\t\t\t\t\t\t\t<li>\n\t\t\t\t\t<a href=\"https:\/\/kapitalis.com\/tunisie\/2026\/04\/28\/palestine-les-responsabilites-du-silence\/\">Palestine | Les responsabilit\u00e9s du silence<\/a>\n\t\t\t\t\t\t\t\t\t\t\t<span class=\"post-date\">28 avril 2026<\/span>\n\t\t\t\t\t\t\t\t\t<\/li>\n\t\t\t\t\t\t\t\t\t\t\t<li>\n\t\t\t\t\t<a href=\"https:\/\/kapitalis.com\/tunisie\/2026\/04\/28\/tunisie-les-dessous-du-limogeage-de-fatma-thabet-chiboub\/\">Tunisie | Les dessous du limogeage de Fatma Thabet-Chiboub<\/a>\n\t\t\t\t\t\t\t\t\t\t\t<span class=\"post-date\">28 avril 2026<\/span>\n\t\t\t\t\t\t\t\t\t<\/li>\n\t\t\t\t\t\t\t\t\t\t\t<li>\n\t\t\t\t\t<a href=\"https:\/\/kapitalis.com\/tunisie\/2026\/04\/28\/soudan-les-musees-pilles-et-les-tresors-vendus\/\">Soudan | Les mus\u00e9es pill\u00e9s et les tr\u00e9sors vendus !<\/a>\n\t\t\t\t\t\t\t\t\t\t\t<span class=\"post-date\">28 avril 2026<\/span>\n\t\t\t\t\t\t\t\t\t<\/li>\n\t\t\t\t\t<\/ul>\n\n\t\t<\/aside><aside id=\"custom_html-18\" class=\"widget_text widget widget_custom_html\"><div class=\"textwidget custom-html-widget\"><!-- Revive Adserver Asynchronous JS Tag - Generated with Revive Adserver v5.4.1 -->\r\n<ins data-revive-zoneid=\"4\" data-revive-id=\"4310beb3e9bda6a2e843bd088c740baa\"><\/ins>\r\n<script async src=\"\/\/kapitalis.com\/annonce2\/www\/delivery\/asyncjs.php\"><\/script><\/div><\/aside><div class=\"cl\"><\/div>\n<\/div>\n<\/div><\/div>\n<\/div>\n<\/div>\n<\/div>\n<\/div>\n<\/div>\n\n","protected":false},"excerpt":{"rendered":"","protected":false},"author":1,"featured_media":390583,"parent":0,"menu_order":0,"comment_status":"closed","ping_status":"closed","template":"","meta":{"footnotes":""},"class_list":["post-390926","page","type-page","status-publish","has-post-thumbnail","hentry"],"yoast_head":"<!-- This site is optimized with the Yoast SEO plugin v26.6 - https:\/\/yoast.com\/wordpress\/plugins\/seo\/ -->\n<title>L&#039;actualit\u00e9 en Tunisie - Kapitalis<\/title>\n<meta name=\"description\" content=\"Portail d&#039;information, sp\u00e9cialis\u00e9 dans l&#039;actualit\u00e9 tunisienne.Kapitalis accorde, par ailleurs, une grande importance aux d\u00e9bats d&#039;id\u00e9es et \u00e0 l&#039;expression citoyenne, \u00e0 travers la publication de tribunes, d&#039;opinions et de commentaires.\" \/>\n<meta name=\"robots\" content=\"index, follow, max-snippet:-1, max-image-preview:large, max-video-preview:-1\" \/>\n<link rel=\"canonical\" href=\"https:\/\/kapitalis.com\/tunisie\/\" \/>\n<meta property=\"og:locale\" content=\"fr_FR\" \/>\n<meta property=\"og:type\" content=\"article\" \/>\n<meta property=\"og:title\" content=\"L&#039;actualit\u00e9 en Tunisie - Kapitalis\" \/>\n<meta property=\"og:description\" content=\"Portail d&#039;information, sp\u00e9cialis\u00e9 dans l&#039;actualit\u00e9 tunisienne.Kapitalis accorde, par ailleurs, une grande importance aux d\u00e9bats d&#039;id\u00e9es et \u00e0 l&#039;expression citoyenne, \u00e0 travers la publication de tribunes, d&#039;opinions et de commentaires.\" \/>\n<meta property=\"og:url\" content=\"https:\/\/kapitalis.com\/tunisie\/\" \/>\n<meta property=\"og:site_name\" content=\"Kapitalis\" \/>\n<meta property=\"article:publisher\" content=\"https:\/\/www.facebook.com\/KapitalisInfo\/\" \/>\n<meta property=\"article:modified_time\" content=\"2026-03-26T21:01:33+00:00\" \/>\n<meta property=\"og:image\" content=\"https:\/\/kapitalis.com\/tunisie\/wp-content\/uploads\/2018\/05\/bg-2.jpg\" \/>\n\t<meta property=\"og:image:width\" content=\"1920\" \/>\n\t<meta property=\"og:image:height\" content=\"630\" \/>\n\t<meta property=\"og:image:type\" content=\"image\/jpeg\" \/>\n<meta name=\"twitter:card\" content=\"summary_large_image\" \/>\n<meta name=\"twitter:site\" content=\"@KapitalisInfo\" \/>\n<meta name=\"twitter:label1\" content=\"Dur\u00e9e de lecture estim\u00e9e\" \/>\n\t<meta name=\"twitter:data1\" content=\"4 minutes\" \/>\n<script type=\"application\/ld+json\" class=\"yoast-schema-graph\">{\"@context\":\"https:\/\/schema.org\",\"@graph\":[{\"@type\":\"WebPage\",\"@id\":\"https:\/\/kapitalis.com\/tunisie\/\",\"url\":\"https:\/\/kapitalis.com\/tunisie\/\",\"name\":\"L'actualit\u00e9 en Tunisie - Kapitalis\",\"isPartOf\":{\"@id\":\"https:\/\/kapitalis.com\/tunisie\/#website\"},\"primaryImageOfPage\":{\"@id\":\"https:\/\/kapitalis.com\/tunisie\/#primaryimage\"},\"image\":{\"@id\":\"https:\/\/kapitalis.com\/tunisie\/#primaryimage\"},\"thumbnailUrl\":\"https:\/\/kapitalis.com\/tunisie\/wp-content\/uploads\/2018\/05\/bg-2.jpg\",\"datePublished\":\"2015-11-18T08:37:53+00:00\",\"dateModified\":\"2026-03-26T21:01:33+00:00\",\"description\":\"Portail d'information, sp\u00e9cialis\u00e9 dans l'actualit\u00e9 tunisienne.Kapitalis accorde, par ailleurs, une grande importance aux d\u00e9bats d'id\u00e9es et \u00e0 l'expression citoyenne, \u00e0 travers la publication de tribunes, d'opinions et de commentaires.\",\"breadcrumb\":{\"@id\":\"https:\/\/kapitalis.com\/tunisie\/#breadcrumb\"},\"inLanguage\":\"fr-FR\",\"potentialAction\":[{\"@type\":\"ReadAction\",\"target\":[\"https:\/\/kapitalis.com\/tunisie\/\"]}]},{\"@type\":\"ImageObject\",\"inLanguage\":\"fr-FR\",\"@id\":\"https:\/\/kapitalis.com\/tunisie\/#primaryimage\",\"url\":\"https:\/\/kapitalis.com\/tunisie\/wp-content\/uploads\/2018\/05\/bg-2.jpg\",\"contentUrl\":\"https:\/\/kapitalis.com\/tunisie\/wp-content\/uploads\/2018\/05\/bg-2.jpg\",\"width\":1920,\"height\":630,\"caption\":\"bg\"},{\"@type\":\"BreadcrumbList\",\"@id\":\"https:\/\/kapitalis.com\/tunisie\/#breadcrumb\",\"itemListElement\":[{\"@type\":\"ListItem\",\"position\":1,\"name\":\"Accueil\",\"item\":\"https:\/\/kapitalis.com\/tunisie\/\"},{\"@type\":\"ListItem\",\"position\":2,\"name\":\"L&rsquo;actualit\u00e9 en Tunisie\"}]},{\"@type\":\"WebSite\",\"@id\":\"https:\/\/kapitalis.com\/tunisie\/#website\",\"url\":\"https:\/\/kapitalis.com\/tunisie\/\",\"name\":\"Kapitalis\",\"description\":\"L&#039;actualit\u00e9 en Tunisie et dans le monde\",\"publisher\":{\"@id\":\"https:\/\/kapitalis.com\/tunisie\/#organization\"},\"potentialAction\":[{\"@type\":\"SearchAction\",\"target\":{\"@type\":\"EntryPoint\",\"urlTemplate\":\"https:\/\/kapitalis.com\/tunisie\/?s={search_term_string}\"},\"query-input\":{\"@type\":\"PropertyValueSpecification\",\"valueRequired\":true,\"valueName\":\"search_term_string\"}}],\"inLanguage\":\"fr-FR\"},{\"@type\":\"Organization\",\"@id\":\"https:\/\/kapitalis.com\/tunisie\/#organization\",\"name\":\"Kapitalis\",\"url\":\"https:\/\/kapitalis.com\/tunisie\/\",\"logo\":{\"@type\":\"ImageObject\",\"inLanguage\":\"fr-FR\",\"@id\":\"https:\/\/kapitalis.com\/tunisie\/#\/schema\/logo\/image\/\",\"url\":\"https:\/\/kapitalis.com\/tunisie\/wp-content\/uploads\/2022\/05\/Kapitalis-big-size.png\",\"contentUrl\":\"https:\/\/kapitalis.com\/tunisie\/wp-content\/uploads\/2022\/05\/Kapitalis-big-size.png\",\"width\":5000,\"height\":1500,\"caption\":\"Kapitalis\"},\"image\":{\"@id\":\"https:\/\/kapitalis.com\/tunisie\/#\/schema\/logo\/image\/\"},\"sameAs\":[\"https:\/\/www.facebook.com\/KapitalisInfo\/\",\"https:\/\/x.com\/KapitalisInfo\",\"https:\/\/www.youtube.com\/channel\/UC-yDYrHyfFBWWZaOw3FPg9Q\"]}]}<\/script>\n<!-- \/ Yoast SEO plugin. -->","yoast_head_json":{"title":"L'actualit\u00e9 en Tunisie - Kapitalis","description":"Portail d'information, sp\u00e9cialis\u00e9 dans l'actualit\u00e9 tunisienne.Kapitalis accorde, par ailleurs, une grande importance aux d\u00e9bats d'id\u00e9es et \u00e0 l'expression citoyenne, \u00e0 travers la publication de tribunes, d'opinions et de commentaires.","robots":{"index":"index","follow":"follow","max-snippet":"max-snippet:-1","max-image-preview":"max-image-preview:large","max-video-preview":"max-video-preview:-1"},"canonical":"https:\/\/kapitalis.com\/tunisie\/","og_locale":"fr_FR","og_type":"article","og_title":"L'actualit\u00e9 en Tunisie - Kapitalis","og_description":"Portail d'information, sp\u00e9cialis\u00e9 dans l'actualit\u00e9 tunisienne.Kapitalis accorde, par ailleurs, une grande importance aux d\u00e9bats d'id\u00e9es et \u00e0 l'expression citoyenne, \u00e0 travers la publication de tribunes, d'opinions et de commentaires.","og_url":"https:\/\/kapitalis.com\/tunisie\/","og_site_name":"Kapitalis","article_publisher":"https:\/\/www.facebook.com\/KapitalisInfo\/","article_modified_time":"2026-03-26T21:01:33+00:00","og_image":[{"width":1920,"height":630,"url":"https:\/\/kapitalis.com\/tunisie\/wp-content\/uploads\/2018\/05\/bg-2.jpg","type":"image\/jpeg"}],"twitter_card":"summary_large_image","twitter_site":"@KapitalisInfo","twitter_misc":{"Dur\u00e9e de lecture estim\u00e9e":"4 minutes"},"schema":{"@context":"https:\/\/schema.org","@graph":[{"@type":"WebPage","@id":"https:\/\/kapitalis.com\/tunisie\/","url":"https:\/\/kapitalis.com\/tunisie\/","name":"L'actualit\u00e9 en Tunisie - Kapitalis","isPartOf":{"@id":"https:\/\/kapitalis.com\/tunisie\/#website"},"primaryImageOfPage":{"@id":"https:\/\/kapitalis.com\/tunisie\/#primaryimage"},"image":{"@id":"https:\/\/kapitalis.com\/tunisie\/#primaryimage"},"thumbnailUrl":"https:\/\/kapitalis.com\/tunisie\/wp-content\/uploads\/2018\/05\/bg-2.jpg","datePublished":"2015-11-18T08:37:53+00:00","dateModified":"2026-03-26T21:01:33+00:00","description":"Portail d'information, sp\u00e9cialis\u00e9 dans l'actualit\u00e9 tunisienne.Kapitalis accorde, par ailleurs, une grande importance aux d\u00e9bats d'id\u00e9es et \u00e0 l'expression citoyenne, \u00e0 travers la publication de tribunes, d'opinions et de commentaires.","breadcrumb":{"@id":"https:\/\/kapitalis.com\/tunisie\/#breadcrumb"},"inLanguage":"fr-FR","potentialAction":[{"@type":"ReadAction","target":["https:\/\/kapitalis.com\/tunisie\/"]}]},{"@type":"ImageObject","inLanguage":"fr-FR","@id":"https:\/\/kapitalis.com\/tunisie\/#primaryimage","url":"https:\/\/kapitalis.com\/tunisie\/wp-content\/uploads\/2018\/05\/bg-2.jpg","contentUrl":"https:\/\/kapitalis.com\/tunisie\/wp-content\/uploads\/2018\/05\/bg-2.jpg","width":1920,"height":630,"caption":"bg"},{"@type":"BreadcrumbList","@id":"https:\/\/kapitalis.com\/tunisie\/#breadcrumb","itemListElement":[{"@type":"ListItem","position":1,"name":"Accueil","item":"https:\/\/kapitalis.com\/tunisie\/"},{"@type":"ListItem","position":2,"name":"L&rsquo;actualit\u00e9 en Tunisie"}]},{"@type":"WebSite","@id":"https:\/\/kapitalis.com\/tunisie\/#website","url":"https:\/\/kapitalis.com\/tunisie\/","name":"Kapitalis","description":"L&#039;actualit\u00e9 en Tunisie et dans le monde","publisher":{"@id":"https:\/\/kapitalis.com\/tunisie\/#organization"},"potentialAction":[{"@type":"SearchAction","target":{"@type":"EntryPoint","urlTemplate":"https:\/\/kapitalis.com\/tunisie\/?s={search_term_string}"},"query-input":{"@type":"PropertyValueSpecification","valueRequired":true,"valueName":"search_term_string"}}],"inLanguage":"fr-FR"},{"@type":"Organization","@id":"https:\/\/kapitalis.com\/tunisie\/#organization","name":"Kapitalis","url":"https:\/\/kapitalis.com\/tunisie\/","logo":{"@type":"ImageObject","inLanguage":"fr-FR","@id":"https:\/\/kapitalis.com\/tunisie\/#\/schema\/logo\/image\/","url":"https:\/\/kapitalis.com\/tunisie\/wp-content\/uploads\/2022\/05\/Kapitalis-big-size.png","contentUrl":"https:\/\/kapitalis.com\/tunisie\/wp-content\/uploads\/2022\/05\/Kapitalis-big-size.png","width":5000,"height":1500,"caption":"Kapitalis"},"image":{"@id":"https:\/\/kapitalis.com\/tunisie\/#\/schema\/logo\/image\/"},"sameAs":["https:\/\/www.facebook.com\/KapitalisInfo\/","https:\/\/x.com\/KapitalisInfo","https:\/\/www.youtube.com\/channel\/UC-yDYrHyfFBWWZaOw3FPg9Q"]}]}},"_links":{"self":[{"href":"https:\/\/kapitalis.com\/tunisie\/wp-json\/wp\/v2\/pages\/390926","targetHints":{"allow":["GET"]}}],"collection":[{"href":"https:\/\/kapitalis.com\/tunisie\/wp-json\/wp\/v2\/pages"}],"about":[{"href":"https:\/\/kapitalis.com\/tunisie\/wp-json\/wp\/v2\/types\/page"}],"author":[{"embeddable":true,"href":"https:\/\/kapitalis.com\/tunisie\/wp-json\/wp\/v2\/users\/1"}],"replies":[{"embeddable":true,"href":"https:\/\/kapitalis.com\/tunisie\/wp-json\/wp\/v2\/comments?post=390926"}],"version-history":[{"count":3,"href":"https:\/\/kapitalis.com\/tunisie\/wp-json\/wp\/v2\/pages\/390926\/revisions"}],"predecessor-version":[{"id":18522180,"href":"https:\/\/kapitalis.com\/tunisie\/wp-json\/wp\/v2\/pages\/390926\/revisions\/18522180"}],"wp:featuredmedia":[{"embeddable":true,"href":"https:\/\/kapitalis.com\/tunisie\/wp-json\/wp\/v2\/media\/390583"}],"wp:attachment":[{"href":"https:\/\/kapitalis.com\/tunisie\/wp-json\/wp\/v2\/media?parent=390926"}],"curies":[{"name":"wp","href":"https:\/\/api.w.org\/{rel}","templated":true}]}}